{"id":4658,"date":"2026-01-08T10:27:11","date_gmt":"2026-01-08T09:27:11","guid":{"rendered":"https:\/\/buerger-mengkofen.de\/?page_id=4658"},"modified":"2026-07-30T22:25:55","modified_gmt":"2026-07-30T21:25:55","slug":"berichte-2026","status":"publish","type":"page","link":"https:\/\/buerger-mengkofen.de\/index.php\/berichte-2026\/","title":{"rendered":"Berichte 2026"},"content":{"rendered":"\t\t<div data-elementor-type=\"wp-page\" data-elementor-id=\"4658\" class=\"elementor elementor-4658\">\n\t\t\t\t<div class=\"elementor-element elementor-element-5e79648d e-flex e-con-boxed e-con e-parent\" data-id=\"5e79648d\" data-element_type=\"container\" data-e-type=\"container\">\n\t\t\t\t\t<div class=\"e-con-inner\">\n\t\t\t\t<div class=\"elementor-element elementor-element-3b56b0f0 elementor-invisible elementor-widget elementor-widget-text-editor\" data-id=\"3b56b0f0\" data-element_type=\"widget\" data-e-type=\"widget\" data-settings=\"{&quot;_animation&quot;:&quot;fadeIn&quot;}\" data-widget_type=\"text-editor.default\">\n\t\t\t\t<div class=\"elementor-widget-container\">\n\t\t\t\t\t\t\t\t\t<h3>25.07.2026 Radlausflug nach Eitting<\/h3><h5>Der Radsport hat viele Freunde<\/h5><p>Das zeigte sich erst neulich wieder als der Verein B\u00fcrger f\u00fcr B\u00fcrger zu einer sonnt\u00e4glichen Radltour einlud.<br \/>Organisator Ludwig Hieninger begr\u00fcsste die Teilnehmer recht herzlich und w\u00fcnschte eine gute Fahrt.<br \/>Bei Niese!regen ging es los in Richtung Straubing.Doch schon nach wenigen Kilometern hatte der Wettergott ein einsehen und es klarte auf. Die Fahrt konnte nun bei bestem Radlwetter fortgesetzt werden. Nach Niedersunzing galt es,\u00a0 die sanften H\u00fcgel zwischen dem Aitrachtal und dem Labertal zu \u00fcberwinden. Vorbei an Opperkofen und Feldkirchen ging es Richtung Geiselh\u00f6ring. Die letzte Etappe der Strecke legte man auf dem Labertalradweg zur\u00fcck .Dieser f\u00fchrte die Radler ohne Umwege ans Ziel in den sch\u00f6nen Biergarten der Familie Wellenhofer in Eitting.<\/p><p><img fetchpriority=\"high\" decoding=\"async\" class=\"alignleft size-medium wp-image-4843\" src=\"https:\/\/buerger-mengkofen.de\/wp-content\/uploads\/2026\/07\/Die-Radler-e1785446676315-300x182.jpg\" alt=\"\" width=\"300\" height=\"182\" srcset=\"https:\/\/buerger-mengkofen.de\/wp-content\/uploads\/2026\/07\/Die-Radler-e1785446676315-300x182.jpg 300w, https:\/\/buerger-mengkofen.de\/wp-content\/uploads\/2026\/07\/Die-Radler-e1785446676315-1024x621.jpg 1024w, https:\/\/buerger-mengkofen.de\/wp-content\/uploads\/2026\/07\/Die-Radler-e1785446676315-768x466.jpg 768w, https:\/\/buerger-mengkofen.de\/wp-content\/uploads\/2026\/07\/Die-Radler-e1785446676315-1536x932.jpg 1536w, https:\/\/buerger-mengkofen.de\/wp-content\/uploads\/2026\/07\/Die-Radler-e1785446676315.jpg 1750w\" sizes=\"(max-width: 300px) 100vw, 300px\" \/>Gest\u00e4rkt mit k\u00fchlen Getr\u00e4nken und einer deftigen Brotzeit konnte der Heimweg, welcher \u00fcber Laberweinting, Franken und Neuhofen zur\u00fcck in die Ausgangsorte f\u00fchrte, angetreten werden.<br \/>Alle Teilnehmer waren sich einig, es war eine sch\u00f6ne Fahrt in angenehmer Gesellschaft.<\/p><p><br \/>Ein Tipp f\u00fcr diejenigen, welche es vielleicht noch nicht wissen: Eine kleinere Radltour startet jeden Mittwoch um 9Uhr beim Kneippbecken in Mengkofen.<\/p>\t\t\t\t\t\t\t\t<\/div>\n\t\t\t\t<\/div>\n\t\t\t\t\t<\/div>\n\t\t\t\t<\/div>\n\t\t<div class=\"elementor-element elementor-element-3747fa78 e-flex e-con-boxed e-con e-parent\" data-id=\"3747fa78\" data-element_type=\"container\" data-e-type=\"container\">\n\t\t\t\t\t<div class=\"e-con-inner\">\n\t\t\t\t<div class=\"elementor-element elementor-element-c791be3 elementor-widget elementor-widget-spacer\" data-id=\"c791be3\" data-element_type=\"widget\" data-e-type=\"widget\" data-widget_type=\"spacer.default\">\n\t\t\t\t<div class=\"elementor-widget-container\">\n\t\t\t\t\t\t\t<div class=\"elementor-spacer\">\n\t\t\t<div class=\"elementor-spacer-inner\"><\/div>\n\t\t<\/div>\n\t\t\t\t\t\t<\/div>\n\t\t\t\t<\/div>\n\t\t\t\t\t<\/div>\n\t\t\t\t<\/div>\n\t\t<div class=\"elementor-element elementor-element-3834de23 e-flex e-con-boxed e-con e-parent\" data-id=\"3834de23\" data-element_type=\"container\" data-e-type=\"container\">\n\t\t\t\t\t<div class=\"e-con-inner\">\n\t\t\t\t<div class=\"elementor-element elementor-element-2cc1c4bb elementor-invisible elementor-widget elementor-widget-text-editor\" data-id=\"2cc1c4bb\" data-element_type=\"widget\" data-e-type=\"widget\" data-settings=\"{&quot;_animation&quot;:&quot;fadeIn&quot;}\" data-widget_type=\"text-editor.default\">\n\t\t\t\t<div class=\"elementor-widget-container\">\n\t\t\t\t\t\t\t\t\t<h3>13.07.2026 Besuch im \u201eBierhimmel\u201c und bei den \u201eFlugpionieren\u201c<\/h3><h5>Interessante und unterhaltsame Tagesfahrt von \u201eB\u00fcrger f\u00fcr B\u00fcrger\u201c<\/h5><p align=\"justify\">Zur Tagesfahrt zum Erdinger Wei\u00dfbr\u00e4u und dem Besuch des Flugzeugmuseums in Oberschlei\u00dfheim starteten die Mengkofener Senioren am Montag um 8 Uhr in der Allee. Dazu konnte Roswitha Retzer als Reiseleiterin im voll besetzten Bus eine gut gelaunte Gruppe begr\u00fc\u00dfen. Als erstes Ziel wurde Erding angesteuert. Das Team vom Besucherzentrum der Erdinger Brauhauses erwartete die G\u00e4ste aus dem Aitrachtal bereits. Bei einem Imagevideo und einem erfrischendem Empfangsgetr\u00e4nk bekamen die Besucher bereits einen ersten Eindruck vom Brauhaus. W\u00e4hrend die Geschichte der Brauerei bis ins 17. Jahrhundert zur\u00fcckgeht, konnte erst mit der Erfindung der K\u00e4ltemaschine durch Karl Linde ab 1876 ganzj\u00e4hrig Bier gebraut werden.<\/p><p align=\"justify\"><i><b>Rundgang und bayerische Brotzeit<\/b><\/i><\/p><p align=\"justify\"><img decoding=\"async\" class=\"alignleft size-medium wp-image-4835\" src=\"https:\/\/buerger-mengkofen.de\/wp-content\/uploads\/2026\/07\/Ein-informativer-Rundgang-im-Brauereigelaende-300x182.jpg\" alt=\"\" width=\"300\" height=\"182\" srcset=\"https:\/\/buerger-mengkofen.de\/wp-content\/uploads\/2026\/07\/Ein-informativer-Rundgang-im-Brauereigelaende-300x182.jpg 300w, https:\/\/buerger-mengkofen.de\/wp-content\/uploads\/2026\/07\/Ein-informativer-Rundgang-im-Brauereigelaende-1024x620.jpg 1024w, https:\/\/buerger-mengkofen.de\/wp-content\/uploads\/2026\/07\/Ein-informativer-Rundgang-im-Brauereigelaende-768x465.jpg 768w, https:\/\/buerger-mengkofen.de\/wp-content\/uploads\/2026\/07\/Ein-informativer-Rundgang-im-Brauereigelaende-1536x931.jpg 1536w, https:\/\/buerger-mengkofen.de\/wp-content\/uploads\/2026\/07\/Ein-informativer-Rundgang-im-Brauereigelaende-2048x1241.jpg 2048w\" sizes=\"(max-width: 300px) 100vw, 300px\" \/>Der folgende Rundgang startete in der M\u00e4lzerei. Die riesigen Sudkessel folgten. Beeindruckt haben auch die volumin\u00f6sen Lagertanks in denen die verschiedenen Biere der Reife zugef\u00fchrt werden. Viel Bewegung gab es im Abf\u00fcllbereich, wo die Flaschen von der Leergutreinigung \u00fcber die Bef\u00fcllung bis zur Etikettierung mit hoher Geschwindigkeit durch die einzelnen Stationen schie\u00dfen. Die bef\u00fcllten Biertr\u00e4ger werden \u00fcber F\u00f6rderanlagen zum Hochregallager transportiert, bevor das \u201eErdinger\u201c in alle f\u00fcnf Kontinente versandt wird. Nach dem anstrengenden Rundgang trafen sich alle wieder in der Besucherzone zu einem Wei\u00dfwurstessen mit der Wei\u00dfbiersorte nach Wahl.<br \/>Beeindruckt von der Kunst des Bierbrauens f\u00fchrte am Nachmittag die Reise weiter nach Oberschlei\u00dfheim.<\/p><p align=\"justify\"><i><b>Besuch bei den Pionieren der Luftfahrt<\/b><\/i><\/p><p align=\"justify\"><img decoding=\"async\" class=\"alignleft size-medium wp-image-4836\" src=\"https:\/\/buerger-mengkofen.de\/wp-content\/uploads\/2026\/07\/Objekte-aus-vergangen-Zeiten-der-Luftfahrttechnik-300x91.jpg\" alt=\"\" width=\"300\" height=\"91\" srcset=\"https:\/\/buerger-mengkofen.de\/wp-content\/uploads\/2026\/07\/Objekte-aus-vergangen-Zeiten-der-Luftfahrttechnik-300x91.jpg 300w, https:\/\/buerger-mengkofen.de\/wp-content\/uploads\/2026\/07\/Objekte-aus-vergangen-Zeiten-der-Luftfahrttechnik-1024x311.jpg 1024w, https:\/\/buerger-mengkofen.de\/wp-content\/uploads\/2026\/07\/Objekte-aus-vergangen-Zeiten-der-Luftfahrttechnik-768x233.jpg 768w, https:\/\/buerger-mengkofen.de\/wp-content\/uploads\/2026\/07\/Objekte-aus-vergangen-Zeiten-der-Luftfahrttechnik-1536x466.jpg 1536w, https:\/\/buerger-mengkofen.de\/wp-content\/uploads\/2026\/07\/Objekte-aus-vergangen-Zeiten-der-Luftfahrttechnik-2048x621.jpg 2048w\" sizes=\"(max-width: 300px) 100vw, 300px\" \/>Im dortigen Deutschen Museum, Abteilung Flugwerft f\u00fcr Luft- und Raumfahrt beeindruckten die Pioniere des Fliegens, wie Otto Liliental, aber auch die Astronauten der Raumfahrt unserer Tage. Von fr\u00fchen Gleitflugapparaten bis zum Eurofighter \u2013 die Ausstellung zeigt Exponate aus allen Epochen der Luftfahrtgeschichte.<\/p><p align=\"justify\">In der historischen Werfthalle wurden einst Flugzeuge repariert und gewartet. Heute werden Flugzeuge mit direktem Bezug zur Geschichte gezeigt. In der neuen Ausstellungshalle werden gr\u00f6\u00dfere Flugzeuge pr\u00e4sentiert. Zu bestaunen sind auch gr\u00f6\u00dfere Flugzeuge, Hubschrauber, Segelflugzeuge und die riesige Europarakete. Der Flugmotorenbau entwickelte sich rasch zu einer eigenen Sparte, die leistungsstarke Spezialmotoren, z. B. in Form der luftgek\u00fchlten Sternmotoren oder in der Variante wassergek\u00fchlter Reihenmotoren, hervorbrachte. Gezeigt werden die Entwicklung vom Kolbenmotor \u00fcber die Strahltriebwerke bis zum Raketenmotor.<\/p><p align=\"justify\"><img loading=\"lazy\" decoding=\"async\" class=\"alignleft size-medium wp-image-4834\" src=\"https:\/\/buerger-mengkofen.de\/wp-content\/uploads\/2026\/07\/Gruppenfoto-vor-dem-Schloss-Schleissheim-300x108.jpg\" alt=\"\" width=\"300\" height=\"108\" srcset=\"https:\/\/buerger-mengkofen.de\/wp-content\/uploads\/2026\/07\/Gruppenfoto-vor-dem-Schloss-Schleissheim-300x108.jpg 300w, https:\/\/buerger-mengkofen.de\/wp-content\/uploads\/2026\/07\/Gruppenfoto-vor-dem-Schloss-Schleissheim-1024x369.jpg 1024w, https:\/\/buerger-mengkofen.de\/wp-content\/uploads\/2026\/07\/Gruppenfoto-vor-dem-Schloss-Schleissheim-768x277.jpg 768w, https:\/\/buerger-mengkofen.de\/wp-content\/uploads\/2026\/07\/Gruppenfoto-vor-dem-Schloss-Schleissheim.jpg 1462w\" sizes=\"(max-width: 300px) 100vw, 300px\" \/>Den Abschluss des interessanten Tages bildete der Besuch des Biergartens im Schloss Schlei\u00dfheim. Bei erfrischenden Getr\u00e4nken und einer kr\u00e4ftigen Brotzeit diskutierten die Senioren aus dem Aitrachtal noch gem\u00fctlich \u00fcber die Ereignisse des Tages, bevor man wieder die Heimfahrt antrat.<\/p><p align=\"justify\">Mit Hinweisen auf k\u00fcnftige Veranstaltungen des Vereins B\u00fcrger f\u00fcr B\u00fcrger z.B. die Radtour am 26. Juli 13 Uhr nach Eitting sowie Vortr\u00e4gen und Besichtigungen anl\u00e4sslich der Bayerischen Demenzwoche im September verabschiedete Roswitha Retzer die Reisegruppe.<\/p>\t\t\t\t\t\t\t\t<\/div>\n\t\t\t\t<\/div>\n\t\t\t\t\t<\/div>\n\t\t\t\t<\/div>\n\t\t<div class=\"elementor-element elementor-element-162cb76b e-flex e-con-boxed e-con e-parent\" data-id=\"162cb76b\" data-element_type=\"container\" data-e-type=\"container\">\n\t\t\t\t\t<div class=\"e-con-inner\">\n\t\t\t\t<div class=\"elementor-element elementor-element-3187ff39 elementor-widget elementor-widget-spacer\" data-id=\"3187ff39\" data-element_type=\"widget\" data-e-type=\"widget\" data-widget_type=\"spacer.default\">\n\t\t\t\t<div class=\"elementor-widget-container\">\n\t\t\t\t\t\t\t<div class=\"elementor-spacer\">\n\t\t\t<div class=\"elementor-spacer-inner\"><\/div>\n\t\t<\/div>\n\t\t\t\t\t\t<\/div>\n\t\t\t\t<\/div>\n\t\t\t\t\t<\/div>\n\t\t\t\t<\/div>\n\t\t<div class=\"elementor-element elementor-element-7f8b2a62 e-flex e-con-boxed e-con e-parent\" data-id=\"7f8b2a62\" data-element_type=\"container\" data-e-type=\"container\">\n\t\t\t\t\t<div class=\"e-con-inner\">\n\t\t\t\t<div class=\"elementor-element elementor-element-2143d983 elementor-invisible elementor-widget elementor-widget-text-editor\" data-id=\"2143d983\" data-element_type=\"widget\" data-e-type=\"widget\" data-settings=\"{&quot;_animation&quot;:&quot;fadeIn&quot;}\" data-widget_type=\"text-editor.default\">\n\t\t\t\t<div class=\"elementor-widget-container\">\n\t\t\t\t\t\t\t\t\t<h3>13.06.2026 Infostand beim Flohmarkt<\/h3><p style=\"text-align: left;\" align=\"center\"><span style=\"font-size: large;\"><b>Reges Interesse am Infostand von B\u00fcrger f\u00fcr B\u00fcrger<\/b><\/span><\/p><p align=\"justify\">Beim<b> <\/b>Aitrachtaler Floh- und Tr\u00f6dlermarkt am Herz-Jesu-Fest-Samstag standen Mitglieder des Vereins B\u00fcrger f\u00fcr B\u00fcrger auch mit Informationsmaterial \u00fcber Themen des Alters und Angebote des Vereins zur Verf\u00fcgung. Dabei nutzten viele Besucher die Gelegenheit sich \u00fcber aktuelle Themen bzw. Versorgungsm\u00f6glichkeiten zu informieren. Neben allgemeinen Fragen zu den Leistungen des Vereins standen grundlegende Fragen zur Pflege, zum Beurteilungsverfahren zur Erlangung eines Pflegegrades und den Leistungen im Falle eines Pflegefalles im Mittelpunkt. Hierzu fanden die Unterst\u00fctzungen im Alltag und Betreuungsangebote des Vereins gro\u00dfes Interesse. Dass dabei die Pflegekassen \u00fcber den Entlastungsbetrag finanzielle Unterst\u00fctzung f\u00fcr die Betroffenen \u00fcbernehmen und B\u00fcrger f\u00fcr B\u00fcrger vom Landesamt f\u00fcr Pflege die Anerkennung zur Leistung dieser Dienste hat, war vielen der Passanten nicht bekannt. Die Dienste zur Unterst\u00fctzung im Alltag tragen nicht nur zur Erhaltung der k\u00f6rperlichen und geistigen F\u00e4higkeiten der Pflegebed\u00fcrftigen bei, sondern schaffen auch f\u00fcr die pflegenden Angeh\u00f6rigen zus\u00e4tzlich pers\u00f6nliche Freir\u00e4ume.<\/p><p align=\"justify\">Einer gro\u00dfen Nachfrage erfreuen sich auch die allgemeinen Angebote des Vereins f\u00fcr die zweite Jahresh\u00e4lfte. Die Programmhefte hierzu liegen im Rathaus, den \u00f6rtlichen Banken und der Apotheke \u201eZur Post\u201c auf.<\/p><p align=\"justify\">Am Gl\u00fccksrad versuchten besonders die j\u00fcngsten Besucher des Marktes ihre Gewinnchancen, bei welchen die bereitliegenden Gewinne dann auch besonders gut ankamen.<\/p><p align=\"justify\">Der Verein bietet k\u00fcnftig im Seniorenheim Sankt Antonius im Rahmen einer monatlichen B\u00fcrgersprechstunde in der Regel am dritten Mittwoch im Monat von 15 bis 16 Uhr die Gelegenheit sich \u00fcber Themen des Alters oder zur Ausf\u00fcllung von Antr\u00e4gen kundig zu machen. Hierzu ist jedoch eine Anmeldung unter Tel. 08733\/1095 n\u00f6tig.<\/p>\t\t\t\t\t\t\t\t<\/div>\n\t\t\t\t<\/div>\n\t\t\t\t\t<\/div>\n\t\t\t\t<\/div>\n\t\t<div class=\"elementor-element elementor-element-8ac5449 e-flex e-con-boxed e-con e-parent\" data-id=\"8ac5449\" data-element_type=\"container\" data-e-type=\"container\">\n\t\t\t\t\t<div class=\"e-con-inner\">\n\t\t\t\t<div class=\"elementor-element elementor-element-5c60742f elementor-widget elementor-widget-spacer\" data-id=\"5c60742f\" data-element_type=\"widget\" data-e-type=\"widget\" data-widget_type=\"spacer.default\">\n\t\t\t\t<div class=\"elementor-widget-container\">\n\t\t\t\t\t\t\t<div class=\"elementor-spacer\">\n\t\t\t<div class=\"elementor-spacer-inner\"><\/div>\n\t\t<\/div>\n\t\t\t\t\t\t<\/div>\n\t\t\t\t<\/div>\n\t\t\t\t\t<\/div>\n\t\t\t\t<\/div>\n\t\t<div class=\"elementor-element elementor-element-6952643 e-flex e-con-boxed e-con e-parent\" data-id=\"6952643\" data-element_type=\"container\" data-e-type=\"container\">\n\t\t\t\t\t<div class=\"e-con-inner\">\n\t\t\t\t<div class=\"elementor-element elementor-element-ecf5e33 elementor-invisible elementor-widget elementor-widget-text-editor\" data-id=\"ecf5e33\" data-element_type=\"widget\" data-e-type=\"widget\" data-settings=\"{&quot;_animation&quot;:&quot;fadeIn&quot;}\" data-widget_type=\"text-editor.default\">\n\t\t\t\t<div class=\"elementor-widget-container\">\n\t\t\t\t\t\t\t\t\t<h3>08.05.2026 Regionaler Wissensaustausch in der Seniorenarbeit<\/h3><p class=\"western\" style=\"text-align: left;\" align=\"center\"><span style=\"font-family: Calibri, serif;\"><span style=\"font-family: Verdana, serif;\"><b>Landesseniorenrat Niederbayern tagte im Landratsamt Kelheim<\/b><\/span><\/span><\/p><p class=\"western\" align=\"justify\"><span style=\"font-family: Calibri, serif;\"><span style=\"font-family: Verdana, serif;\">Am 8. Mai 2026 war das Landratsamt Kelheim Gastgeber f\u00fcr die 5. Bezirksversammlung des Regierungsbezirks Niederbayern. Dazu konnte die Bezirksausschussvorsitzende Gisela Geppert neben 15 Delegierten auch Landrat Christian Nerb zur 5. Bezirksversammlung begr\u00fc\u00dften. Das Bayerische Seniorenmitwirkungsgesetz ist seit 2023 in Kraft und sieht die Einrichtung eines Landesseniorenrates vor. Damit wird eine parteipolitisch neutrale, \u00fcberkonfessionelle und organisierte Form der politischen Beteiligung \u00e4lterer Menschen geschaffen. Der LSR Bayern besteht aus den Vertreterinnen und Vertretern der Seniorenvertretungen der bayerischen Gemeinden und Landkreise. Niederbayern ist mit 18 Delegierten im Landesseniorenrat Bayern (LSR) vertreten. Ziel des Landesseniorenrates ist es, die aktive Beteiligung der Seniorinnen und Senioren am sozialen, kulturellen und politischen Leben zu f\u00f6rdern. Der Seniorenbeauftragter des Landkreises Kelheim freute sich sehr diese Veranstaltung ausrichten zu d\u00fcrfen. Ein besonderes Zeichen der Wertsch\u00e4tzung war die Teilnahme von Landrat Christian Nerb, der die Veranstaltung mit einem Gru\u00dfwort er\u00f6ffnete und der Sitzung beiwohnte. F\u00fcr den Landkreis Dingolfing-Landau waren Richard Baumgartner aus Mengkofen und Franz Voit aus Wallersdorf vertreten. <\/span><\/span><\/p><p class=\"western\" align=\"justify\"><span style=\"font-family: Calibri, serif;\"><span style=\"font-family: Verdana, serif;\">Landrat Nerb unterstrich bei seinem Gru\u00dfwort den hohen Stellenwert der Seniorenarbeit f\u00fcr die Gesamtbev\u00f6lkerung: \u201e<\/span><span style=\"font-family: Verdana, serif;\"><i>Wir m\u00fcssen uns auf den demografischen Wandel unserer Gesellschaft einstellen und notwendige Entscheidungen treffen. Eine moderne Seniorenarbeit setzt dabei aber auch auf Austausch, Information und B\u00fcrgerbeteiligung\u201c, so der Landrat.<\/i><\/span><\/span><\/p><p class=\"western\" align=\"justify\"><span style=\"font-family: Calibri, serif;\"><span style=\"font-family: Verdana, serif;\"><i><b>Informative Vorstellungen aus den Landkreisen <\/b><\/i><\/span><\/span><\/p><p class=\"western\" align=\"justify\"><span style=\"font-family: Calibri, serif;\"><span style=\"font-family: Verdana, serif;\">Im Rahmen mehrere Fachvortr\u00e4ge wurde den Delegierten erfolgreiche Kampagnen und Projekte vorgestellt. \u201eBesser Leben im Alter&#8220; aus dem Jahr 2025 des Landkreises Kelheim berichtete der Seniorenbeauftrage im Landratsamt Christian Gabler von einer Kampagne mit \u00fcber 20 Veranstaltungen zu den verschiedensten Handlungsfeldern der Seniorenarbeit, die das gesamte Jahr \u00fcber im Landkreis Kelheim stattfanden. Damit konnte ein breites Publikum erreichen und wichtige Impulse f\u00fcr ein selbstbestimmtes und aktives Leben im Alter setzen werden. Themen waren z.B. Hausnotruf, Wohnraumanpassung, Hitzeschutz im Alter, Ruhestandsplanung f\u00fcr Boomer, Digitalisierung im Alter, K\u00fcnstliche Intelligenz, elektronische Patientenakte oder der B\u00fcrgerdialog Seniorenpolitik. Weiter standen ein Berichte aus der kommunalen Seniorenarbeit aus Rottenburg an der Laaber auf der Tagesordnung. Gro\u00dfe Aufmerksamkeit und Anerkennung weckte auch Richard Baumgartner mit dem Vortrag \u00fcber das b\u00fcrgerschaftliche Engagement des Vereins \u201eB\u00fcrger f\u00fcr B\u00fcrger im Aitrachtal.&#8220; Dabei wurde eindr\u00fccklich verdeutlicht, dass ehrenamtliche Strukturen pflegende Angeh\u00f6rige entlasten k\u00f6nnen und die Lebensqualit\u00e4t \u00e4lterer Menschen verbessern, allerdings muss dies durch hauptamtliches Fachpersonal beispielsweise im Sinne eines Quartiersmanagement oder anderer K\u00fcmmerer-Strukturen unterst\u00fctzt bzw. koordiniert werden. <\/span><\/span><\/p><p align=\"justify\"><img loading=\"lazy\" decoding=\"async\" class=\"alignleft size-medium wp-image-4822\" src=\"https:\/\/buerger-mengkofen.de\/wp-content\/uploads\/2026\/07\/Die-Delegierten-tagten-am-Fusse-der-Befreiungshalle-300x122.jpg\" alt=\"\" width=\"300\" height=\"122\" srcset=\"https:\/\/buerger-mengkofen.de\/wp-content\/uploads\/2026\/07\/Die-Delegierten-tagten-am-Fusse-der-Befreiungshalle-300x122.jpg 300w, https:\/\/buerger-mengkofen.de\/wp-content\/uploads\/2026\/07\/Die-Delegierten-tagten-am-Fusse-der-Befreiungshalle-1024x417.jpg 1024w, https:\/\/buerger-mengkofen.de\/wp-content\/uploads\/2026\/07\/Die-Delegierten-tagten-am-Fusse-der-Befreiungshalle-768x312.jpg 768w, https:\/\/buerger-mengkofen.de\/wp-content\/uploads\/2026\/07\/Die-Delegierten-tagten-am-Fusse-der-Befreiungshalle-1536x625.jpg 1536w, https:\/\/buerger-mengkofen.de\/wp-content\/uploads\/2026\/07\/Die-Delegierten-tagten-am-Fusse-der-Befreiungshalle.jpg 1895w\" sizes=\"(max-width: 300px) 100vw, 300px\" \/><\/p><p class=\"western\" align=\"justify\"><span style=\"font-family: Calibri, serif;\"><span style=\"font-family: Verdana, serif;\"><i><b>Bericht aus der Landesversammlung<\/b><\/i><\/span><\/span><\/p><p class=\"western\" align=\"justify\"><span style=\"font-family: Calibri, serif;\"><span style=\"font-family: Verdana, serif;\">Mit einem ausf\u00fchrlichen Bericht von der Landesversammlung in M\u00fcnchen rundete Gisela Geppert die Informationsreihe ab. Nun kamen auch die einzelnen Delegierten der Landkreise zu Wort, um von Erfahrung und dem Stand die kommunalen Seniorenarbeit zu berichten und auch regionalen sowie \u00fcber\u00f6rtlichen Handlungsbedarf der Seniorenarbeit vorzutragen. In ihrem Schlusswort bekr\u00e4ftigte Frau Geppert, dass Veranstaltungen wie diese den regionalen Dialog st\u00e4rken und den Wissensaustausch zwischen den Kommunen f\u00f6rdern. <\/span><\/span><\/p>\t\t\t\t\t\t\t\t<\/div>\n\t\t\t\t<\/div>\n\t\t\t\t\t<\/div>\n\t\t\t\t<\/div>\n\t\t<div class=\"elementor-element elementor-element-3c5040d8 e-flex e-con-boxed e-con e-parent\" data-id=\"3c5040d8\" data-element_type=\"container\" data-e-type=\"container\">\n\t\t\t\t\t<div class=\"e-con-inner\">\n\t\t\t\t<div class=\"elementor-element elementor-element-1af0bd0e elementor-widget elementor-widget-spacer\" data-id=\"1af0bd0e\" data-element_type=\"widget\" data-e-type=\"widget\" data-widget_type=\"spacer.default\">\n\t\t\t\t<div class=\"elementor-widget-container\">\n\t\t\t\t\t\t\t<div class=\"elementor-spacer\">\n\t\t\t<div class=\"elementor-spacer-inner\"><\/div>\n\t\t<\/div>\n\t\t\t\t\t\t<\/div>\n\t\t\t\t<\/div>\n\t\t\t\t\t<\/div>\n\t\t\t\t<\/div>\n\t\t<div class=\"elementor-element elementor-element-2703ca7a e-flex e-con-boxed e-con e-parent\" data-id=\"2703ca7a\" data-element_type=\"container\" data-e-type=\"container\">\n\t\t\t\t\t<div class=\"e-con-inner\">\n\t\t\t\t<div class=\"elementor-element elementor-element-38cc1a64 elementor-invisible elementor-widget elementor-widget-text-editor\" data-id=\"38cc1a64\" data-element_type=\"widget\" data-e-type=\"widget\" data-settings=\"{&quot;_animation&quot;:&quot;fadeIn&quot;}\" data-widget_type=\"text-editor.default\">\n\t\t\t\t<div class=\"elementor-widget-container\">\n\t\t\t\t\t\t\t\t\t<h2>Im Pflegefall Unterst\u00fctzung im Alltag<\/h2><h4 style=\"text-align: left;\" align=\"center\"><b>Auch pflegende Angeh\u00f6re erfahren sp\u00fcrbare Entlastung<\/b><\/h4><p align=\"justify\"><b>Pflegebed\u00fcrftige von Pflegegrad 1 bis 5 haben Anspruche auf den sogenannten Entlastungsbetrag. Er betr\u00e4gt monatlich 131 \u20ac, wird jedoch nicht bar ausbezahlt, sondern ist f\u00fcr zugelassene Leistungen vorgesehen. Er kann beispielsweise f\u00fcr individuelle Alltagsbetreuung, Begleitdienste zum Arzt, Beh\u00f6rdeng\u00e4nge, Besuche von Veranstaltungen oder dergleichen eingesetzt werden.<\/b><\/p><p align=\"justify\">Im Aitrachtal erf\u00fcllt der Verein B\u00fcrger f\u00fcr B\u00fcrger seit 2020 mit Fachkr\u00e4ften und qualifizierten ehrenamtlichen Helferinnen und Helfern die Voraussetzung und kann mit den Pflegekassen abrechnen. Die Unterst\u00fctzung basiert in der Gemeinde Mengkofen auf einer ehrenamtlichen Nachbarschaftshilfe und somit auf einem unb\u00fcrokratischen Angebot, wenn Hilfe gebraucht und gew\u00fcnscht wird. Der Bedarf und die Nachfrage nach diesen Diensten nimmt stetig zu und wird sowohl von den Bed\u00fcrftigen als auch deren pflegenden Angeh\u00f6rigen laufend angefragt. Bei stundenweiser Betreuung kommt z. B. die helfende Person ins Haus, f\u00fchrt mit der oder dem Pfleged\u00fcrftigen Gespr\u00e4che, liest aus einem Buch oder der Tageszeitung vor, sie machen zusammen Spiele, gehen im Sommer gemeinsam in den Garten oder unterhalten sich zum Tages- und Weltgeschehen. Ziel der Unterst\u00fctzung im Alltag ist es, die k\u00f6rperliche und geistige Beweglicht zu f\u00f6rdern. Dazu helfen auch Begleitung beim Einkaufen, gemeinsame Besuche von Veranstaltungen und dergleichen.<\/p><p align=\"justify\">Im Laufe der zur\u00fcckliegenden Jahre hat sich die Art der Hilfeleistung um ein Vielfaches erweitert. Die Steuerung und Koordinierung der Eins\u00e4tze wird von Elisabeth Bude und Regina Steubl durchgef\u00fchrt. Beide sind auch telefonisch unter 08731\/8645737 oder 09427\/8146 zu erreichen. Sie nehmen W\u00fcnsche und Bedarfe der Hilfesuchenden auf, kommen auch auf Wunsch ins Haus. Sie bem\u00fchen sich um den geeigneten Helfer oder Helferin. Sie treffen sich zu einem Kennenlerngespr\u00e4ch mit den Hilfesuchenden und Helfern.<\/p><p align=\"justify\"><img loading=\"lazy\" decoding=\"async\" class=\"alignleft size-medium wp-image-4814\" src=\"https:\/\/buerger-mengkofen.de\/wp-content\/uploads\/2026\/07\/Eine-stattliche-Anzahl-ehrenamtlicher-Helfer-steht-fuer-Hilfeleistungen-bereit-1-300x125.jpg\" alt=\"\" width=\"300\" height=\"125\" srcset=\"https:\/\/buerger-mengkofen.de\/wp-content\/uploads\/2026\/07\/Eine-stattliche-Anzahl-ehrenamtlicher-Helfer-steht-fuer-Hilfeleistungen-bereit-1-300x125.jpg 300w, https:\/\/buerger-mengkofen.de\/wp-content\/uploads\/2026\/07\/Eine-stattliche-Anzahl-ehrenamtlicher-Helfer-steht-fuer-Hilfeleistungen-bereit-1-1024x428.jpg 1024w, https:\/\/buerger-mengkofen.de\/wp-content\/uploads\/2026\/07\/Eine-stattliche-Anzahl-ehrenamtlicher-Helfer-steht-fuer-Hilfeleistungen-bereit-1-768x321.jpg 768w, https:\/\/buerger-mengkofen.de\/wp-content\/uploads\/2026\/07\/Eine-stattliche-Anzahl-ehrenamtlicher-Helfer-steht-fuer-Hilfeleistungen-bereit-1-1536x642.jpg 1536w, https:\/\/buerger-mengkofen.de\/wp-content\/uploads\/2026\/07\/Eine-stattliche-Anzahl-ehrenamtlicher-Helfer-steht-fuer-Hilfeleistungen-bereit-1-2048x856.jpg 2048w\" sizes=\"(max-width: 300px) 100vw, 300px\" \/><\/p><p align=\"justify\">Da der Hilfebedarf kontinuierlich zunimmt, braucht die Nachbarschaftshilfe st\u00e4ndig neue zus\u00e4tzlich Kr\u00e4fte. Auch in diesem Jahr bietet der Verein in den Monaten Oktober und November eine weitere Schulungsreihe in drei Modulen mit den Inhalten \u201eBetreuung Pflegebed\u00fcrftiger\u201c, \u201eKommunikation und Begleitung Pflegebed\u00fcrftiger\u201c, sowie \u201eUnterst\u00fctzung bei der Haushaltsf\u00fchrung\u201c an. Damit wird die erforderliche Qualifikation der Betreuung gesichert. Mit dem Lehrstoff erhalten die Helferinnen und Helfer das n\u00f6tige Wissen und werden daher nicht ins kalte Wasser geworfen. Weiter treffen sich die Hilfeleistenden j\u00e4hrlich mehrfach zum Austausch und nehmen an Fortbildungen teil. F\u00fcr die Schulungsreihe liegt bei den \u00f6rtlichen Banken ein Flyer auf, der auch auf der Vereins-Homepage <span style=\"color: #0563c1;\"><u><a href=\"http:\/\/www.buerger-mengkofen.de\/\">www.buerger-mengkofen.de<\/a><\/u><\/span> abgerufen werden kann. Sowohl Damen als Herren sind als Helfer willkommen. Die beiden fachlichen Begleiterinnen stehen auch gerne f\u00fcr Fragen zur Hilfeleistung wie auch zur Schulung der Helfer zur Verf\u00fcgung.<\/p>\t\t\t\t\t\t\t\t<\/div>\n\t\t\t\t<\/div>\n\t\t\t\t\t<\/div>\n\t\t\t\t<\/div>\n\t\t<div class=\"elementor-element elementor-element-5f9c0daf e-flex e-con-boxed e-con e-parent\" data-id=\"5f9c0daf\" data-element_type=\"container\" data-e-type=\"container\">\n\t\t\t\t\t<div class=\"e-con-inner\">\n\t\t\t\t<div class=\"elementor-element elementor-element-4444abd elementor-widget elementor-widget-spacer\" data-id=\"4444abd\" data-element_type=\"widget\" data-e-type=\"widget\" data-widget_type=\"spacer.default\">\n\t\t\t\t<div class=\"elementor-widget-container\">\n\t\t\t\t\t\t\t<div class=\"elementor-spacer\">\n\t\t\t<div class=\"elementor-spacer-inner\"><\/div>\n\t\t<\/div>\n\t\t\t\t\t\t<\/div>\n\t\t\t\t<\/div>\n\t\t\t\t\t<\/div>\n\t\t\t\t<\/div>\n\t\t<div class=\"elementor-element elementor-element-7aa0542 e-flex e-con-boxed e-con e-parent\" data-id=\"7aa0542\" data-element_type=\"container\" data-e-type=\"container\">\n\t\t\t\t\t<div class=\"e-con-inner\">\n\t\t\t\t<div class=\"elementor-element elementor-element-4dd5d6f0 elementor-invisible elementor-widget elementor-widget-text-editor\" data-id=\"4dd5d6f0\" data-element_type=\"widget\" data-e-type=\"widget\" data-settings=\"{&quot;_animation&quot;:&quot;fadeIn&quot;}\" data-widget_type=\"text-editor.default\">\n\t\t\t\t<div class=\"elementor-widget-container\">\n\t\t\t\t\t\t\t\t\t<h3>08.04.2026 Oma-Opa-Enkel-Fahrt<\/h3><p class=\"western\">Bei herrlichem Fr\u00fchlingswetter machte sich eine gro\u00dfe und gut gelaunte Gruppe von Omas und Opas mit ihren Enkeln auf den Weg nach Kelheim.<\/p><p class=\"western\">Carolin Fuchs, die Vorsitzende des Vereins B\u00fcrger f\u00fcr B\u00fcrger im Aitrachtal, hie\u00df alle herzlich willkommen zur Oma-Opa-Enkel-Fahrt, die allm\u00e4hlich schon Tradition hat und von Jahr zu Jahr beliebter wird. Am Zielort angekommen wartete bereits unser Schiff, und los gings. \u00dcber Lautsprecher erfuhren die G\u00e4ste viel Wissenswertes \u00fcber die einzelnen Felsformationen und besonders \u00fcber den grandiosen Donaudurchbruch. Viel zu schnell verging die Fahrt auf der Donau und schon kam das Kloster Weltenburg in Sichtweite. Hier lockte der herrliche Biergarten zum Verweilen, gen\u00fcgend Zeit blieb aber auch zur Kirchenbesichtigung oder zum Kauf von Souvenirs im Klosterladen. Besonderen Spa\u00df hatten die Kinder mit Steinewerfen \u00fcber den Fluss. So entbrannte sogar ein regelrechter Wettkampf, welcber Stein am weitesten auf der Wasseroberfl\u00e4che dahinsegelte. Nach einem kleinen Fussmarsch zur Bushaltestelle ging die Fahrt weiter zur Tropfsteinh\u00f6hle nach Essing.Der Aufstieg zum Schulerloch hat so manchen \u00fcberrascht \u2013 er war durchaus etwas forderdt. Oben angekommen wartete bereits die F\u00fchrerin, welche kompetent &#8211; und in bayrischer Mundart &#8211; die Besonderheiten dieser H\u00f6hle vorste!!te.<\/p><p><img loading=\"lazy\" decoding=\"async\" class=\"alignleft size-medium wp-image-4732\" src=\"https:\/\/buerger-mengkofen.de\/wp-content\/uploads\/2026\/04\/IMG-20260408-WA0024-300x186.jpg\" alt=\"\" width=\"300\" height=\"186\" srcset=\"https:\/\/buerger-mengkofen.de\/wp-content\/uploads\/2026\/04\/IMG-20260408-WA0024-300x186.jpg 300w, https:\/\/buerger-mengkofen.de\/wp-content\/uploads\/2026\/04\/IMG-20260408-WA0024-1024x636.jpg 1024w, https:\/\/buerger-mengkofen.de\/wp-content\/uploads\/2026\/04\/IMG-20260408-WA0024-768x477.jpg 768w, https:\/\/buerger-mengkofen.de\/wp-content\/uploads\/2026\/04\/IMG-20260408-WA0024.jpg 1197w\" sizes=\"(max-width: 300px) 100vw, 300px\" \/><\/p><p class=\"western\">Stalaktiten, die von\u00a0der Decke h\u00e4ngenden Tropfsteine und Stalagmiten, ihre am Boden wachsenden Gegenst\u00fccke, sind Jahrtausende alt und gegen Umwelteinfl\u00fcsse sehr empfindlich.<\/p><p class=\"western\">Die H\u00f6hle wurde von der Urdonau ausgeschwemmt\u00a0und diente schon den Neandertalern als Behausung.<\/p><p class=\"western\">Nach einer klein<span style=\"font-size: 16px;\">en St\u00e4rkung ging es zur\u00fcck zum Bus und der Heimweg wurde angetreten. <\/span>Zur Freude der Kinder hatte der Osterhase noch einen Abstecher in die Al!ee gemacht.<\/p>\t\t\t\t\t\t\t\t<\/div>\n\t\t\t\t<\/div>\n\t\t\t\t\t<\/div>\n\t\t\t\t<\/div>\n\t\t<div class=\"elementor-element elementor-element-6b520f26 e-flex e-con-boxed e-con e-parent\" data-id=\"6b520f26\" data-element_type=\"container\" data-e-type=\"container\">\n\t\t\t\t\t<div class=\"e-con-inner\">\n\t\t\t\t<div class=\"elementor-element elementor-element-fa9a65a elementor-widget elementor-widget-spacer\" data-id=\"fa9a65a\" data-element_type=\"widget\" data-e-type=\"widget\" data-widget_type=\"spacer.default\">\n\t\t\t\t<div class=\"elementor-widget-container\">\n\t\t\t\t\t\t\t<div class=\"elementor-spacer\">\n\t\t\t<div class=\"elementor-spacer-inner\"><\/div>\n\t\t<\/div>\n\t\t\t\t\t\t<\/div>\n\t\t\t\t<\/div>\n\t\t\t\t\t<\/div>\n\t\t\t\t<\/div>\n\t\t<div class=\"elementor-element elementor-element-739366d8 e-flex e-con-boxed e-con e-parent\" data-id=\"739366d8\" data-element_type=\"container\" data-e-type=\"container\">\n\t\t\t\t\t<div class=\"e-con-inner\">\n\t\t\t\t<div class=\"elementor-element elementor-element-75f8919c elementor-invisible elementor-widget elementor-widget-text-editor\" data-id=\"75f8919c\" data-element_type=\"widget\" data-e-type=\"widget\" data-settings=\"{&quot;_animation&quot;:&quot;fadeIn&quot;}\" data-widget_type=\"text-editor.default\">\n\t\t\t\t<div class=\"elementor-widget-container\">\n\t\t\t\t\t\t\t\t\t<h3>30.03.2026 Infoveranstaltung Kriseninterventionsteam des BRK &#8222;PSNV&#8220;\u00a0<\/h3><p>Neulich lud der Verein B\u00fcrger f\u00fcr B\u00fcrger im Aitrachtal die Bev\u00f6lkerung zu einer Informationsveranstaltung \u00fcber die Arbeit des Kriseninterventionsteams des BRK ein.<\/p><p>Zweiter Vorsitzender Richard Baumgartner hie\u00df die anwesenden G\u00e4ste und ganz besonders die beiden Referenten Herrn Beck und Herr Lommer herzlich willkommen.<\/p><p><img loading=\"lazy\" decoding=\"async\" class=\"alignleft size-medium wp-image-4723\" src=\"https:\/\/buerger-mengkofen.de\/wp-content\/uploads\/2026\/04\/20260330_141212-scaled-e1775508746620-300x153.jpg\" alt=\"\" width=\"300\" height=\"153\" srcset=\"https:\/\/buerger-mengkofen.de\/wp-content\/uploads\/2026\/04\/20260330_141212-scaled-e1775508746620-300x153.jpg 300w, https:\/\/buerger-mengkofen.de\/wp-content\/uploads\/2026\/04\/20260330_141212-scaled-e1775508746620-1024x523.jpg 1024w, https:\/\/buerger-mengkofen.de\/wp-content\/uploads\/2026\/04\/20260330_141212-scaled-e1775508746620-768x392.jpg 768w, https:\/\/buerger-mengkofen.de\/wp-content\/uploads\/2026\/04\/20260330_141212-scaled-e1775508746620-1536x784.jpg 1536w, https:\/\/buerger-mengkofen.de\/wp-content\/uploads\/2026\/04\/20260330_141212-scaled-e1775508746620-2048x1046.jpg 2048w\" sizes=\"(max-width: 300px) 100vw, 300px\" \/><br \/>Herr Beck stellte die Arbeit des Kriseninterventionsteams vor und erkl\u00e4rte das K\u00fcrzel &#8222;PSNV&#8220;. Es steht f\u00fcr &#8222;Psychosoziale Notfallversorgung&#8220; von Betroffenen.<br \/>Einsatzindikationen sind t\u00f6dliche Unf\u00e4lle, Suizid, pl\u00f6tzlicher Kindstod, aber auch Naturkatastrophen.<br \/>Um in diesen Stab mitarbeiten zu k\u00f6nnen, ist eine umfangreiche Ausbildung erforderlich. Ein Alter von mindestens 23 Jahren sowie psychische und physische Belastbarkeit\u00a0 sind Voraussetzung. Auch soziale Kompetenz und Teamf\u00e4higkeit sind unumg\u00e4nglich n\u00f6tig. Das\u00a0 Kriseninterventionsteam ist au\u00dfer am Wochenende Tag und Nacht einsatzbereit. Am Wochenende \u00fcbernimmt diese Aufgabe die Notfallseelsorge.<br \/>Herr Lommer, ebenfalls Mitglied im Team, berichtete anschlie\u00dfend \u00fcber zur\u00fcckliegende Eins\u00e4tze wie etwa einen Brand, bei dem Personen ums Leben kamen, Verkehrsunf\u00e4lle mit Todesfolge oder Kinder die einen Elternteil verloren haben. Das Team aus Dingolfing-Landau war auch beim Hochwasser in Fischerdorf und im Ahrtal\u00a0 im Einsatz, wo viele Menschen betroffen waren.<br \/>Betroffenen Personen will man emotionale Stabilit\u00e4t verschaffen, die kommenden Tage strukturieren und ihnen das Abschied nehmen erm\u00f6glichen.\u00a0<br \/>Birgit Klostermeier bedankte sich f\u00fcr den interessanten Einblick in die Arbeit des Kriseninterventionsteams mit einem kleinen Geschenk.<\/p>\t\t\t\t\t\t\t\t<\/div>\n\t\t\t\t<\/div>\n\t\t\t\t\t<\/div>\n\t\t\t\t<\/div>\n\t\t<div class=\"elementor-element elementor-element-b9f6c2 e-flex e-con-boxed e-con e-parent\" data-id=\"b9f6c2\" data-element_type=\"container\" data-e-type=\"container\">\n\t\t\t\t\t<div class=\"e-con-inner\">\n\t\t\t\t<div class=\"elementor-element elementor-element-344b152c elementor-widget elementor-widget-spacer\" data-id=\"344b152c\" data-element_type=\"widget\" data-e-type=\"widget\" data-widget_type=\"spacer.default\">\n\t\t\t\t<div class=\"elementor-widget-container\">\n\t\t\t\t\t\t\t<div class=\"elementor-spacer\">\n\t\t\t<div class=\"elementor-spacer-inner\"><\/div>\n\t\t<\/div>\n\t\t\t\t\t\t<\/div>\n\t\t\t\t<\/div>\n\t\t\t\t\t<\/div>\n\t\t\t\t<\/div>\n\t\t<div class=\"elementor-element elementor-element-6bac6108 e-flex e-con-boxed e-con e-parent\" data-id=\"6bac6108\" data-element_type=\"container\" data-e-type=\"container\">\n\t\t\t\t\t<div class=\"e-con-inner\">\n\t\t\t\t<div class=\"elementor-element elementor-element-4c85328 elementor-invisible elementor-widget elementor-widget-text-editor\" data-id=\"4c85328\" data-element_type=\"widget\" data-e-type=\"widget\" data-settings=\"{&quot;_animation&quot;:&quot;fadeIn&quot;}\" data-widget_type=\"text-editor.default\">\n\t\t\t\t<div class=\"elementor-widget-container\">\n\t\t\t\t\t\t\t\t\t<h3>16.03.2026 &#8211; Firmengr\u00fcnder kommt aus der Gemeinde<\/h3><p style=\"text-align: left;\" align=\"center\"><span style=\"font-family: Candara, serif;\"><b>Verein B\u00fcrger f\u00fcr B\u00fcrger besichtigt Fa. rktec in Aiterhofen<\/b><\/span><\/p><p align=\"justify\"><span style=\"font-family: Candara, serif;\">In der vergangenen Woche machten sich Interessierte des Vereins B\u00fcrger f\u00fcr B\u00fcrger per Fahrgemeinschaften auf den Weg nach Aiterhofen, um die Firma rktec n\u00e4her kennen zu lernen. Dort wurden sie vom Inhaber Richard Klostermeier pers\u00f6nlich willkommen gehei\u00dfen. Als geb\u00fcrtiger Mengkofener kannte er viele Besucher aus seiner Jugendzeit. <\/span><\/p><p align=\"justify\"><span style=\"font-family: Candara, serif;\">Der Firmengr\u00fcnder stellte an Hand einer Power Point Pr\u00e4sentation eingangs das Portfolio des Betriebes vor. Das Unternehmen besteht bereits seit 20 Jahren und besch\u00e4ftigt aktuell 47 Mitarbeiter. Das Leistungsspektrum umfasst u. a. Sondermaschinen und automatisierte Anlagen aller Art. Einen Schwerpunkt bilden verschiedenste f\u00f6rdertechnische Anlagen, die bei Automobilherstellern und deren Zulieferern zum Einsatz kommen. Die gro\u00dfe Erfahrung des Inhabers und hochqualifizierte Mitarbeiter erm\u00f6glichen es, auch vom Standard abweichende Vorstellungen des Kunden technisch und organisatorisch passgenau umzusetzen. Die Firmenphilosophie baut auf zwei S\u00e4ulen: dem Anlagenbau und der Lohnfertigung. Bei dem Rundgang \u00fcber das 10.000m\u00b2 gro\u00dfe Firmengel\u00e4nde mit rund 3500 m\u00b2 Hallen- und B\u00fcrofl\u00e4che konnten sich die Besucher einen pers\u00f6nlichen Eindruck von dem Montagebereich und dem hochkomplexen Maschinenpark vermitteln. Dabei werden in der hauseigenen Konstruktion entwickelte Fertigungsdaten \u00fcber ein Netzwerk an die DNC-gesteuerten Maschinen \u00fcbertragen. <\/span><\/p><p align=\"justify\"><img loading=\"lazy\" decoding=\"async\" class=\"alignleft size-medium wp-image-4719\" src=\"https:\/\/buerger-mengkofen.de\/wp-content\/uploads\/2026\/03\/Gruppe-scaled-e1774905517828-300x160.jpg\" alt=\"\" width=\"300\" height=\"160\" srcset=\"https:\/\/buerger-mengkofen.de\/wp-content\/uploads\/2026\/03\/Gruppe-scaled-e1774905517828-300x160.jpg 300w, https:\/\/buerger-mengkofen.de\/wp-content\/uploads\/2026\/03\/Gruppe-scaled-e1774905517828-1024x547.jpg 1024w, https:\/\/buerger-mengkofen.de\/wp-content\/uploads\/2026\/03\/Gruppe-scaled-e1774905517828-768x410.jpg 768w, https:\/\/buerger-mengkofen.de\/wp-content\/uploads\/2026\/03\/Gruppe-scaled-e1774905517828-1536x820.jpg 1536w, https:\/\/buerger-mengkofen.de\/wp-content\/uploads\/2026\/03\/Gruppe-scaled-e1774905517828-2048x1094.jpg 2048w\" sizes=\"(max-width: 300px) 100vw, 300px\" \/><\/p><p align=\"justify\"><span style=\"font-family: Candara, serif;\">Abschlie\u00dfend standen Richard Klostermeier und Prokurist Timo Bauer bei einer Brotzeit den Besuchern f\u00fcr Fragen zur Verf\u00fcgung. Von Seiten der G\u00e4ste kam unter anderem auch die Frage der Kapazit\u00e4tsauslastung zur Sprache. \u201eNat\u00fcrlich merke man einen versch\u00e4rften Kostendruck und st\u00e4rkeren Wettbewerb. Auf Grund des kleineren Verwaltungsapparates und hochmotivierter Mitarbeiter k\u00f6nne man auf den Druck flexibel reagieren\u201c, so Klostermeier. <\/span><\/p><p align=\"justify\"><span style=\"font-family: Candara, serif;\">Im Namen der Besuchergruppe bedankte sich Richard Baumgartner f\u00fcr die freundliche Aufnahme, den informativen Nachmittag und die gro\u00dfz\u00fcgige Bewirtung. <\/span><\/p>\t\t\t\t\t\t\t\t<\/div>\n\t\t\t\t<\/div>\n\t\t\t\t\t<\/div>\n\t\t\t\t<\/div>\n\t\t<div class=\"elementor-element elementor-element-70fc3672 e-flex e-con-boxed e-con e-parent\" data-id=\"70fc3672\" data-element_type=\"container\" data-e-type=\"container\">\n\t\t\t\t\t<div class=\"e-con-inner\">\n\t\t\t\t<div class=\"elementor-element elementor-element-54be6532 elementor-widget elementor-widget-spacer\" data-id=\"54be6532\" data-element_type=\"widget\" data-e-type=\"widget\" data-widget_type=\"spacer.default\">\n\t\t\t\t<div class=\"elementor-widget-container\">\n\t\t\t\t\t\t\t<div class=\"elementor-spacer\">\n\t\t\t<div class=\"elementor-spacer-inner\"><\/div>\n\t\t<\/div>\n\t\t\t\t\t\t<\/div>\n\t\t\t\t<\/div>\n\t\t\t\t\t<\/div>\n\t\t\t\t<\/div>\n\t\t<div class=\"elementor-element elementor-element-7d85415c e-flex e-con-boxed e-con e-parent\" data-id=\"7d85415c\" data-element_type=\"container\" data-e-type=\"container\">\n\t\t\t\t\t<div class=\"e-con-inner\">\n\t\t\t\t<div class=\"elementor-element elementor-element-738f93c7 elementor-invisible elementor-widget elementor-widget-text-editor\" data-id=\"738f93c7\" data-element_type=\"widget\" data-e-type=\"widget\" data-settings=\"{&quot;_animation&quot;:&quot;fadeIn&quot;}\" data-widget_type=\"text-editor.default\">\n\t\t\t\t<div class=\"elementor-widget-container\">\n\t\t\t\t\t\t\t\t\t<h3>09.02.2026 &#8211; Aus Betriebsbesichtigung wurde Halbtagesausflug<\/h3><p style=\"text-align: left;\" align=\"center\"><span style=\"font-size: medium;\"><b>B\u00fcrger f\u00fcr B\u00fcrger besuchte den Familienbetrieb Wenisch in Straubing<\/b><\/span><\/p><p style=\"text-align: left;\">Am Montag war um 9:30 Uhr Treffpunkt in der Allee, um Fahrgemeinschaften zur Besichtigung der Genussmanufaktur Wenisch in Straubing zu bilden. Statt der urspr\u00fcnglich geplanten 30 Personen hatten sich mehr als 50 angemeldet. Nach der Begr\u00fc\u00dfung durch die Inhaber wurden drei Gruppen f\u00fcr die F\u00fchrungen gebildet. Bei turnusm\u00e4\u00dfigem Wechsel sind die Metzgerei, die Verkaufsr\u00e4um und die Hotelanlage mit dem Restaurant \u201eTonis\u201c besichtigt worden. Wenige der Besucher konnten sich von den Abl\u00e4ufen eines modernen Metzgereibetriebes konkrete Vorstellungen machen. Um so spannender war die F\u00fchrung durch die einzelnen Produktionsabl\u00e4ufe. Nach rund 45 Minuten folgte dann der Gruppenwechsel in den Hotel- und Gastst\u00e4ttenbetrieb mit komfortablen \u00dcbernachtungsm\u00f6glichkeit und einem SPA-Bereich. In der dritten Abteilung konnten die B\u00fcrger f\u00fcr B\u00fcrger einen \u00dcberblick von der Verkaufszone der Metzgerei gewinnen.<\/p><p style=\"text-align: left;\"><img loading=\"lazy\" decoding=\"async\" class=\"alignleft wp-image-4697\" src=\"https:\/\/buerger-mengkofen.de\/wp-content\/uploads\/2026\/02\/Viele-Interessenten-wollten-sich-informieren-300x155.jpg\" alt=\"\" width=\"450\" height=\"233\" srcset=\"https:\/\/buerger-mengkofen.de\/wp-content\/uploads\/2026\/02\/Viele-Interessenten-wollten-sich-informieren-300x155.jpg 300w, https:\/\/buerger-mengkofen.de\/wp-content\/uploads\/2026\/02\/Viele-Interessenten-wollten-sich-informieren-1024x530.jpg 1024w, https:\/\/buerger-mengkofen.de\/wp-content\/uploads\/2026\/02\/Viele-Interessenten-wollten-sich-informieren-768x397.jpg 768w, https:\/\/buerger-mengkofen.de\/wp-content\/uploads\/2026\/02\/Viele-Interessenten-wollten-sich-informieren-1536x794.jpg 1536w, https:\/\/buerger-mengkofen.de\/wp-content\/uploads\/2026\/02\/Viele-Interessenten-wollten-sich-informieren.jpg 2040w\" sizes=\"(max-width: 450px) 100vw, 450px\" \/> <br \/>Abschlie\u00dfend trafen sich alle bei einer Einkehr im Restaurant \u201eTonis\u201c, um die Qualit\u00e4t der K\u00fcche des Hauses zu testen. Beeindruckt von dem modernen, bereits \u00fcber drei Generationen gef\u00fchrten Familienbetrieb traten die meisten wieder die Heimreise an, w\u00e4hrend ein Teil den Nachmittag zu einem Stadtbummel durch Straubings Innenstadt nutzte.<\/p><p style=\"text-align: left;\">\u00a0<\/p>\t\t\t\t\t\t\t\t<\/div>\n\t\t\t\t<\/div>\n\t\t\t\t\t<\/div>\n\t\t\t\t<\/div>\n\t\t<div class=\"elementor-element elementor-element-74b54508 e-flex e-con-boxed e-con e-parent\" data-id=\"74b54508\" data-element_type=\"container\" data-e-type=\"container\">\n\t\t\t\t\t<div class=\"e-con-inner\">\n\t\t\t\t<div class=\"elementor-element elementor-element-737180b5 elementor-widget elementor-widget-spacer\" data-id=\"737180b5\" data-element_type=\"widget\" data-e-type=\"widget\" data-widget_type=\"spacer.default\">\n\t\t\t\t<div class=\"elementor-widget-container\">\n\t\t\t\t\t\t\t<div class=\"elementor-spacer\">\n\t\t\t<div class=\"elementor-spacer-inner\"><\/div>\n\t\t<\/div>\n\t\t\t\t\t\t<\/div>\n\t\t\t\t<\/div>\n\t\t\t\t\t<\/div>\n\t\t\t\t<\/div>\n\t\t<div class=\"elementor-element elementor-element-7d7040f3 e-flex e-con-boxed e-con e-parent\" data-id=\"7d7040f3\" data-element_type=\"container\" data-e-type=\"container\">\n\t\t\t\t\t<div class=\"e-con-inner\">\n\t\t\t\t<div class=\"elementor-element elementor-element-60f22236 elementor-invisible elementor-widget elementor-widget-text-editor\" data-id=\"60f22236\" data-element_type=\"widget\" data-e-type=\"widget\" data-settings=\"{&quot;_animation&quot;:&quot;fadeIn&quot;}\" data-widget_type=\"text-editor.default\">\n\t\t\t\t<div class=\"elementor-widget-container\">\n\t\t\t\t\t\t\t\t\t<h3>23.01.2026 &#8211; Vortrag zum Umgang mit Schmerzmitteln<\/h3><div>\u00a0<\/div><p style=\"font-size: 16px;\"><img loading=\"lazy\" decoding=\"async\" class=\"alignleft size-medium wp-image-4679\" src=\"https:\/\/buerger-mengkofen.de\/wp-content\/uploads\/2026\/01\/Voll-bis-zum-letzten-Platz-300x220.jpg\" alt=\"\" width=\"300\" height=\"220\" srcset=\"https:\/\/buerger-mengkofen.de\/wp-content\/uploads\/2026\/01\/Voll-bis-zum-letzten-Platz-300x220.jpg 300w, https:\/\/buerger-mengkofen.de\/wp-content\/uploads\/2026\/01\/Voll-bis-zum-letzten-Platz-1024x753.jpg 1024w, https:\/\/buerger-mengkofen.de\/wp-content\/uploads\/2026\/01\/Voll-bis-zum-letzten-Platz-768x564.jpg 768w, https:\/\/buerger-mengkofen.de\/wp-content\/uploads\/2026\/01\/Voll-bis-zum-letzten-Platz.jpg 1324w\" sizes=\"(max-width: 300px) 100vw, 300px\" \/><\/p><p style=\"font-size: 16px;\">Der Verein B\u00fcrger f\u00fcr B\u00fcrger im Aitrachtal informierte gemeinsam mit der PrimaVital Apotheke zur Post Mengkofen \u00fcber den richtigen Umgang mit Schmerzmitteln.<\/p><p>Das Interesse der B\u00fcrger war sehr gro\u00df so dass sich der Wintergarten im Landgasthof zur Post schnell bis zum letzten Platz f\u00fcllte.<\/p><p>Herr Gregor Nagelstutz \u00fcbernahm die Begr\u00fc\u00dfung und \u00fcbergab dann das Wort an seine Kollegin Frau Leonhard, welche sich mit dieser Thematik besonders auseinandersetze.<\/p><p><img loading=\"lazy\" decoding=\"async\" class=\"alignleft size-medium wp-image-4678\" src=\"https:\/\/buerger-mengkofen.de\/wp-content\/uploads\/2026\/01\/Referentin-268x300.jpg\" alt=\"\" width=\"268\" height=\"300\" srcset=\"https:\/\/buerger-mengkofen.de\/wp-content\/uploads\/2026\/01\/Referentin-268x300.jpg 268w, https:\/\/buerger-mengkofen.de\/wp-content\/uploads\/2026\/01\/Referentin.jpg 550w\" sizes=\"(max-width: 268px) 100vw, 268px\" \/>Frau Leonhard erkl\u00e4rte, dass es verschiedene Ursachen f\u00fcr Schmerz gebe, unter anderen Nervenschmerzen, Wundschmerzen oder eine Fehlstellung im K\u00f6rper. F\u00fcr jeden speziellen Schmerz brauche man das passende Schmerzmittel.<br \/>Besondere Sorgfalt sei bei Personen geboten, die mehr als f\u00fcnf verschiedene Medikamente \u00fcber den Tag verteilt einnehmen. Dazu z\u00e4hlen auch frei verk\u00e4ufliche Pr\u00e4parate sowie Schmerzsalben. In diesem Fall bestehe die Gefahr von Wechselwirkungen oder \u00dcberschneidung\u00a0 der einzelnen Arzneien.<br \/>Aus diesem Grund biete die primavital Apotheke Beratungsgespr\u00e4che zu dieser Problematik an, wobei die Kosten von den Krankenkassen \u00fcbernommen w\u00fcrden.<br \/>Wer sich angesprochen f\u00fchle, k\u00f6nne sich gern in der Apotheke erkundigen.<br \/>Im Anschluss an den informativen Vortrag beantwortete die Referentin Fragen aus dem Kreis der Zuh\u00f6rer. Frau Carolin Fuchs, erste Vorsitzende des Vereins, bedankte sich mit einem Blumenstrau\u00df bei der Referentin.<\/p>\t\t\t\t\t\t\t\t<\/div>\n\t\t\t\t<\/div>\n\t\t\t\t\t<\/div>\n\t\t\t\t<\/div>\n\t\t<div class=\"elementor-element elementor-element-541407ba e-flex e-con-boxed e-con e-parent\" data-id=\"541407ba\" data-element_type=\"container\" data-e-type=\"container\">\n\t\t\t\t\t<div class=\"e-con-inner\">\n\t\t\t\t<div class=\"elementor-element elementor-element-6572e689 elementor-widget elementor-widget-spacer\" data-id=\"6572e689\" data-element_type=\"widget\" data-e-type=\"widget\" data-widget_type=\"spacer.default\">\n\t\t\t\t<div class=\"elementor-widget-container\">\n\t\t\t\t\t\t\t<div class=\"elementor-spacer\">\n\t\t\t<div class=\"elementor-spacer-inner\"><\/div>\n\t\t<\/div>\n\t\t\t\t\t\t<\/div>\n\t\t\t\t<\/div>\n\t\t\t\t\t<\/div>\n\t\t\t\t<\/div>\n\t\t<div class=\"elementor-element elementor-element-5035a940 e-flex e-con-boxed e-con e-parent\" data-id=\"5035a940\" data-element_type=\"container\" data-e-type=\"container\">\n\t\t\t\t\t<div class=\"e-con-inner\">\n\t\t\t\t<div class=\"elementor-element elementor-element-43f7f0c7 elementor-invisible elementor-widget elementor-widget-text-editor\" data-id=\"43f7f0c7\" data-element_type=\"widget\" data-e-type=\"widget\" data-settings=\"{&quot;_animation&quot;:&quot;fadeIn&quot;}\" data-widget_type=\"text-editor.default\">\n\t\t\t\t<div class=\"elementor-widget-container\">\n\t\t\t\t\t\t\t\t\t<h3>09.01.2026 Zeit und Freude Schenken 2025<\/h3><p><u><b>B\u00fcrger f\u00fcr B\u00fcrger im Aitrachtal e.V. beschlie\u00dft das Jahr mit der Aktion \u201eZeit und Freude schenken\u201c<\/b><\/u><\/p><p>In den letzten Wochen vor Weihnachten waren die Nachbarschaftshelfer- und helferinnen des Vereins B\u00fcrger f\u00fcr B\u00fcrger im Aitrachtal e.V. im Gemeindegebiet Mengkofen besonders flei\u00dfig.<\/p><p><img loading=\"lazy\" decoding=\"async\" class=\"alignleft wp-image-4663\" src=\"https:\/\/buerger-mengkofen.de\/wp-content\/uploads\/2026\/01\/20251126_100907-300x99.jpg\" alt=\"\" width=\"400\" height=\"131\" srcset=\"https:\/\/buerger-mengkofen.de\/wp-content\/uploads\/2026\/01\/20251126_100907-300x99.jpg 300w, https:\/\/buerger-mengkofen.de\/wp-content\/uploads\/2026\/01\/20251126_100907-1024x336.jpg 1024w, https:\/\/buerger-mengkofen.de\/wp-content\/uploads\/2026\/01\/20251126_100907-768x252.jpg 768w, https:\/\/buerger-mengkofen.de\/wp-content\/uploads\/2026\/01\/20251126_100907-1536x504.jpg 1536w, https:\/\/buerger-mengkofen.de\/wp-content\/uploads\/2026\/01\/20251126_100907-2048x673.jpg 2048w\" sizes=\"(max-width: 400px) 100vw, 400px\" \/> Zusammen mit den Sch\u00fclerinnen und Sch\u00fclern der 7. und 8. Klasse der Mittelschule im Aitrachtal wurden verschiedenste Pl\u00e4tzchen, unter der Anleitung der Fachlehrerin Frau Nowack, in der Schulk\u00fcche hergestellt. Mehr als 70 H\u00e4nde halfen zusammen. Es wurden Pl\u00e4tzchen ausgestochen, gebacken, verziert und schlie\u00dflich am n\u00e4chsten Tag in P\u00e4ckchen verpackt. Ein generations\u00fcbergreifendes Projekt nahm so, wie auch schon in den letzten Jahren, seinen Lauf. \u00dcber 190 P\u00e4ckchen wurden fein s\u00e4uberlich verpackt, mit einer Weihnachtsbotschaft versehen und schlie\u00dflich f\u00fcr die Abholung bereitgestellt.<\/p><p>Zusammenpackt mit der aktuellen Seniorenzeitung, sowie dem neuen Halbjahresprogramm des Vereins B\u00fcrger f\u00fcr B\u00fcrger konnten die kleinen Aufmerksamkeiten f\u00fcr die Aktion \u201eZeit und Freude schenken\u201c durch viele engagierte Helfer abgeholt und an hochbetagte oder gesundheitlich angeschlagene Gemeindeb\u00fcrger verteilt werden. Besonders hierbei ist, dass nicht das Pr\u00e4sent, sondern die Zeit, die man miteinander verbrachte, im Vordergrund stand.<\/p><p><img loading=\"lazy\" decoding=\"async\" class=\"alignleft wp-image-4664\" src=\"https:\/\/buerger-mengkofen.de\/wp-content\/uploads\/2026\/01\/Zeit-und-Freude-Schenken-2025-300x158.jpg\" alt=\"\" width=\"400\" height=\"210\" srcset=\"https:\/\/buerger-mengkofen.de\/wp-content\/uploads\/2026\/01\/Zeit-und-Freude-Schenken-2025-300x158.jpg 300w, https:\/\/buerger-mengkofen.de\/wp-content\/uploads\/2026\/01\/Zeit-und-Freude-Schenken-2025-1024x538.jpg 1024w, https:\/\/buerger-mengkofen.de\/wp-content\/uploads\/2026\/01\/Zeit-und-Freude-Schenken-2025-768x403.jpg 768w, https:\/\/buerger-mengkofen.de\/wp-content\/uploads\/2026\/01\/Zeit-und-Freude-Schenken-2025-1536x807.jpg 1536w, https:\/\/buerger-mengkofen.de\/wp-content\/uploads\/2026\/01\/Zeit-und-Freude-Schenken-2025-2048x1075.jpg 2048w\" sizes=\"(max-width: 400px) 100vw, 400px\" \/>\u201eMei, auf dich hab ich heuer schon gewartet!\u201c oder \u201eSch\u00f6n, dass du wieder bei mir vorbeikommst\u201c waren genauso herzliche Begr\u00fc\u00dfungen der Besuchten wie \u201eDu machst mir eine g\u2019scheide Freude!\u201c. So wurde nicht nur den Besuchten, sondern auch den Besuchern warm ums Herz und die Vorweihnachtsfreude war in den Gesichtern alle Beteiligten sichtbar. Ob ein Besuch 10 Minuten oder drei Stunden dauert, h\u00e4ngt ganz von den Besuchten ab und ist oft f\u00fcr die Helfer nicht planbar, denn die Zeit vergeht oft wie im Flug.<\/p><p>\u00a0<\/p><p>Die ehrenamtliche Nachbarschaftshilfe des Vereins B\u00fcrger f\u00fcr B\u00fcrger im Aitrachtal e.V. ist weit \u00fcber die Gemeinde- und sogar \u00fcber die Landkreisgrenze hinaus bekannt.<\/p><p>\u00dcber 30 geschulte Nachbarschaftshelferinnen und -helfer haben im Jahr 2025 \u00fcber 2.300 Stunden ehrenamtlich gearbeitet, begleitet, unterst\u00fctzt und haben dabei mit ihren privaten PKWs \u00fcber 15.000 km zur\u00fcckgelegt. Eine wirklich einmalige und vorzeigew\u00fcrdige Leistung.<\/p><p>Die Vorst\u00e4ndin des Vereins, Carolin Fuchs, freut sich dar\u00fcber, dass sich B\u00fcrger f\u00fcr B\u00fcrger auch nach 10 Jahren des Bestehens so positiv weiterentwickelt. Besonders aber ist das Zusammenhalten der Generationen: vom Kindergarten, \u00fcber Schule, hin zu den Jugendlichen, die die \u00e4ltere Generation beim Umgang mit dem Handy unterst\u00fctzen, der Nachbarschaftshilfe, bis zur Aktion Zeit und Freude schenken. Alle Altersgruppen k\u00f6nnen zusammen Gro\u00dfes bewirken und voneinander lernen.<\/p><p>Besonders freuen darf man sich, so Fuchs, auch 2026 wieder auf die verschiedenen Aktivit\u00e4ten, die im neuen Halbjahresprogramm ersichtlich sind. Dieses liegt in Banken und Gesch\u00e4ften im Gemeindebereich auf, ist aber auch auf der Homepage des Vereins <span style=\"color: #0563c1;\"><u><a title=\"buerger-mengkofen.de\" href=\"http:\/\/www.buerger-mengkofen.de\/\" target=\"_blank\" rel=\"noopener\">www.buerger-mengkofen.de<\/a><\/u><\/span> einsehbar. Bei einigen Aktivit\u00e4ten ist eine Anmeldung zwingend notwendig, da die Pl\u00e4tze begrenzt sind.<\/p>\t\t\t\t\t\t\t\t<\/div>\n\t\t\t\t<\/div>\n\t\t\t\t\t<\/div>\n\t\t\t\t<\/div>\n\t\t<div class=\"elementor-element elementor-element-5180591c e-flex e-con-boxed e-con e-parent\" data-id=\"5180591c\" data-element_type=\"container\" data-e-type=\"container\">\n\t\t\t\t\t<div class=\"e-con-inner\">\n\t\t\t\t<div class=\"elementor-element elementor-element-5798e94b elementor-widget elementor-widget-spacer\" data-id=\"5798e94b\" data-element_type=\"widget\" data-e-type=\"widget\" data-widget_type=\"spacer.default\">\n\t\t\t\t<div class=\"elementor-widget-container\">\n\t\t\t\t\t\t\t<div class=\"elementor-spacer\">\n\t\t\t<div class=\"elementor-spacer-inner\"><\/div>\n\t\t<\/div>\n\t\t\t\t\t\t<\/div>\n\t\t\t\t<\/div>\n\t\t\t\t\t<\/div>\n\t\t\t\t<\/div>\n\t\t\t\t<\/div>\n\t\t","protected":false},"excerpt":{"rendered":"<p>25.07.2026 Radlausflug nach Eitting Der Radsport hat viele Freunde Das zeigte sich erst neulich wieder als der Verein B\u00fcrger f\u00fcr B\u00fcrger zu einer sonnt\u00e4glichen Radltour einlud.Organisator Ludwig Hieninger begr\u00fcsste die Teilnehmer recht herzlich und w\u00fcnschte eine gute Fahrt.Bei Niese!regen ging es los in Richtung Straubing.Doch schon nach wenigen Kilometern hatte der Wettergott ein einsehen und [&hellip;]<\/p>\n","protected":false},"author":4,"featured_media":0,"parent":0,"menu_order":0,"comment_status":"closed","ping_status":"closed","template":"","meta":{"site-sidebar-layout":"no-sidebar","site-content-layout":"","ast-site-content-layout":"full-width-container","site-content-style":"default","site-sidebar-style":"default","ast-global-header-display":"","ast-banner-title-visibility":"","ast-main-header-display":"","ast-hfb-above-header-display":"","ast-hfb-below-header-display":"","ast-hfb-mobile-header-display":"","site-post-title":"","ast-breadcrumbs-content":"","ast-featured-img":"disabled","footer-sml-layout":"","ast-disable-related-posts":"","theme-transparent-header-meta":"","adv-header-id-meta":"","stick-header-meta":"","header-above-stick-meta":"","header-main-stick-meta":"","header-below-stick-meta":"","astra-migrate-meta-layouts":"default","ast-page-background-enabled":"default","ast-page-background-meta":{"desktop":{"background-color":"var(--ast-global-color-4)","background-image":"","background-repeat":"repeat","background-position":"center center","background-size":"auto","background-attachment":"scroll","background-type":"","background-media":"","overlay-type":"","overlay-color":"","overlay-opacity":"","overlay-gradient":""},"tablet":{"background-color":"","background-image":"","background-repeat":"repeat","background-position":"center center","background-size":"auto","background-attachment":"scroll","background-type":"","background-media":"","overlay-type":"","overlay-color":"","overlay-opacity":"","overlay-gradient":""},"mobile":{"background-color":"","background-image":"","background-repeat":"repeat","background-position":"center center","background-size":"auto","background-attachment":"scroll","background-type":"","background-media":"","overlay-type":"","overlay-color":"","overlay-opacity":"","overlay-gradient":""}},"ast-content-background-meta":{"desktop":{"background-color":"var(--ast-global-color-5)","background-image":"","background-repeat":"repeat","background-position":"center center","background-size":"auto","background-attachment":"scroll","background-type":"","background-media":"","overlay-type":"","overlay-color":"","overlay-opacity":"","overlay-gradient":""},"tablet":{"background-color":"var(--ast-global-color-5)","background-image":"","background-repeat":"repeat","background-position":"center center","background-size":"auto","background-attachment":"scroll","background-type":"","background-media":"","overlay-type":"","overlay-color":"","overlay-opacity":"","overlay-gradient":""},"mobile":{"background-color":"var(--ast-global-color-5)","background-image":"","background-repeat":"repeat","background-position":"center center","background-size":"auto","background-attachment":"scroll","background-type":"","background-media":"","overlay-type":"","overlay-color":"","overlay-opacity":"","overlay-gradient":""}},"footnotes":""},"class_list":["post-4658","page","type-page","status-publish","hentry"],"aioseo_notices":[],"aioseo_head":"\n\t\t<!-- All in One SEO 5.0.0.1 - aioseo.com -->\n\t<meta name=\"description\" content=\"25.07.2026 Radlausflug nach EittingDer Radsport hat viele FreundeDas zeigte sich erst neulich wieder als der Verein B\u00fcrger f\u00fcr B\u00fcrger zu einer sonnt\u00e4glichen Radltour einlud.Organisator Ludwig Hieninger begr\u00fcsste die Teilnehmer recht herzlich und w\u00fcnschte eine gute Fahrt.Bei Niese!regen ging es los in Richtung Straubing.Doch schon nach wenigen Kilometern hatte der Wettergott ein einsehen und es klarte\" \/>\n\t<meta name=\"robots\" content=\"max-image-preview:large\" \/>\n\t<link rel=\"canonical\" href=\"https:\/\/buerger-mengkofen.de\/index.php\/berichte-2026\/\" \/>\n\t<meta name=\"generator\" content=\"All in One SEO (AIOSEO) 5.0.0.1\" \/>\n\t\t<meta property=\"og:locale\" content=\"de_DE\" \/>\n\t\t<meta property=\"og:site_name\" content=\"-\" \/>\n\t\t<meta property=\"og:type\" content=\"article\" \/>\n\t\t<meta property=\"og:title\" content=\"Berichte 2026 -\" \/>\n\t\t<meta property=\"og:description\" content=\"25.07.2026 Radlausflug nach EittingDer Radsport hat viele FreundeDas zeigte sich erst neulich wieder als der Verein B\u00fcrger f\u00fcr B\u00fcrger zu einer sonnt\u00e4glichen Radltour einlud.Organisator Ludwig Hieninger begr\u00fcsste die Teilnehmer recht herzlich und w\u00fcnschte eine gute Fahrt.Bei Niese!regen ging es los in Richtung Straubing.Doch schon nach wenigen Kilometern hatte der Wettergott ein einsehen und es klarte\" \/>\n\t\t<meta property=\"og:url\" content=\"https:\/\/buerger-mengkofen.de\/index.php\/berichte-2026\/\" \/>\n\t\t<meta property=\"og:image\" content=\"https:\/\/buerger-mengkofen.de\/wp-content\/uploads\/2023\/12\/Logo.png\" \/>\n\t\t<meta property=\"og:image:secure_url\" content=\"https:\/\/buerger-mengkofen.de\/wp-content\/uploads\/2023\/12\/Logo.png\" \/>\n\t\t<meta property=\"og:image:width\" content=\"374\" \/>\n\t\t<meta property=\"og:image:height\" content=\"201\" \/>\n\t\t<meta property=\"article:published_time\" content=\"2026-01-08T09:27:11+00:00\" \/>\n\t\t<meta property=\"article:modified_time\" content=\"2026-07-30T21:25:55+00:00\" \/>\n\t\t<meta name=\"twitter:card\" content=\"summary_large_image\" \/>\n\t\t<meta name=\"twitter:title\" content=\"Berichte 2026 -\" \/>\n\t\t<meta name=\"twitter:description\" content=\"25.07.2026 Radlausflug nach EittingDer Radsport hat viele FreundeDas zeigte sich erst neulich wieder als der Verein B\u00fcrger f\u00fcr B\u00fcrger zu einer sonnt\u00e4glichen Radltour einlud.Organisator Ludwig Hieninger begr\u00fcsste die Teilnehmer recht herzlich und w\u00fcnschte eine gute Fahrt.Bei Niese!regen ging es los in Richtung Straubing.Doch schon nach wenigen Kilometern hatte der Wettergott ein einsehen und es klarte\" \/>\n\t\t<meta name=\"twitter:image\" content=\"https:\/\/buerger-mengkofen.de\/wp-content\/uploads\/2023\/12\/Logo.png\" \/>\n\t\t<script type=\"application\/ld+json\" class=\"aioseo-schema\">\n\t\t\t{\"@context\":\"https:\\\/\\\/schema.org\",\"@graph\":[{\"@type\":\"BreadcrumbList\",\"@id\":\"https:\\\/\\\/buerger-mengkofen.de\\\/index.php\\\/berichte-2026\\\/#breadcrumblist\",\"itemListElement\":[{\"@type\":\"ListItem\",\"@id\":\"https:\\\/\\\/buerger-mengkofen.de#listItem\",\"position\":1,\"name\":\"Home\",\"item\":\"https:\\\/\\\/buerger-mengkofen.de\",\"nextItem\":{\"@type\":\"ListItem\",\"@id\":\"https:\\\/\\\/buerger-mengkofen.de\\\/index.php\\\/berichte-2026\\\/#listItem\",\"name\":\"Berichte 2026\"}},{\"@type\":\"ListItem\",\"@id\":\"https:\\\/\\\/buerger-mengkofen.de\\\/index.php\\\/berichte-2026\\\/#listItem\",\"position\":2,\"name\":\"Berichte 2026\",\"previousItem\":{\"@type\":\"ListItem\",\"@id\":\"https:\\\/\\\/buerger-mengkofen.de#listItem\",\"name\":\"Home\"}}]},{\"@type\":\"Organization\",\"@id\":\"https:\\\/\\\/buerger-mengkofen.de\\\/#organization\",\"name\":\"B\\u00fcrger f\\u00fcr B\\u00fcrger im Aitrachtal e.V.\",\"url\":\"https:\\\/\\\/buerger-mengkofen.de\\\/\",\"logo\":{\"@type\":\"ImageObject\",\"url\":\"https:\\\/\\\/buerger-mengkofen.de\\\/wp-content\\\/uploads\\\/2023\\\/12\\\/Logo.png\",\"@id\":\"https:\\\/\\\/buerger-mengkofen.de\\\/index.php\\\/berichte-2026\\\/#organizationLogo\",\"width\":374,\"height\":201},\"image\":{\"@id\":\"https:\\\/\\\/buerger-mengkofen.de\\\/index.php\\\/berichte-2026\\\/#organizationLogo\"}},{\"@type\":\"WebPage\",\"@id\":\"https:\\\/\\\/buerger-mengkofen.de\\\/index.php\\\/berichte-2026\\\/#webpage\",\"url\":\"https:\\\/\\\/buerger-mengkofen.de\\\/index.php\\\/berichte-2026\\\/\",\"name\":\"Berichte 2026 -\",\"description\":\"25.07.2026 Radlausflug nach EittingDer Radsport hat viele FreundeDas zeigte sich erst neulich wieder als der Verein B\\u00fcrger f\\u00fcr B\\u00fcrger zu einer sonnt\\u00e4glichen Radltour einlud.Organisator Ludwig Hieninger begr\\u00fcsste die Teilnehmer recht herzlich und w\\u00fcnschte eine gute Fahrt.Bei Niese!regen ging es los in Richtung Straubing.Doch schon nach wenigen Kilometern hatte der Wettergott ein einsehen und es klarte\",\"inLanguage\":\"de-DE-formal\",\"isPartOf\":{\"@id\":\"https:\\\/\\\/buerger-mengkofen.de\\\/#website\"},\"breadcrumb\":{\"@id\":\"https:\\\/\\\/buerger-mengkofen.de\\\/index.php\\\/berichte-2026\\\/#breadcrumblist\"},\"datePublished\":\"2026-01-08T10:27:11+01:00\",\"dateModified\":\"2026-07-30T22:25:55+01:00\"},{\"@type\":\"WebSite\",\"@id\":\"https:\\\/\\\/buerger-mengkofen.de\\\/#website\",\"url\":\"https:\\\/\\\/buerger-mengkofen.de\\\/\",\"name\":\"Buerger fuer Buerger im Aitrachtal\",\"inLanguage\":\"de-DE-formal\",\"publisher\":{\"@id\":\"https:\\\/\\\/buerger-mengkofen.de\\\/#organization\"}}]}\n\t\t<\/script>\n\t\t<!-- All in One SEO -->\n\n","aioseo_head_json":{"title":"Berichte 2026 -","description":"25.07.2026 Radlausflug nach EittingDer Radsport hat viele FreundeDas zeigte sich erst neulich wieder als der Verein B\u00fcrger f\u00fcr B\u00fcrger zu einer sonnt\u00e4glichen Radltour einlud.Organisator Ludwig Hieninger begr\u00fcsste die Teilnehmer recht herzlich und w\u00fcnschte eine gute Fahrt.Bei Niese!regen ging es los in Richtung Straubing.Doch schon nach wenigen Kilometern hatte der Wettergott ein einsehen und es klarte","canonical_url":"https:\/\/buerger-mengkofen.de\/index.php\/berichte-2026\/","robots":"max-image-preview:large","keywords":"","webmasterTools":{"miscellaneous":""},"schema":{"@context":"https:\/\/schema.org","@graph":[{"@type":"BreadcrumbList","@id":"https:\/\/buerger-mengkofen.de\/index.php\/berichte-2026\/#breadcrumblist","itemListElement":[{"@type":"ListItem","@id":"https:\/\/buerger-mengkofen.de#listItem","position":1,"name":"Home","item":"https:\/\/buerger-mengkofen.de","nextItem":{"@type":"ListItem","@id":"https:\/\/buerger-mengkofen.de\/index.php\/berichte-2026\/#listItem","name":"Berichte 2026"}},{"@type":"ListItem","@id":"https:\/\/buerger-mengkofen.de\/index.php\/berichte-2026\/#listItem","position":2,"name":"Berichte 2026","previousItem":{"@type":"ListItem","@id":"https:\/\/buerger-mengkofen.de#listItem","name":"Home"}}]},{"@type":"Organization","@id":"https:\/\/buerger-mengkofen.de\/#organization","name":"B\u00fcrger f\u00fcr B\u00fcrger im Aitrachtal e.V.","url":"https:\/\/buerger-mengkofen.de\/","logo":{"@type":"ImageObject","url":"https:\/\/buerger-mengkofen.de\/wp-content\/uploads\/2023\/12\/Logo.png","@id":"https:\/\/buerger-mengkofen.de\/index.php\/berichte-2026\/#organizationLogo","width":374,"height":201},"image":{"@id":"https:\/\/buerger-mengkofen.de\/index.php\/berichte-2026\/#organizationLogo"}},{"@type":"WebPage","@id":"https:\/\/buerger-mengkofen.de\/index.php\/berichte-2026\/#webpage","url":"https:\/\/buerger-mengkofen.de\/index.php\/berichte-2026\/","name":"Berichte 2026 -","description":"25.07.2026 Radlausflug nach EittingDer Radsport hat viele FreundeDas zeigte sich erst neulich wieder als der Verein B\u00fcrger f\u00fcr B\u00fcrger zu einer sonnt\u00e4glichen Radltour einlud.Organisator Ludwig Hieninger begr\u00fcsste die Teilnehmer recht herzlich und w\u00fcnschte eine gute Fahrt.Bei Niese!regen ging es los in Richtung Straubing.Doch schon nach wenigen Kilometern hatte der Wettergott ein einsehen und es klarte","inLanguage":"de-DE-formal","isPartOf":{"@id":"https:\/\/buerger-mengkofen.de\/#website"},"breadcrumb":{"@id":"https:\/\/buerger-mengkofen.de\/index.php\/berichte-2026\/#breadcrumblist"},"datePublished":"2026-01-08T10:27:11+01:00","dateModified":"2026-07-30T22:25:55+01:00"},{"@type":"WebSite","@id":"https:\/\/buerger-mengkofen.de\/#website","url":"https:\/\/buerger-mengkofen.de\/","name":"Buerger fuer Buerger im Aitrachtal","inLanguage":"de-DE-formal","publisher":{"@id":"https:\/\/buerger-mengkofen.de\/#organization"}}]},"og:locale":"de_DE","og:site_name":"-","og:type":"article","og:title":"Berichte 2026 -","og:description":"25.07.2026 Radlausflug nach EittingDer Radsport hat viele FreundeDas zeigte sich erst neulich wieder als der Verein B\u00fcrger f\u00fcr B\u00fcrger zu einer sonnt\u00e4glichen Radltour einlud.Organisator Ludwig Hieninger begr\u00fcsste die Teilnehmer recht herzlich und w\u00fcnschte eine gute Fahrt.Bei Niese!regen ging es los in Richtung Straubing.Doch schon nach wenigen Kilometern hatte der Wettergott ein einsehen und es klarte","og:url":"https:\/\/buerger-mengkofen.de\/index.php\/berichte-2026\/","og:image":"https:\/\/buerger-mengkofen.de\/wp-content\/uploads\/2023\/12\/Logo.png","og:image:secure_url":"https:\/\/buerger-mengkofen.de\/wp-content\/uploads\/2023\/12\/Logo.png","og:image:width":374,"og:image:height":201,"article:published_time":"2026-01-08T09:27:11+00:00","article:modified_time":"2026-07-30T21:25:55+00:00","twitter:card":"summary_large_image","twitter:title":"Berichte 2026 -","twitter:description":"25.07.2026 Radlausflug nach EittingDer Radsport hat viele FreundeDas zeigte sich erst neulich wieder als der Verein B\u00fcrger f\u00fcr B\u00fcrger zu einer sonnt\u00e4glichen Radltour einlud.Organisator Ludwig Hieninger begr\u00fcsste die Teilnehmer recht herzlich und w\u00fcnschte eine gute Fahrt.Bei Niese!regen ging es los in Richtung Straubing.Doch schon nach wenigen Kilometern hatte der Wettergott ein einsehen und es klarte","twitter:image":"https:\/\/buerger-mengkofen.de\/wp-content\/uploads\/2023\/12\/Logo.png"},"aioseo_meta_data":{"post_id":"4658","title":null,"description":null,"keywords":null,"keyphrases":null,"primary_term":null,"canonical_url":null,"og_title":null,"og_description":null,"og_object_type":"default","og_image_type":"default","og_image_url":null,"og_image_width":null,"og_image_height":null,"og_image_custom_url":null,"og_image_custom_fields":null,"og_video":null,"og_custom_url":null,"og_article_section":null,"og_article_tags":null,"twitter_use_og":false,"twitter_card":"default","twitter_image_type":"default","twitter_image_url":null,"twitter_image_custom_url":null,"twitter_image_custom_fields":null,"twitter_title":null,"twitter_description":null,"schema":{"blockGraphs":[],"customGraphs":[],"default":{"data":{"Article":[],"Course":[],"Dataset":[],"FAQPage":[],"Movie":[],"Person":[],"Product":[],"ProductReview":[],"Car":[],"Recipe":[],"Service":[],"SoftwareApplication":[],"WebPage":[]},"graphName":"","isEnabled":true},"graphs":[]},"schema_type":"default","schema_type_options":null,"pillar_content":false,"robots_default":true,"robots_noindex":false,"robots_noarchive":false,"robots_nosnippet":false,"robots_nofollow":false,"robots_noimageindex":false,"robots_noodp":false,"robots_notranslate":false,"robots_max_snippet":null,"robots_max_videopreview":null,"robots_max_imagepreview":"large","priority":null,"frequency":null,"local_seo":null,"breadcrumb_settings":null,"limit_modified_date":false,"ai":null,"created":"2026-01-08 09:39:20","updated":"2026-07-31 07:31:56","seo_analyzer_scan_date":null,"focus_keyword":null,"additional_keywords":null,"truseo_locale":null},"aioseo_breadcrumb":"<div class=\"aioseo-breadcrumbs\"><span class=\"aioseo-breadcrumb\">\n\t\t\t<a href=\"https:\/\/buerger-mengkofen.de\" title=\"Home\">Home<\/a>\n\t\t<\/span><span class=\"aioseo-breadcrumb-separator\">&raquo;<\/span><span class=\"aioseo-breadcrumb\">\n\t\t\tBerichte 2026\n\t\t<\/span><\/div>","aioseo_breadcrumb_json":[{"label":"Home","link":"https:\/\/buerger-mengkofen.de"},{"label":"Berichte 2026","link":"https:\/\/buerger-mengkofen.de\/index.php\/berichte-2026\/"}],"jetpack_sharing_enabled":true,"_links":{"self":[{"href":"https:\/\/buerger-mengkofen.de\/index.php\/wp-json\/wp\/v2\/pages\/4658","targetHints":{"allow":["GET"]}}],"collection":[{"href":"https:\/\/buerger-mengkofen.de\/index.php\/wp-json\/wp\/v2\/pages"}],"about":[{"href":"https:\/\/buerger-mengkofen.de\/index.php\/wp-json\/wp\/v2\/types\/page"}],"author":[{"embeddable":true,"href":"https:\/\/buerger-mengkofen.de\/index.php\/wp-json\/wp\/v2\/users\/4"}],"replies":[{"embeddable":true,"href":"https:\/\/buerger-mengkofen.de\/index.php\/wp-json\/wp\/v2\/comments?post=4658"}],"version-history":[{"count":73,"href":"https:\/\/buerger-mengkofen.de\/index.php\/wp-json\/wp\/v2\/pages\/4658\/revisions"}],"predecessor-version":[{"id":4850,"href":"https:\/\/buerger-mengkofen.de\/index.php\/wp-json\/wp\/v2\/pages\/4658\/revisions\/4850"}],"wp:attachment":[{"href":"https:\/\/buerger-mengkofen.de\/index.php\/wp-json\/wp\/v2\/media?parent=4658"}],"curies":[{"name":"wp","href":"https:\/\/api.w.org\/{rel}","templated":true}]}}