{"id":567,"date":"2023-12-17T17:47:56","date_gmt":"2023-12-17T16:47:56","guid":{"rendered":"https:\/\/buerger-mengkofen.de\/?page_id=567"},"modified":"2024-12-30T14:03:47","modified_gmt":"2024-12-30T13:03:47","slug":"berichte-2024","status":"publish","type":"page","link":"https:\/\/buerger-mengkofen.de\/index.php\/berichte-2024\/","title":{"rendered":"Berichte 2024"},"content":{"rendered":"\t\t<div data-elementor-type=\"wp-page\" data-elementor-id=\"567\" class=\"elementor elementor-567\">\n\t\t\t\t<div class=\"elementor-element elementor-element-a501e74 e-flex e-con-boxed e-con e-parent\" data-id=\"a501e74\" data-element_type=\"container\" data-e-type=\"container\">\n\t\t\t\t\t<div class=\"e-con-inner\">\n\t\t\t\t<div class=\"elementor-element elementor-element-381413b elementor-invisible elementor-widget elementor-widget-text-editor\" data-id=\"381413b\" data-element_type=\"widget\" data-e-type=\"widget\" data-settings=\"{&quot;_animation&quot;:&quot;fadeIn&quot;}\" data-widget_type=\"text-editor.default\">\n\t\t\t\t<div class=\"elementor-widget-container\">\n\t\t\t\t\t\t\t\t\t<h3>30.12.2024 &#8211; Kolpingfamilie unterst\u00fctzt Nachbarschaftshilfe<\/h3><h5 align=\"justify\">Spende an Verein B\u00fcrger f\u00fcr B\u00fcrger im Aitrachtal<\/h5><p>\u201eEine aktive Arbeit zum Wohle der Senioren und die Unterst\u00fctzung alter und pflegebed\u00fcrftiger Mitb\u00fcrger, daf\u00fcr steht auch die Kolpingfamilie in der Pfarrgemeinde. Nachdem der Verein B\u00fcrger f\u00fcr B\u00fcrger in der Gemeinde Mengkofen f\u00fcr diese Dienste wertvolle engagierte Arbeit leistet, ist es auch im Sinne Adolf Kolpings, hier zu unterst\u00fctzen\u201c, so die Worte des Vorsitzenden der Kolpingfamilie Georg Selmer bei der Spenden\u00fcbergabe an Richard Baumgartner vom Verein BfB.<\/p><p><img fetchpriority=\"high\" decoding=\"async\" class=\"alignleft size-medium wp-image-4166\" src=\"https:\/\/buerger-mengkofen.de\/wp-content\/uploads\/2024\/12\/R.-Baumgartner-li.-Georg-Selmer-Foto-Rupert-Frey-scaled-e1735563641832-300x238.jpg\" alt=\"\" width=\"300\" height=\"238\" srcset=\"https:\/\/buerger-mengkofen.de\/wp-content\/uploads\/2024\/12\/R.-Baumgartner-li.-Georg-Selmer-Foto-Rupert-Frey-scaled-e1735563641832-300x238.jpg 300w, https:\/\/buerger-mengkofen.de\/wp-content\/uploads\/2024\/12\/R.-Baumgartner-li.-Georg-Selmer-Foto-Rupert-Frey-scaled-e1735563641832-1024x811.jpg 1024w, https:\/\/buerger-mengkofen.de\/wp-content\/uploads\/2024\/12\/R.-Baumgartner-li.-Georg-Selmer-Foto-Rupert-Frey-scaled-e1735563641832-768x609.jpg 768w, https:\/\/buerger-mengkofen.de\/wp-content\/uploads\/2024\/12\/R.-Baumgartner-li.-Georg-Selmer-Foto-Rupert-Frey-scaled-e1735563641832-1536x1217.jpg 1536w, https:\/\/buerger-mengkofen.de\/wp-content\/uploads\/2024\/12\/R.-Baumgartner-li.-Georg-Selmer-Foto-Rupert-Frey-scaled-e1735563641832.jpg 1792w\" sizes=\"(max-width: 300px) 100vw, 300px\" \/>Dieser bedankte sich sehr herzlich und betonte, dass dank finanzieller Unterst\u00fctzung und des selbstlosen Einsatzes zahlreicher ehrenamtlicher Helferinnen und Helfer wertvolle Arbeit geleistet werden kann. <br \/>Das gilt sowohl f\u00fcr das gesellschaftliche Leben der Senioren, durch mehr Teilhabe und Abwechslung im Tagesablauf. Das spiegelt sich bei Spielenachmittagen im Pfarrheim, Vortragsveranstaltungen, Besichtigungen und bei Angeboten zu Bewegung und Sport wider. Besonders die im h\u00e4uslichen Umfeld von Angeh\u00f6rigen gepflegten M\u00e4nner und Frauen wissen die Dienste von BfB zu sch\u00e4tzen, denn mit regelm\u00e4\u00dfigen Besuchen kommt mehr Abwechslung ins Haus und f\u00fcr die Angeh\u00f6rigen bietet sich auch die M\u00f6glichkeit f\u00fcr eigene Freir\u00e4ume an. Die Spende von 300 \u20ac kommt gerade zur Weihnachtszeit sehr gelegen, da sie zur Finanzierung der knapp 200 Besuche, die von den Mitgliedern in der Vorweihnachtszeit durchgef\u00fchrt wurden, beitr\u00e4gt.<\/p>\t\t\t\t\t\t\t\t<\/div>\n\t\t\t\t<\/div>\n\t\t\t\t<div class=\"elementor-element elementor-element-2a802d7 elementor-widget elementor-widget-spacer\" data-id=\"2a802d7\" data-element_type=\"widget\" data-e-type=\"widget\" data-widget_type=\"spacer.default\">\n\t\t\t\t<div class=\"elementor-widget-container\">\n\t\t\t\t\t\t\t<div class=\"elementor-spacer\">\n\t\t\t<div class=\"elementor-spacer-inner\"><\/div>\n\t\t<\/div>\n\t\t\t\t\t\t<\/div>\n\t\t\t\t<\/div>\n\t\t\t\t<div class=\"elementor-element elementor-element-3179dd8 elementor-invisible elementor-widget elementor-widget-text-editor\" data-id=\"3179dd8\" data-element_type=\"widget\" data-e-type=\"widget\" data-settings=\"{&quot;_animation&quot;:&quot;fadeIn&quot;}\" data-widget_type=\"text-editor.default\">\n\t\t\t\t<div class=\"elementor-widget-container\">\n\t\t\t\t\t\t\t\t\t<h3>27.12.2024 &#8211; Entlastung in der Pflege durch ehrenamtliche Unterst\u00fctzung im Alltag<\/h3><h5 class=\"western\" align=\"center\"><b>Verein B\u00fcrger f\u00fcr B\u00fcrger leistet wichtigen Beitrag f\u00fcr die h\u00e4usliche Pflege<\/b><\/h5><p align=\"justify\">Auch in diesem Jahr konnte wieder ein erfolgreicher Abschluss des Lehrgangs \u201eehrenamtliche Hilfe f\u00fcr pflegende Angeh\u00f6rige\u201c durchgef\u00fchrt werden. Die Helfenden begleiten und betreuen Personen mit Unterst\u00fctzungsbedarf, wobei sie deren individuelle Gewohnheiten und Vorlieben ber\u00fccksichtigen.Sie erkennen den bestehenden Hilfe- und Unterst\u00fctzungsbedarf der zu betreuenden Personen. Je nach deren vorhandenen F\u00e4higkeiten und Fertigkeiten leiten sie zur Aus\u00fcbung von Alltagsverrichtungen an oder \u00fcbernehmen diese.<\/p><p align=\"justify\"><img decoding=\"async\" class=\"alignleft wp-image-4142\" src=\"https:\/\/buerger-mengkofen.de\/wp-content\/uploads\/2024\/12\/Gruppenbild-neue-Helfer-mit-dem-BGM-e1735321574505-300x179.jpg\" alt=\"\" width=\"500\" height=\"299\" srcset=\"https:\/\/buerger-mengkofen.de\/wp-content\/uploads\/2024\/12\/Gruppenbild-neue-Helfer-mit-dem-BGM-e1735321574505-300x179.jpg 300w, https:\/\/buerger-mengkofen.de\/wp-content\/uploads\/2024\/12\/Gruppenbild-neue-Helfer-mit-dem-BGM-e1735321574505-1024x612.jpg 1024w, https:\/\/buerger-mengkofen.de\/wp-content\/uploads\/2024\/12\/Gruppenbild-neue-Helfer-mit-dem-BGM-e1735321574505-768x459.jpg 768w, https:\/\/buerger-mengkofen.de\/wp-content\/uploads\/2024\/12\/Gruppenbild-neue-Helfer-mit-dem-BGM-e1735321574505-1536x917.jpg 1536w, https:\/\/buerger-mengkofen.de\/wp-content\/uploads\/2024\/12\/Gruppenbild-neue-Helfer-mit-dem-BGM-e1735321574505-2048x1223.jpg 2048w\" sizes=\"(max-width: 500px) 100vw, 500px\" \/>Auf der Grundlage ihres Basiswissens \u00fcber wesentliche Behinderungs- und Krankheitsbilder sowie der damit einhergehenden Unterst\u00fctzungsbedarfe tragen sie zu einer bed\u00fcrfnisorientierten Tagesgestaltung bei.<br \/>Diese Dienste haben sich in der Gemeinde Mengkofen seit mehreren Jahren bestens bew\u00e4hrt, so dass der Bedarf an Helferinnen und Helfern stetig zunimmt. Um auch k\u00fcnftig die Nachfragen bedarfsorientiert bedienen zu k\u00f6nnen, hat der Verein B\u00fcrger f\u00fcr B\u00fcrger auch in diesem Jahr eine umfassende Schulungsreihe angeboten, die die Anforderungen nach \u00a7 45 a SGB XI erf\u00fcllt. So konnten vor kurzem B\u00fcrgermeister Thomas Hieninger unterst\u00fctzt von der Vereinsf\u00fchrung Richard Baumgartner und Carolin Fuchs die Urkunden f\u00fcr die erfolgreiche Teilnahme an 11 Damen und Herren aush\u00e4ndigen. Sie erhielten damit die Berechtigung einer qualifizierten Unterst\u00fctzung im Alltag. Ihre Leistungen werden von den Pflegekassen im Rahmen des Entlastungsbetrages \u00fcbernommen und tragen damit auch zur finanziellen Entlastung Pflegebed\u00fcrftiger bei. Hieninger richtete sich mit anerkennenden Worten an die Absolventen. Er selbst sch\u00e4tze diesen selbstlosen Einsatz der Hilfeleistung sehr. Auch im Rahmen seiner\u00a0 t\u00e4glichen Amtsgesch\u00e4fte erfahre er immer wieder, dass hier f\u00fcr die B\u00fcrger wertvolle Arbeit geleistet werde und diese auch in der Bev\u00f6lkerung anerkannt sei. <br \/>Der Verein B\u00fcrger f\u00fcr B\u00fcrger bietet seit 2019 diese Schulungsreihe einmal j\u00e4hrlich an. Diese haben bisher 75 Damen und Herren, darunter auch pflegende Angeh\u00f6rige, erfolgreich abgeschlossen. Die Teilnehmer kommen nicht alle aus dem Gemeindebereich Mengkofen, sondern auch aus umliegenden Gemeinden und den Nachbarlandkreisen. Die Dienste des Vereins B\u00fcrger f\u00fcr B\u00fcrger konzentrieren sich jedoch \u00fcberwiegend auf das Aitrachtal. Die Helferinnen und Helfer arbeiten ehrenamtlich, erhalten dabei eine Aufwandsentsch\u00e4digung, die von den Pflegekassen abgedeckt wird.\u00a0<\/p><p align=\"justify\">Die Schulungsteilnehmer werden nun \u00fcberwiegend beim Verein B\u00fcrger f\u00fcr B\u00fcrger in der Nachbarschaftshilfe aktiv.<\/p><p align=\"justify\">Die Nachfrage ist landkreisweit sehr gro\u00df. Richard Baumgartner bem\u00fcht sich daher seit L\u00e4ngerem als Vorsitzender des Kreisseniorenrates, diese ehrenamtlichen Hilfeleistungen fl\u00e4chendeckend im Landkreis Dingolfing-Landau zu erm\u00f6glichen. Bisher ist der Kreisseniorenrat mit diesem Vorhaben bei Landrat Bumeder und den Kreisr\u00e4ten nicht erfolgreich gewesen. Das ist sehr bedauerlich, da zwar allgemein die Notst\u00e4nde in der Pflege erkannt und beklagt werden, aber eine ehrenamtliche Abhilfe offensichtlich nicht unterst\u00fctzt wird.<\/p>\t\t\t\t\t\t\t\t<\/div>\n\t\t\t\t<\/div>\n\t\t\t\t<div class=\"elementor-element elementor-element-73dbeb4 elementor-widget elementor-widget-spacer\" data-id=\"73dbeb4\" data-element_type=\"widget\" data-e-type=\"widget\" data-widget_type=\"spacer.default\">\n\t\t\t\t<div class=\"elementor-widget-container\">\n\t\t\t\t\t\t\t<div class=\"elementor-spacer\">\n\t\t\t<div class=\"elementor-spacer-inner\"><\/div>\n\t\t<\/div>\n\t\t\t\t\t\t<\/div>\n\t\t\t\t<\/div>\n\t\t\t\t<div class=\"elementor-element elementor-element-1784c52 elementor-invisible elementor-widget elementor-widget-text-editor\" data-id=\"1784c52\" data-element_type=\"widget\" data-e-type=\"widget\" data-settings=\"{&quot;_animation&quot;:&quot;fadeIn&quot;}\" data-widget_type=\"text-editor.default\">\n\t\t\t\t<div class=\"elementor-widget-container\">\n\t\t\t\t\t\t\t\t\t<h3>02.12.2024 &#8211; \u201eEs weihnachtet sehr!<span style=\"font-size: x-large;\"><b>\u201c<\/b><\/span><\/h3><p align=\"justify\">So konnte man die festliche Veranstaltung des Vereins B\u00fcrger f\u00fcr B\u00fcrger im Aitrachtal umschreiben.<br \/>Schon am Vormittag waren flei\u00dfige Vereinsmitglieder damit besch\u00e4ftigt, den Saal im Pfarrheim St. Michael in Mengkofen weihnachtlich zu dekorieren.<br \/>Erster Vorsitzender Richard Baumgartner konnte dann am Nachmittag eine \u00fcberaus gro\u00dfe Schar an Besuchern begr\u00fc\u00dfen, darunter auch ersten B\u00fcrgermeister Thomas Hieninger.<br \/>Eine besondere Freude war es, als die Kinder vom Baumhaus Kindergarten mit ihren Erzieherinnen auf der B\u00fchne erschienen und mit Weihnachtsliedern und Gedichten die Veranstaltung er\u00f6ffneten.<br \/>Wie schon in den letzten Jahren f\u00fchrte auch heuer wieder das Trio Chordia musikalisch durchs Programm. Die bekannten Weihnachtslieder wurden von den G\u00e4sten gerne mitgesungen.<br \/>Zwischen den Gesangseinlagen wurden von Birgit Klostermeier, Regina Strebl, Herta Guggemos, Elisabeth Bude und Carolin Fuchs zum Teil besinnliche, aber auch lustige Weihnachtsgeschichten vorgetragen.<\/p><p align=\"justify\"><img decoding=\"async\" class=\"alignleft wp-image-4137\" src=\"https:\/\/buerger-mengkofen.de\/wp-content\/uploads\/2024\/12\/20241202_142608-scaled-e1735320561661-300x130.jpg\" alt=\"\" width=\"503\" height=\"218\" srcset=\"https:\/\/buerger-mengkofen.de\/wp-content\/uploads\/2024\/12\/20241202_142608-scaled-e1735320561661-300x130.jpg 300w, https:\/\/buerger-mengkofen.de\/wp-content\/uploads\/2024\/12\/20241202_142608-scaled-e1735320561661-1024x445.jpg 1024w, https:\/\/buerger-mengkofen.de\/wp-content\/uploads\/2024\/12\/20241202_142608-scaled-e1735320561661-768x334.jpg 768w, https:\/\/buerger-mengkofen.de\/wp-content\/uploads\/2024\/12\/20241202_142608-scaled-e1735320561661-1536x667.jpg 1536w, https:\/\/buerger-mengkofen.de\/wp-content\/uploads\/2024\/12\/20241202_142608-scaled-e1735320561661-2048x889.jpg 2048w\" sizes=\"(max-width: 503px) 100vw, 503px\" \/><br \/>Zum Bedienen der G\u00e4ste\u00a0mit Stollen, Pl\u00e4tzchen, Kinderpunsch und Gl\u00fchwein waren viele flei\u00dfige H\u00e4nde im Einsatz.<br \/>Bevor die Veranstaltungen mit einer kleinen Brotzeit ihren Ausklang fand, ergriff die zweite Vorsitzende Carolin Fuchs noch einmal das Wort und stellte das Programm f\u00fcr 2025 vor.<br \/>Im Jahr 2025 feiert der Verein sein 10-j\u00e4hriges Bestehen. Aus diesem Grund gibt es ein sehr vielf\u00e4ltiges Programm, in dem wohl f\u00fcr jeden etwas dabei sein wird.<br \/>Frau Fuchs machte darauf aufmerksam, dass es gut sei, sich rechtzeitig zu den Ausfl\u00fcgen anzumelden, da letztes Jahr auf Grund begrenzter Teilnehmerzahl nicht alle Interessenten ber\u00fccksichtigt werden konnten.<br \/>So endete eine wirklich gelungene Adventfeier. Es bleibt nur noch allen eine besinnliche Adventszeit und frohe und friedliche Weihnachten zu w\u00fcnschen.<\/p>\t\t\t\t\t\t\t\t<\/div>\n\t\t\t\t<\/div>\n\t\t\t\t<div class=\"elementor-element elementor-element-dc3a1cf elementor-widget elementor-widget-spacer\" data-id=\"dc3a1cf\" data-element_type=\"widget\" data-e-type=\"widget\" data-widget_type=\"spacer.default\">\n\t\t\t\t<div class=\"elementor-widget-container\">\n\t\t\t\t\t\t\t<div class=\"elementor-spacer\">\n\t\t\t<div class=\"elementor-spacer-inner\"><\/div>\n\t\t<\/div>\n\t\t\t\t\t\t<\/div>\n\t\t\t\t<\/div>\n\t\t\t\t<div class=\"elementor-element elementor-element-2212fed elementor-invisible elementor-widget elementor-widget-text-editor\" data-id=\"2212fed\" data-element_type=\"widget\" data-e-type=\"widget\" data-settings=\"{&quot;_animation&quot;:&quot;fadeIn&quot;}\" data-widget_type=\"text-editor.default\">\n\t\t\t\t<div class=\"elementor-widget-container\">\n\t\t\t\t\t\t\t\t\t<h3>21.11.2024 &#8211;\u00a0\u201e<span style=\"font-size: x-large;\"><b>Freude und Zeit schenken\u201c<\/b><\/span><\/h3><h5 align=\"center\"><b>Vorweihnachtliche \u00dcberraschungen f\u00fcr die \u00e4ltere Generation<\/b><\/h5><p align=\"justify\">Wie schon die letzten Jahre verabredeten sich die Damen der Nachbarschaftshilfe und zus\u00e4tzlich Frauen des Vereins B\u00fcrger f\u00fcr B\u00fcrger zum gemeinsamen Pl\u00e4tzchen backen in der Schulk\u00fcche. Dazu machten sie sich mit den Sch\u00fclern der achten Klasse ans Werk.<\/p><p align=\"justify\">Die Fachlehrerin, Frau Martina Nowak, hatte mit ihren Sch\u00fclern schon nennenswerte Vorarbeit geleistet. So dass der Teig schon fertig war und man gleich mit ausstechen und backen beginnen konnte.<\/p><p align=\"justify\"><img loading=\"lazy\" decoding=\"async\" class=\"alignleft size-medium wp-image-4095\" src=\"https:\/\/buerger-mengkofen.de\/wp-content\/uploads\/2024\/11\/Jung-und-Alt-legte-gemeinsam-Hand-an-scaled-e1732645420607-300x131.jpg\" alt=\"\" width=\"300\" height=\"131\" srcset=\"https:\/\/buerger-mengkofen.de\/wp-content\/uploads\/2024\/11\/Jung-und-Alt-legte-gemeinsam-Hand-an-scaled-e1732645420607-300x131.jpg 300w, https:\/\/buerger-mengkofen.de\/wp-content\/uploads\/2024\/11\/Jung-und-Alt-legte-gemeinsam-Hand-an-scaled-e1732645420607-1024x449.jpg 1024w, https:\/\/buerger-mengkofen.de\/wp-content\/uploads\/2024\/11\/Jung-und-Alt-legte-gemeinsam-Hand-an-scaled-e1732645420607-768x337.jpg 768w, https:\/\/buerger-mengkofen.de\/wp-content\/uploads\/2024\/11\/Jung-und-Alt-legte-gemeinsam-Hand-an-scaled-e1732645420607-1536x673.jpg 1536w, https:\/\/buerger-mengkofen.de\/wp-content\/uploads\/2024\/11\/Jung-und-Alt-legte-gemeinsam-Hand-an-scaled-e1732645420607-2048x898.jpg 2048w\" sizes=\"(max-width: 300px) 100vw, 300px\" \/>Es machte den Erwachsenen und den Sch\u00fclern gleicherma\u00dfen Spa\u00df, im Team zu arbeiten und so ging die Arbeit schnell von der Hand. Die gebackenen Pl\u00e4tzchen mussten noch glasiert und verziert werden, dann konnte man sie den Sch\u00fclern der siebten Klasse zum Verpacken \u00fcbergeben. <span style=\"font-size: 16px;\">Um f\u00fcr die rund 200 Besuche gen\u00fcgend Pl\u00e4tzchen zu haben, hatten mehrere Frauen auch zus\u00e4tzlich zu Hause gebacken. Die <\/span>sch\u00f6nen T\u00fcten mit den leckeren Pl\u00e4tzchen werden nun im Advent von den Vereinsmitgliedern an Personen verteilt, die am gesellschaftlichen Leben wegen ihres Alters oder ihrer angegriffen Gesundheit nicht mehr teilnehmen k\u00f6nnen. Dabei werden sich die Besucher auch f\u00fcr pers\u00f6nliche Gespr\u00e4che Zeit nehmen.<\/p><p align=\"justify\">\u00a0<\/p>\t\t\t\t\t\t\t\t<\/div>\n\t\t\t\t<\/div>\n\t\t\t\t<div class=\"elementor-element elementor-element-f153b5f elementor-widget elementor-widget-spacer\" data-id=\"f153b5f\" data-element_type=\"widget\" data-e-type=\"widget\" data-widget_type=\"spacer.default\">\n\t\t\t\t<div class=\"elementor-widget-container\">\n\t\t\t\t\t\t\t<div class=\"elementor-spacer\">\n\t\t\t<div class=\"elementor-spacer-inner\"><\/div>\n\t\t<\/div>\n\t\t\t\t\t\t<\/div>\n\t\t\t\t<\/div>\n\t\t\t\t<div class=\"elementor-element elementor-element-93bb745 elementor-invisible elementor-widget elementor-widget-text-editor\" data-id=\"93bb745\" data-element_type=\"widget\" data-e-type=\"widget\" data-settings=\"{&quot;_animation&quot;:&quot;fadeIn&quot;}\" data-widget_type=\"text-editor.default\">\n\t\t\t\t<div class=\"elementor-widget-container\">\n\t\t\t\t\t\t\t\t\t<h3>21.10.2024 &#8211; Vortrag Onlinebanking<\/h3><p>Der Verein B\u00fcrger f\u00fcr B\u00fcrger lud die Bev\u00f6lkerung zu einer Informationsveranstaltung zum Thema Onlinebanking ins Pfarrheim nach Mengkofen ein.<br \/>Frau Claudia Kroi\u00df, zertifizierte Electronic Banking-Beraterin der VR Bank Landau &#8211; Mengkofen begr\u00fc\u00dfte die G\u00e4ste und wies darauf hin, dass das Onlinebanking zur Abwicklung von Bankgesch\u00e4ften in Zukunft immer wichtiger werden wird.<br \/>Immer mehr Filialen schlie\u00dfen, es ist au\u00dferdem geplant Kontoauszugdrucker aus den Banken zu entfernen und so m\u00fcssen sich immer mehr Menschen mit diesem Thema besch\u00e4ftigen.<br \/>Es wird gew\u00fcnscht das der Kunde immer mehr Transaktionen von daheim aus\u00a0t\u00e4tigt. Es\u00a0besteht die M\u00f6glichkeit, dies \u00fcber einen PC, ein Tablet oder ein Smartphone zu erledigen.<br \/>So kann man bequem von zu Hause aus 24 Stunden am Tag und 365 Tage im Jahr Kontost\u00e4nde abrufen und \u00dcberweisungen ausf\u00fchren.<br \/>F\u00fcr den Onlinekunden entstehen weniger Kosten, da die Banken dort bessere Konditionen anbieten.<br \/>Um Onlinebanking ausf\u00fchren zu k\u00f6nnen, braucht man einen digitalen Schl\u00fcssel und eine PIN, dazu muss man sich an seine Hausbank wenden.<br \/>Frau Kroi\u00df betonte, dass diese Art von Bankgesch\u00e4ft sehr sicher sei, wenn bestimmte Sicherheitsvorkehrungen getroffen werden: Zugangsdaten d\u00fcrfen niemals an einen Dritten weitergeben werden, keine Speicherung der PIN am Computer, ein sicheres Passwort ist mindestens 8-stellig und muss alle 3 Monate ge\u00e4ndert werden.<img loading=\"lazy\" decoding=\"async\" class=\"alignleft wp-image-4076 \" src=\"https:\/\/buerger-mengkofen.de\/wp-content\/uploads\/2024\/11\/20241021_142325-scaled-e1730499021282-300x144.jpg\" alt=\"\" width=\"433\" height=\"208\" srcset=\"https:\/\/buerger-mengkofen.de\/wp-content\/uploads\/2024\/11\/20241021_142325-scaled-e1730499021282-300x144.jpg 300w, https:\/\/buerger-mengkofen.de\/wp-content\/uploads\/2024\/11\/20241021_142325-scaled-e1730499021282-1024x491.jpg 1024w, https:\/\/buerger-mengkofen.de\/wp-content\/uploads\/2024\/11\/20241021_142325-scaled-e1730499021282-768x368.jpg 768w, https:\/\/buerger-mengkofen.de\/wp-content\/uploads\/2024\/11\/20241021_142325-scaled-e1730499021282-1536x737.jpg 1536w, https:\/\/buerger-mengkofen.de\/wp-content\/uploads\/2024\/11\/20241021_142325-scaled-e1730499021282-2048x982.jpg 2048w\" sizes=\"(max-width: 433px) 100vw, 433px\" \/><br \/>Das Interesse an diesen Thema war sehr gro\u00df, die Referentin durfte im Anschluss an ihren Vortrag noch viele Fragen beantworten.<br \/>Der erste Vorsitzende Richard Baumgartner zeigte sich \u00fcberrascht \u00fcber das gro\u00dfe Interesse der Bev\u00f6lkerung an dieser Thematik. Mit einem Blumenstrau\u00df bedankte er sich f\u00fcr den interessanten und\u00a0 informativen Vortrag.<\/p>\t\t\t\t\t\t\t\t<\/div>\n\t\t\t\t<\/div>\n\t\t\t\t<div class=\"elementor-element elementor-element-148c092 elementor-invisible elementor-widget elementor-widget-text-editor\" data-id=\"148c092\" data-element_type=\"widget\" data-e-type=\"widget\" data-settings=\"{&quot;_animation&quot;:&quot;fadeIn&quot;}\" data-widget_type=\"text-editor.default\">\n\t\t\t\t<div class=\"elementor-widget-container\">\n\t\t\t\t\t\t\t\t\t<h3>18.11.2024 &#8211; Pflegefall! Was nun?<\/h3><p>Zu diesem interessanten Thema, veranstaltete der Verein B\u00fcrger f\u00fcr B\u00fcrger im Aitrachtal einen Nachmittag im Gasthaus Lochinger in Oberwackerstall. Vorsitzender Richard Baumgartner konnte dazu Frau Angelika Schebelle von der Caritas Sozialstation Straubing begr\u00fc\u00dfen.<\/p><p>Die Referentin erkl\u00e4rte, dass ein Pflegefall meistens ohne Vorwarnung eintritt.<br \/>Eine relativ r\u00fcstige Person kann durch einen Herzinfarkt, Schlaganfall oder Sturz pl\u00f6tzlich auf Pflege angewiesen sein.<br \/>Dann stellt sich die Frage, wie es weitergeht? Kann die Person im h\u00e4uslichen Umfeld gepflegt werden, eventuell unter Zuhilfenahme eines Pflegedienstes oder einer Tagespflegeeinrichtung? Kommt nur ein Pflegeheim in Frage? Wie ist die finanzielle Situation? Was bezahlt die Pflegekasse? Welche Antr\u00e4ge m\u00fcssen gestellt werden? Fragen, die sich unvorbereitet stellen und die Betroffenen h\u00e4ufig \u00fcberfordern. Zu all diesen Themen gab die Referentin ersch\u00f6pfend Auskunft. <br \/>Dazu kann man sich Hilfe holen bei der Pflegeberatung im Landratsamt, den Pflegeberatern der Pflegekassen, bei den Sozialstationen oder beim VdK.\u00a0<\/p><p><img loading=\"lazy\" decoding=\"async\" class=\"alignleft wp-image-4083 size-medium\" src=\"https:\/\/buerger-mengkofen.de\/wp-content\/uploads\/2024\/11\/Carolin-Fuchs-bedankte-sich-bei-Angelika-Schebelle-300x225.jpg\" alt=\"\" width=\"300\" height=\"225\" srcset=\"https:\/\/buerger-mengkofen.de\/wp-content\/uploads\/2024\/11\/Carolin-Fuchs-bedankte-sich-bei-Angelika-Schebelle-300x225.jpg 300w, https:\/\/buerger-mengkofen.de\/wp-content\/uploads\/2024\/11\/Carolin-Fuchs-bedankte-sich-bei-Angelika-Schebelle-1024x768.jpg 1024w, https:\/\/buerger-mengkofen.de\/wp-content\/uploads\/2024\/11\/Carolin-Fuchs-bedankte-sich-bei-Angelika-Schebelle-768x576.jpg 768w, https:\/\/buerger-mengkofen.de\/wp-content\/uploads\/2024\/11\/Carolin-Fuchs-bedankte-sich-bei-Angelika-Schebelle-1536x1152.jpg 1536w, https:\/\/buerger-mengkofen.de\/wp-content\/uploads\/2024\/11\/Carolin-Fuchs-bedankte-sich-bei-Angelika-Schebelle-2048x1536.jpg 2048w\" sizes=\"(max-width: 300px) 100vw, 300px\" \/><\/p><p>Auch der Verein B\u00fcrger f\u00fcr B\u00fcrger ist auf solche Fragen bestens vorbereitet. Einmal monatlich bietet er eine B\u00fcrgersprechstunde an. Der Verein verf\u00fcgt \u00fcber kompetente Ansprechpartner und steht auch gerne mit Rat und Tat zur Seite. Dabei leisten die zahlreichen ehrenamtlichen Helfer des Vereins wertvolle Hilfe zur Unterst\u00fctzung im Alltag.<br \/>Die zweite Vorsitzende Carolin Fuchs freute sich \u00fcber das gro\u00dfe Interesse der Bev\u00f6lkerung an diesem Thema und bedankte sich mit einem Blumenstrau\u00df bei Frau Schebelle.<\/p>\t\t\t\t\t\t\t\t<\/div>\n\t\t\t\t<\/div>\n\t\t\t\t<div class=\"elementor-element elementor-element-cae1f38 elementor-widget elementor-widget-spacer\" data-id=\"cae1f38\" data-element_type=\"widget\" data-e-type=\"widget\" data-widget_type=\"spacer.default\">\n\t\t\t\t<div class=\"elementor-widget-container\">\n\t\t\t\t\t\t\t<div class=\"elementor-spacer\">\n\t\t\t<div class=\"elementor-spacer-inner\"><\/div>\n\t\t<\/div>\n\t\t\t\t\t\t<\/div>\n\t\t\t\t<\/div>\n\t\t\t\t<div class=\"elementor-element elementor-element-54dc5e7 elementor-widget elementor-widget-spacer\" data-id=\"54dc5e7\" data-element_type=\"widget\" data-e-type=\"widget\" data-widget_type=\"spacer.default\">\n\t\t\t\t<div class=\"elementor-widget-container\">\n\t\t\t\t\t\t\t<div class=\"elementor-spacer\">\n\t\t\t<div class=\"elementor-spacer-inner\"><\/div>\n\t\t<\/div>\n\t\t\t\t\t\t<\/div>\n\t\t\t\t<\/div>\n\t\t\t\t<div class=\"elementor-element elementor-element-76851a0 elementor-widget elementor-widget-spacer\" data-id=\"76851a0\" data-element_type=\"widget\" data-e-type=\"widget\" data-widget_type=\"spacer.default\">\n\t\t\t\t<div class=\"elementor-widget-container\">\n\t\t\t\t\t\t\t<div class=\"elementor-spacer\">\n\t\t\t<div class=\"elementor-spacer-inner\"><\/div>\n\t\t<\/div>\n\t\t\t\t\t\t<\/div>\n\t\t\t\t<\/div>\n\t\t\t\t\t<\/div>\n\t\t\t\t<\/div>\n\t\t<div class=\"elementor-element elementor-element-d65aba7 e-flex e-con-boxed e-con e-parent\" data-id=\"d65aba7\" data-element_type=\"container\" data-e-type=\"container\">\n\t\t\t\t\t<div class=\"e-con-inner\">\n\t\t\t\t<div class=\"elementor-element elementor-element-b8dc89a elementor-invisible elementor-widget elementor-widget-text-editor\" data-id=\"b8dc89a\" data-element_type=\"widget\" data-e-type=\"widget\" data-settings=\"{&quot;_animation&quot;:&quot;fadeIn&quot;}\" data-widget_type=\"text-editor.default\">\n\t\t\t\t<div class=\"elementor-widget-container\">\n\t\t\t\t\t\t\t\t\t<h3>17.10.2024 -B\u00fcrger f\u00fcr B\u00fcrger aus Mengkofen besichtigt S\u00fcdzucker in Plattling<\/h3><p>Am 17.10.2024 besuchte der Verein B\u00fcrger f\u00fcr B\u00fcrger im Aitrachtal die Firma S\u00fcdzucker in Plattling.<img loading=\"lazy\" decoding=\"async\" class=\"alignleft size-medium wp-image-4069\" src=\"https:\/\/buerger-mengkofen.de\/wp-content\/uploads\/2024\/10\/Gruppenfoto-e1729458239785-300x203.jpg\" alt=\"\" width=\"300\" height=\"203\" srcset=\"https:\/\/buerger-mengkofen.de\/wp-content\/uploads\/2024\/10\/Gruppenfoto-e1729458239785-300x203.jpg 300w, https:\/\/buerger-mengkofen.de\/wp-content\/uploads\/2024\/10\/Gruppenfoto-e1729458239785-1024x691.jpg 1024w, https:\/\/buerger-mengkofen.de\/wp-content\/uploads\/2024\/10\/Gruppenfoto-e1729458239785-768x519.jpg 768w, https:\/\/buerger-mengkofen.de\/wp-content\/uploads\/2024\/10\/Gruppenfoto-e1729458239785-1536x1037.jpg 1536w, https:\/\/buerger-mengkofen.de\/wp-content\/uploads\/2024\/10\/Gruppenfoto-e1729458239785.jpg 1623w\" sizes=\"(max-width: 300px) 100vw, 300px\" \/><br \/>Herr Walter St\u00f6ger erwartete die G\u00e4ste bereits auf dem Werksgel\u00e4nde und gab einen groben \u00dcberblick \u00fcber die Anlieferung und Reinigung der R\u00fcben. Weitere Informationen wurden den Besuchern mit Hilfe eines Filmes in der Betriebskantine pr\u00e4sentiert. Der Film zeigte den genauen Ablauf, wie aus der R\u00fcbe ihr Saft und in weiteren Schritten dann der Kristallzucker gewonnen wird. F\u00fcr ein Kilogramm Zucker ben\u00f6tigt man nicht mehr als f\u00fcnf bis sechs R\u00fcben, die in circa acht Stunden den ganzen Prozess durchlaufen. Die Anlieferung erfolgt mit speziellen LKWs, gefahren von Landwirten aus der Region. W\u00e4hrend der Kampagne arbeiten im Dreischichtbetrieb ca. 240 Mitarbeiter rund um die Uhr und produzieren so j\u00e4hrlich ca. 300.000 Tonnen Zucker. Die ausgelaugten R\u00fcben werden als Schnitzel oder Pellets als Viehfutter oder an Biogasanlagen verkauft.<br \/>Mit vielen Informationen und ausger\u00fcstet mit Helm, Warnweste und Audioguide wurde gezeigt, wie in den sehr warmen und lauten Werkshallen die Verarbeitung abl\u00e4uft. Zum Abschluss wurden die G\u00e4ste noch mit einem kleinen Imbiss bewirtet auch ein kleines Geschenk konnte jeder Besucher mit nach Hause nehmen. Nach einem Gruppenfoto bedankte sich die zweite Vorsitzende Carolin Fuchs, welche diese informative Fahrt organisiert hatte, mit einem kleinen Pr\u00e4sent.<\/p>\t\t\t\t\t\t\t\t<\/div>\n\t\t\t\t<\/div>\n\t\t\t\t\t<\/div>\n\t\t\t\t<\/div>\n\t\t<div class=\"elementor-element elementor-element-c64ecc7 e-flex e-con-boxed e-con e-parent\" data-id=\"c64ecc7\" data-element_type=\"container\" data-e-type=\"container\">\n\t\t\t\t\t<div class=\"e-con-inner\">\n\t\t\t\t<div class=\"elementor-element elementor-element-5a10b7b elementor-widget elementor-widget-spacer\" data-id=\"5a10b7b\" data-element_type=\"widget\" data-e-type=\"widget\" data-widget_type=\"spacer.default\">\n\t\t\t\t<div class=\"elementor-widget-container\">\n\t\t\t\t\t\t\t<div class=\"elementor-spacer\">\n\t\t\t<div class=\"elementor-spacer-inner\"><\/div>\n\t\t<\/div>\n\t\t\t\t\t\t<\/div>\n\t\t\t\t<\/div>\n\t\t\t\t<div class=\"elementor-element elementor-element-c4caac2 elementor-invisible elementor-widget elementor-widget-text-editor\" data-id=\"c4caac2\" data-element_type=\"widget\" data-e-type=\"widget\" data-settings=\"{&quot;_animation&quot;:&quot;fadeIn&quot;}\" data-widget_type=\"text-editor.default\">\n\t\t\t\t<div class=\"elementor-widget-container\">\n\t\t\t\t\t\t\t\t\t<h3>10.10.2024 &#8211; Demenz vorbeugen &#8211; Vortrag in Steinbach<\/h3>\n<p>Im Rahmen der Bayerischen Demenzwoche lud der Verein B\u00fcrger f\u00fcr B\u00fcrger im Aitrachtal die Bev\u00f6lkerung ins Gasthaus Bergwinkl nach Steinbach zum Vortrag \u201eDemenz vorbeugen\u201c ein.<\/p>\n<p>Die zweite Versitzende Carolin Fuchs begr\u00fc\u00dfte die zahlreichen G\u00e4ste. Ihr besonderer Gru\u00df galt der Referentin, Frau Johanna Myllym\u00e4ki von der Fachstelle f\u00fcr Demenz und Pflege in Niederbayern.<\/p>\n<p><img loading=\"lazy\" decoding=\"async\" class=\"size-medium wp-image-4061 alignleft\" src=\"https:\/\/buerger-mengkofen.de\/wp-content\/uploads\/2024\/10\/Bild-1-e1728724653380-300x253.jpg\" alt=\"\" width=\"300\" height=\"253\" srcset=\"https:\/\/buerger-mengkofen.de\/wp-content\/uploads\/2024\/10\/Bild-1-e1728724653380-300x253.jpg 300w, https:\/\/buerger-mengkofen.de\/wp-content\/uploads\/2024\/10\/Bild-1-e1728724653380-1024x865.jpg 1024w, https:\/\/buerger-mengkofen.de\/wp-content\/uploads\/2024\/10\/Bild-1-e1728724653380-768x649.jpg 768w, https:\/\/buerger-mengkofen.de\/wp-content\/uploads\/2024\/10\/Bild-1-e1728724653380.jpg 1326w\" sizes=\"(max-width: 300px) 100vw, 300px\" \/><\/p>\n<p>Die Referentin erl\u00e4uterte die Problematik der immer \u00e4lter werden Gesellschaft und damit verbunden die umso wichtigere Vorbeugung von Demenz. Es gibt demnach mehrere Formen dieser Erkrankung, auch Alzheimer und Parkinson z\u00e4hlen dazu. Verbindungen der Nervenzellen werden im Gehirn unterbrochen oder durch Ablagerungen gesch\u00e4digt, so dass die Gedanken nur bedingt oder gar nicht mehr weiterverarbeitet werden k\u00f6nnen. Ursache oder Beschleuniger sind Kopfverletzungen, Kalkablagerungen, aber auch erbliche Faktoren.<\/p>\n<p>Da es bei dieser Krankheit bisher keine Heilung gibt, bleibt nur die M\u00f6glichkeit, prophylaktisch etwas dagegen zu tun \u2013 aber wie?<\/p>\n<p>Gest\u00fctzt auf viele Untersuchungen und Statistiken, kl\u00e4rte die Referentin auf, dass jeder selbst vorbeugen kann. Blutzucker, Blutdruck und Cholesterinwerte sollten stets gut eingestellt sein. Wichtig ist auch gutes Sehen und H\u00f6ren um mit der Umwelt in Kontakt zu bleiben. Ein weiterer wichtiger Punkt, den es zu beachten gibt,&nbsp; ist seinen K\u00f6rper fit zu halten. Bewegung ist das A und O, Spazierg\u00e4nge, Gymnastik oder Tanzen sind gut daf\u00fcr geeignet. Hauptsache regelm\u00e4\u00dfig.<\/p>\n<p>Ein ganz wesentlicher Punkt ist auch die Ern\u00e4hrung. Von Fastfood und Fertigprodukten sei dringend abzuraten, da dort oft viel Fett, Salz und Zucker versteckt ist.&nbsp;<span style=\"font-style: inherit; font-weight: inherit; background-color: var( --e-global-color-astglobalcolor6 ); color: var( --e-global-color-text ); font-family: var( --e-global-typography-text-font-family ), Sans-serif;\">Alkohol und Nikotin sind Zellenkiller und genau so wenig f\u00fcr den Alltag geeignet.&nbsp;<\/span><span style=\"font-style: inherit; font-weight: inherit; color: var( --e-global-color-text ); font-family: var( --e-global-typography-text-font-family ), Sans-serif; background-color: var( --e-global-color-astglobalcolor6 );\">Wichtig sind dagegen viel Obst und Gem\u00fcse, um den Vitaminbedarf zu decken.<\/span><\/p>\n<p>Nicht zu vergessen: Man muss ausreichend trinken, ca. 1,5 Liter t\u00e4glich &#8211; bestens geeignet ist daf\u00fcr unser Leitungswasser.<\/p>\n<p>Abschlie\u00dfend beantwortete die Referentin noch Fragen der Zuh\u00f6rer.<\/p>\n<p>Mit einem gro\u00dfen Applaus wurde der Vortrag beendet. Carolin Fuchs bedankte sich f\u00fcr den aufschlussreichen Vortrag bei Frau Myllym\u00e4ki und \u00fcberreichte ihr einen Blumenstrau\u00df.&nbsp;<span style=\"font-style: inherit; font-weight: inherit; background-color: var( --e-global-color-astglobalcolor6 ); color: var( --e-global-color-text ); font-family: var( --e-global-typography-text-font-family ), Sans-serif;\">Zusammenfassend brachte sie anschlie\u00dfend in humorvoller Weise den Hinweis an, dass der Verein alle Voraussetzungen erf\u00fcllt, um Demenz vorzubeugen: Sport, Spiel, Kontaktpflege und viele weitere interessante Veranstaltungen werden angeboten.<\/span><\/p>\n<p>Alle Aktivit\u00e4ten sind nachzulesen im Jahresprogramm des Vereins und auf der Homepage <a href=\"http:\/\/www.buerger-mengkofen.de\" target=\"_blank\" rel=\"noopener\">www.buerger-mengkofen.de<\/a>.<\/p>\t\t\t\t\t\t\t\t<\/div>\n\t\t\t\t<\/div>\n\t\t\t\t<div class=\"elementor-element elementor-element-d360413 elementor-widget elementor-widget-spacer\" data-id=\"d360413\" data-element_type=\"widget\" data-e-type=\"widget\" data-widget_type=\"spacer.default\">\n\t\t\t\t<div class=\"elementor-widget-container\">\n\t\t\t\t\t\t\t<div class=\"elementor-spacer\">\n\t\t\t<div class=\"elementor-spacer-inner\"><\/div>\n\t\t<\/div>\n\t\t\t\t\t\t<\/div>\n\t\t\t\t<\/div>\n\t\t\t\t<div class=\"elementor-element elementor-element-ac93faf elementor-invisible elementor-widget elementor-widget-text-editor\" data-id=\"ac93faf\" data-element_type=\"widget\" data-e-type=\"widget\" data-settings=\"{&quot;_animation&quot;:&quot;fadeIn&quot;}\" data-widget_type=\"text-editor.default\">\n\t\t\t\t<div class=\"elementor-widget-container\">\n\t\t\t\t\t\t\t\t\t<h3>23.10.2024 &#8211; Jubil\u00e4um &#8211; Vorstandssitzung von B\u00fcrger f\u00fcr B\u00fcrger<\/h3><p><img loading=\"lazy\" decoding=\"async\" class=\"alignleft wp-image-4056\" src=\"https:\/\/buerger-mengkofen.de\/wp-content\/uploads\/2024\/10\/230924_2-300x121.jpg\" alt=\"\" width=\"500\" height=\"202\" srcset=\"https:\/\/buerger-mengkofen.de\/wp-content\/uploads\/2024\/10\/230924_2-300x121.jpg 300w, https:\/\/buerger-mengkofen.de\/wp-content\/uploads\/2024\/10\/230924_2-1024x414.jpg 1024w, https:\/\/buerger-mengkofen.de\/wp-content\/uploads\/2024\/10\/230924_2-768x311.jpg 768w, https:\/\/buerger-mengkofen.de\/wp-content\/uploads\/2024\/10\/230924_2-1536x622.jpg 1536w, https:\/\/buerger-mengkofen.de\/wp-content\/uploads\/2024\/10\/230924_2-2048x829.jpg 2048w\" sizes=\"(max-width: 500px) 100vw, 500px\" \/><\/p><p>Gro\u00dfe Ereignisse werfen ihre Schatten voraus, so auch beim Verein B\u00fcrger f\u00fcr B\u00fcrger im Aitrachtal, der im kommenden Jahr sein 10-j\u00e4hriges Bestehen feiert. <br \/>Die Vorstandschaft ist bereits seit geraumer Zeit und in mehreren Sitzungen mit der Planung dieses Jubil\u00e4ums besch\u00e4ftigt. <br \/>Soviel sei schon mal verraten: die Feier findet am Sonntag, den 27.April 2025 statt. Sie wird um 10:00 Uhr mit einem Gottesdienst in der Kirche Mari\u00e4 Verk\u00fcndigung in Mengkofen er\u00f6ffnet, die darauf folgenden Feierlichkeiten finden im Barockstadel des Landgasthof zur Post in Mengkofen statt. <br \/>Genaue Einzelheiten werden zu einem sp\u00e4teren Zeitpunkt, voraussichtlich Anfang 2025, bekannt gegeben. <br \/>Der Verein, der f\u00fcr sein vielf\u00e4ltiges Programm bekannt ist, hat auch im Herbst 2024 noch einiges zu bieten. So zum Beispiel seine Halbtagesfahrt zur Zuckerfabrik nach Plattling am Donnerstag, den 17.10.2024, oder generations\u00fcbergreifend den Oma-Opa-Enkel Spaziergang am Montag, den 28.10 2024 (Herbstferien). Bei beiden Veranstaltungen sind noch Pl\u00e4tze frei, eine Anmeldung bei der zweiten Vorsitzenden Carolin Fuchs (08733-9392658) ist notwendig. <br \/>Au\u00dferdem findet, wie auch in den letzten Jahren, die interessante Schulungsreihe f\u00fcr die Alltagshelfer nach \u00a745a SBG XI statt. Der Kurs umfasst 30 Unterrichtseinheiten \u00e0 45 Minuten und findet an vier Samstagen im Oktober und November statt. Wer also schon immer mehr \u00fcber die Begleitung zu pflegender Menschen erfahren m\u00f6chte, ist auch kurzentschlossen herzlich willkommen. Der Kurs startet am kommenden Samstag, 12.10.2024 im Pfarrheim in Mengkofen. Bei offenen Fragen und zur Anmeldung stehen Richard Baumgartner (08733-1095) und Carolin Fuchs (08733-9392658) gerne zur Verf\u00fcgung. <br \/><u>Vorausschau auf 2025:<\/u><br \/>Im Jubil\u00e4umsjahr wird der Verein wieder ein vielf\u00e4ltiges Programm anbieten, das aus gegebenen Anlass viele H\u00f6hepunkte aufweisen wird. Das Programm erscheint wie jedes Jahr p\u00fcnktlich am 02. Dezember zur Adventsfeier des Vereins. <br \/>N\u00e4here Informationen zu allen Veranstaltungen und Aktivit\u00e4ten sind dem Jahresprogramm, welches in auch in Gesch\u00e4ften, Banken und Arztpraxen in der Gemeinde aufliegt, oder der Homepage <a href=\"http:\/\/www.buerger-mengkofen.de\">www.buerger-mengkofen.de<\/a> zu entnehmen.<\/p>\t\t\t\t\t\t\t\t<\/div>\n\t\t\t\t<\/div>\n\t\t\t\t<div class=\"elementor-element elementor-element-426097e elementor-invisible elementor-widget elementor-widget-text-editor\" data-id=\"426097e\" data-element_type=\"widget\" data-e-type=\"widget\" data-settings=\"{&quot;_animation&quot;:&quot;fadeIn&quot;}\" data-widget_type=\"text-editor.default\">\n\t\t\t\t<div class=\"elementor-widget-container\">\n\t\t\t\t\t\t\t\t\t<h3>10.10.2024 &#8211; Demenz vorbeugen &#8211; Vortrag in Steinbach<\/h3>\n<p>Im Rahmen der Bayerischen Demenzwoche lud der Verein B\u00fcrger f\u00fcr B\u00fcrger im Aitrachtal die Bev\u00f6lkerung ins Gasthaus Bergwinkl nach Steinbach zum Vortrag \u201eDemenz vorbeugen\u201c ein.<\/p>\n<p>Die zweite Versitzende Carolin Fuchs begr\u00fc\u00dfte die zahlreichen G\u00e4ste. Ihr besonderer Gru\u00df galt der Referentin, Frau Johanna Myllym\u00e4ki von der Fachstelle f\u00fcr Demenz und Pflege in Niederbayern.<\/p>\n<p><img loading=\"lazy\" decoding=\"async\" class=\"size-medium wp-image-4061 alignleft\" src=\"https:\/\/buerger-mengkofen.de\/wp-content\/uploads\/2024\/10\/Bild-1-e1728724653380-300x253.jpg\" alt=\"\" width=\"300\" height=\"253\" srcset=\"https:\/\/buerger-mengkofen.de\/wp-content\/uploads\/2024\/10\/Bild-1-e1728724653380-300x253.jpg 300w, https:\/\/buerger-mengkofen.de\/wp-content\/uploads\/2024\/10\/Bild-1-e1728724653380-1024x865.jpg 1024w, https:\/\/buerger-mengkofen.de\/wp-content\/uploads\/2024\/10\/Bild-1-e1728724653380-768x649.jpg 768w, https:\/\/buerger-mengkofen.de\/wp-content\/uploads\/2024\/10\/Bild-1-e1728724653380.jpg 1326w\" sizes=\"(max-width: 300px) 100vw, 300px\" \/><\/p>\n<p>Die Referentin erl\u00e4uterte die Problematik der immer \u00e4lter werden Gesellschaft und damit verbunden die umso wichtigere Vorbeugung von Demenz. Es gibt demnach mehrere Formen dieser Erkrankung, auch Alzheimer und Parkinson z\u00e4hlen dazu. Verbindungen der Nervenzellen werden im Gehirn unterbrochen oder durch Ablagerungen gesch\u00e4digt, so dass die Gedanken nur bedingt oder gar nicht mehr weiterverarbeitet werden k\u00f6nnen. Ursache oder Beschleuniger sind Kopfverletzungen, Kalkablagerungen, aber auch erbliche Faktoren.<\/p>\n<p>Da es bei dieser Krankheit bisher keine Heilung gibt, bleibt nur die M\u00f6glichkeit, prophylaktisch etwas dagegen zu tun \u2013 aber wie?<\/p>\n<p>Gest\u00fctzt auf viele Untersuchungen und Statistiken, kl\u00e4rte die Referentin auf, dass jeder selbst vorbeugen kann. Blutzucker, Blutdruck und Cholesterinwerte sollten stets gut eingestellt sein. Wichtig ist auch gutes Sehen und H\u00f6ren um mit der Umwelt in Kontakt zu bleiben. Ein weiterer wichtiger Punkt, den es zu beachten gibt,&nbsp; ist seinen K\u00f6rper fit zu halten. Bewegung ist das A und O, Spazierg\u00e4nge, Gymnastik oder Tanzen sind gut daf\u00fcr geeignet. Hauptsache regelm\u00e4\u00dfig.<\/p>\n<p>Ein ganz wesentlicher Punkt ist auch die Ern\u00e4hrung. Von Fastfood und Fertigprodukten sei dringend abzuraten, da dort oft viel Fett, Salz und Zucker versteckt ist.&nbsp;<span style=\"font-style: inherit; font-weight: inherit; background-color: var( --e-global-color-astglobalcolor6 ); color: var( --e-global-color-text ); font-family: var( --e-global-typography-text-font-family ), Sans-serif;\">Alkohol und Nikotin sind Zellenkiller und genau so wenig f\u00fcr den Alltag geeignet.&nbsp;<\/span><span style=\"font-style: inherit; font-weight: inherit; color: var( --e-global-color-text ); font-family: var( --e-global-typography-text-font-family ), Sans-serif; background-color: var( --e-global-color-astglobalcolor6 );\">Wichtig sind dagegen viel Obst und Gem\u00fcse, um den Vitaminbedarf zu decken.<\/span><\/p>\n<p>Nicht zu vergessen: Man muss ausreichend trinken, ca. 1,5 Liter t\u00e4glich &#8211; bestens geeignet ist daf\u00fcr unser Leitungswasser.<\/p>\n<p>Abschlie\u00dfend beantwortete die Referentin noch Fragen der Zuh\u00f6rer.<\/p>\n<p>Mit einem gro\u00dfen Applaus wurde der Vortrag beendet. Carolin Fuchs bedankte sich f\u00fcr den aufschlussreichen Vortrag bei Frau Myllym\u00e4ki und \u00fcberreichte ihr einen Blumenstrau\u00df.&nbsp;<span style=\"font-style: inherit; font-weight: inherit; background-color: var( --e-global-color-astglobalcolor6 ); color: var( --e-global-color-text ); font-family: var( --e-global-typography-text-font-family ), Sans-serif;\">Zusammenfassend brachte sie anschlie\u00dfend in humorvoller Weise den Hinweis an, dass der Verein alle Voraussetzungen erf\u00fcllt, um Demenz vorzubeugen: Sport, Spiel, Kontaktpflege und viele weitere interessante Veranstaltungen werden angeboten.<\/span><\/p>\n<p>Alle Aktivit\u00e4ten sind nachzulesen im Jahresprogramm des Vereins und auf der Homepage <a href=\"http:\/\/www.buerger-mengkofen.de\" target=\"_blank\" rel=\"noopener\">www.buerger-mengkofen.de<\/a>.<\/p>\t\t\t\t\t\t\t\t<\/div>\n\t\t\t\t<\/div>\n\t\t\t\t\t<\/div>\n\t\t\t\t<\/div>\n\t\t<div class=\"elementor-element elementor-element-8d6805a e-flex e-con-boxed e-con e-parent\" data-id=\"8d6805a\" data-element_type=\"container\" data-e-type=\"container\">\n\t\t\t\t\t<div class=\"e-con-inner\">\n\t\t\t\t<div class=\"elementor-element elementor-element-a59bf19 elementor-invisible elementor-widget elementor-widget-text-editor\" data-id=\"a59bf19\" data-element_type=\"widget\" data-e-type=\"widget\" data-settings=\"{&quot;_animation&quot;:&quot;fadeIn&quot;}\" data-widget_type=\"text-editor.default\">\n\t\t\t\t<div class=\"elementor-widget-container\">\n\t\t\t\t\t\t\t\t\t<h3>28.08.2024 &#8211; Der Verein B\u00fcrger f\u00fcr B\u00fcrger im Aitrachtal begr\u00fc\u00dft sein 300. Mitglied<\/h3>\n<p>Es war eine erfreuliche Vorstandschaftssitzung im August 2024, in der der erste Vorstand Richard Baumgartner verk\u00fcndete, dass die magische H\u00fcrde von 300 Mitgliedern noch vor dem erreichen des 10-j\u00e4hrigen Jubil\u00e4ums des Vereins geknackt wurde.<br>Dieses besondere Mitglied ist die Wahl-Mengkofenerin Christine Reitberger, die zusammen mit ihrem Mann Gerhard den Mitgliedsantrag beim Vorstandsmitglied Ludwig Hieninger abgab und so dem Verein beitrat. Dass ausgerechnet sie mit einem Blumenstrau\u00df und einem Besuch in ihrem Zuhause von Richard Baumgartner und seiner Vertreterin Carolin Fuchs begr\u00fc\u00dft wurde, ahnte die 65-J\u00e4hrige nicht, freute sich daf\u00fcr aber umso mehr.<br><img loading=\"lazy\" decoding=\"async\" class=\"alignleft wp-image-4038 size-medium\" src=\"https:\/\/buerger-mengkofen.de\/wp-content\/uploads\/2024\/08\/20240816_1910551-scaled-e1724857805160-300x247.jpg\" alt=\"\" width=\"300\" height=\"247\" srcset=\"https:\/\/buerger-mengkofen.de\/wp-content\/uploads\/2024\/08\/20240816_1910551-scaled-e1724857805160-300x247.jpg 300w, https:\/\/buerger-mengkofen.de\/wp-content\/uploads\/2024\/08\/20240816_1910551-scaled-e1724857805160-1024x843.jpg 1024w, https:\/\/buerger-mengkofen.de\/wp-content\/uploads\/2024\/08\/20240816_1910551-scaled-e1724857805160-768x632.jpg 768w, https:\/\/buerger-mengkofen.de\/wp-content\/uploads\/2024\/08\/20240816_1910551-scaled-e1724857805160-1536x1264.jpg 1536w, https:\/\/buerger-mengkofen.de\/wp-content\/uploads\/2024\/08\/20240816_1910551-scaled-e1724857805160-2048x1686.jpg 2048w\" sizes=\"(max-width: 300px) 100vw, 300px\" \/><\/p>\n<p>Viele Vereine leiden unter Mitgliederschwund. Nicht so der Verein B\u00fcrger f\u00fcr B\u00fcrger im Aitrachtal e.V. Er erfreut sich an einem stetigen Wachstum quer durch alle Altersstufen. Das Miteinander der Generationen, die Nachbarschaftshilfe und viele verschiedene Angebote im Bereich der Bewegung und Gesellschaftspflege sind nur ein paar Punkte, was den Verein, der im n\u00e4chsten Jahr sein 10-j\u00e4hriges Jubil\u00e4um feiern wird, ausmacht.Das umfangreiche Halbjahresprogramm liegt in den \u00f6rtlichen Gesch\u00e4ften, Banken und Arztpraxen aus und ist ebenso auf der Homepage des Vereins <a href=\"https:\/\/www.buerger-mengkofen.de\">www.buerger-mengkofen.de<\/a> einzusehen.<\/p>\n<p><\/p>\t\t\t\t\t\t\t\t<\/div>\n\t\t\t\t<\/div>\n\t\t\t\t<div class=\"elementor-element elementor-element-023d7ae elementor-widget elementor-widget-spacer\" data-id=\"023d7ae\" data-element_type=\"widget\" data-e-type=\"widget\" data-widget_type=\"spacer.default\">\n\t\t\t\t<div class=\"elementor-widget-container\">\n\t\t\t\t\t\t\t<div class=\"elementor-spacer\">\n\t\t\t<div class=\"elementor-spacer-inner\"><\/div>\n\t\t<\/div>\n\t\t\t\t\t\t<\/div>\n\t\t\t\t<\/div>\n\t\t\t\t\t<\/div>\n\t\t\t\t<\/div>\n\t\t<div class=\"elementor-element elementor-element-8dbad56 e-flex e-con-boxed e-con e-parent\" data-id=\"8dbad56\" data-element_type=\"container\" data-e-type=\"container\">\n\t\t\t\t\t<div class=\"e-con-inner\">\n\t\t\t\t<div class=\"elementor-element elementor-element-c9ddf0e elementor-invisible elementor-widget elementor-widget-text-editor\" data-id=\"c9ddf0e\" data-element_type=\"widget\" data-e-type=\"widget\" data-settings=\"{&quot;_animation&quot;:&quot;fadeIn&quot;}\" data-widget_type=\"text-editor.default\">\n\t\t\t\t<div class=\"elementor-widget-container\">\n\t\t\t\t\t\t\t\t\t<h3>13.08.2024 &#8211; Begeisterte Kinder beim Ferienprogramm<\/h3><p>Auch dieses Jahr beteiligte sich der Verein B\u00fcrger f\u00fcr B\u00fcrger im Aitrachtal e.V. wieder am beliebten Ferienprogramm der Gemeinde Mengkofen. Unter dem Motto \u201eAlte Spiele neu entdeckt\u201c freuten sich dieses Jahr 38 Kinder aus dem Gemeindegebiet darauf, verschiedene Spiele aus der Kindheit von Oma und Opa f\u00fcr sich zu entdecken.<br \/>Alle M\u00e4dchen und Jungen waren mit gro\u00dfer Begeisterung beim Sackh\u00fcpfen, Dosenwerfen, Seilh\u00fcpfen und vielen weiteren, oft schon vergessenen, Kinderspielen dabei.<\/p><p><img loading=\"lazy\" decoding=\"async\" class=\"size-medium wp-image-4030 alignleft\" src=\"https:\/\/buerger-mengkofen.de\/wp-content\/uploads\/2024\/08\/Sackhuepfen-e1724228339897-300x231.jpg\" alt=\"\" width=\"300\" height=\"231\" srcset=\"https:\/\/buerger-mengkofen.de\/wp-content\/uploads\/2024\/08\/Sackhuepfen-e1724228339897-300x231.jpg 300w, https:\/\/buerger-mengkofen.de\/wp-content\/uploads\/2024\/08\/Sackhuepfen-e1724228339897-1024x788.jpg 1024w, https:\/\/buerger-mengkofen.de\/wp-content\/uploads\/2024\/08\/Sackhuepfen-e1724228339897-768x591.jpg 768w, https:\/\/buerger-mengkofen.de\/wp-content\/uploads\/2024\/08\/Sackhuepfen-e1724228339897-1536x1182.jpg 1536w, https:\/\/buerger-mengkofen.de\/wp-content\/uploads\/2024\/08\/Sackhuepfen-e1724228339897.jpg 1840w\" sizes=\"(max-width: 300px) 100vw, 300px\" \/><\/p><p>Sogar Seile fertigten die Kinder mit altert\u00fcmlichen Ger\u00e4ten selbst an. Jedes Kind durfte einen von ihm selbst gedrehten Strick mit nach Hause nehmen.<\/p><p><img loading=\"lazy\" decoding=\"async\" class=\"alignnone size-medium wp-image-4031\" src=\"https:\/\/buerger-mengkofen.de\/wp-content\/uploads\/2024\/08\/Strickdrehen-e1724228504906-300x163.jpg\" alt=\"\" width=\"300\" height=\"163\" srcset=\"https:\/\/buerger-mengkofen.de\/wp-content\/uploads\/2024\/08\/Strickdrehen-e1724228504906-300x163.jpg 300w, https:\/\/buerger-mengkofen.de\/wp-content\/uploads\/2024\/08\/Strickdrehen-e1724228504906-1024x556.jpg 1024w, https:\/\/buerger-mengkofen.de\/wp-content\/uploads\/2024\/08\/Strickdrehen-e1724228504906-768x417.jpg 768w, https:\/\/buerger-mengkofen.de\/wp-content\/uploads\/2024\/08\/Strickdrehen-e1724228504906-1536x834.jpg 1536w, https:\/\/buerger-mengkofen.de\/wp-content\/uploads\/2024\/08\/Strickdrehen-e1724228504906.jpg 1663w\" sizes=\"(max-width: 300px) 100vw, 300px\" \/><\/p><p><img loading=\"lazy\" decoding=\"async\" class=\"size-medium wp-image-4032 alignnone\" src=\"https:\/\/buerger-mengkofen.de\/wp-content\/uploads\/2024\/08\/verschiedene-Spiele-e1724228612211-300x205.jpg\" alt=\"\" width=\"300\" height=\"205\" srcset=\"https:\/\/buerger-mengkofen.de\/wp-content\/uploads\/2024\/08\/verschiedene-Spiele-e1724228612211-300x205.jpg 300w, https:\/\/buerger-mengkofen.de\/wp-content\/uploads\/2024\/08\/verschiedene-Spiele-e1724228612211-1024x700.jpg 1024w, https:\/\/buerger-mengkofen.de\/wp-content\/uploads\/2024\/08\/verschiedene-Spiele-e1724228612211-768x525.jpg 768w, https:\/\/buerger-mengkofen.de\/wp-content\/uploads\/2024\/08\/verschiedene-Spiele-e1724228612211-1536x1050.jpg 1536w, https:\/\/buerger-mengkofen.de\/wp-content\/uploads\/2024\/08\/verschiedene-Spiele-e1724228612211.jpg 1876w\" sizes=\"(max-width: 300px) 100vw, 300px\" \/><img loading=\"lazy\" decoding=\"async\" class=\"alignnone size-medium wp-image-4033\" src=\"https:\/\/buerger-mengkofen.de\/wp-content\/uploads\/2024\/08\/Memory-e1724228724600-300x206.jpg\" alt=\"\" width=\"300\" height=\"206\" srcset=\"https:\/\/buerger-mengkofen.de\/wp-content\/uploads\/2024\/08\/Memory-e1724228724600-300x206.jpg 300w, https:\/\/buerger-mengkofen.de\/wp-content\/uploads\/2024\/08\/Memory-e1724228724600-1024x702.jpg 1024w, https:\/\/buerger-mengkofen.de\/wp-content\/uploads\/2024\/08\/Memory-e1724228724600-768x526.jpg 768w, https:\/\/buerger-mengkofen.de\/wp-content\/uploads\/2024\/08\/Memory-e1724228724600-1536x1053.jpg 1536w, https:\/\/buerger-mengkofen.de\/wp-content\/uploads\/2024\/08\/Memory-e1724228724600.jpg 1662w\" sizes=\"(max-width: 300px) 100vw, 300px\" \/><\/p><p>Zur Freude aller Beteiligten interessierte sich auch das lokale Fernsehen f\u00fcr diese Veranstaltung. Die beiden Vorsitzenden Richard Baumgartner und Carolin Fuchs begr\u00fc\u00dften mit gro\u00dfer\u00a0Freude das Kamerateam vom Sender Niederbayern TV und stellten in einem Interview den Verein und die Veranstaltung, die unter dem Motto \u201eMiteinander der Generationen\u201c steht, kurz vor.<\/p><p>Der Beitrag wurde am 14.08.2024 auf Niederbayern TV gesendet und kann in der Mediathek abgerufen werden, dazu einfach <a title=\"Zur Wiedergabe hier klicken: NiederbayernTV\" href=\"https:\/\/nbylandshut.s3-cdn.welocal.cloud\/media\/gm0ps40w5q68f\/i9cj4f0p6svxs\/videos\/154049.mp4\" target=\"_blank\" rel=\"nofollow noopener\" data-wplink-edit=\"true\">hier klicken: Niederbayern TV Mediathek Ferienprogramm 13.08.2024<\/a><\/p><p>Zum Schluss der Veranstaltung gab es eine gro\u00dfe Siegerehrung mit Urkunde und Gummib\u00e4rchen f\u00fcr jedes Kind. Annemarie Forster, die langj\u00e4hrige Leiterin des Ferienprogramms in Mengkofen, freute sich \u00fcber das Engagement des Vereins. Die Kinder best\u00e4tigten lautstark, dass man auch ohne Handy, Tablet und<br \/>Spielekonsole jede Menge Spa\u00df haben kann.<\/p><p><img loading=\"lazy\" decoding=\"async\" class=\"alignnone wp-image-4034 size-large\" src=\"https:\/\/buerger-mengkofen.de\/wp-content\/uploads\/2024\/08\/Gruppenfoto-e1724228797866-1024x561.jpg\" alt=\"\" width=\"1024\" height=\"561\" srcset=\"https:\/\/buerger-mengkofen.de\/wp-content\/uploads\/2024\/08\/Gruppenfoto-e1724228797866-1024x561.jpg 1024w, https:\/\/buerger-mengkofen.de\/wp-content\/uploads\/2024\/08\/Gruppenfoto-e1724228797866-300x164.jpg 300w, https:\/\/buerger-mengkofen.de\/wp-content\/uploads\/2024\/08\/Gruppenfoto-e1724228797866-768x421.jpg 768w, https:\/\/buerger-mengkofen.de\/wp-content\/uploads\/2024\/08\/Gruppenfoto-e1724228797866-1536x842.jpg 1536w, https:\/\/buerger-mengkofen.de\/wp-content\/uploads\/2024\/08\/Gruppenfoto-e1724228797866.jpg 1998w\" sizes=\"(max-width: 1024px) 100vw, 1024px\" \/><\/p>\t\t\t\t\t\t\t\t<\/div>\n\t\t\t\t<\/div>\n\t\t\t\t\t<\/div>\n\t\t\t\t<\/div>\n\t\t<div class=\"elementor-element elementor-element-89edd34 e-flex e-con-boxed e-con e-parent\" data-id=\"89edd34\" data-element_type=\"container\" data-e-type=\"container\">\n\t\t\t\t\t<div class=\"e-con-inner\">\n\t\t\t\t<div class=\"elementor-element elementor-element-7775f56 elementor-widget elementor-widget-spacer\" data-id=\"7775f56\" data-element_type=\"widget\" data-e-type=\"widget\" data-widget_type=\"spacer.default\">\n\t\t\t\t<div class=\"elementor-widget-container\">\n\t\t\t\t\t\t\t<div class=\"elementor-spacer\">\n\t\t\t<div class=\"elementor-spacer-inner\"><\/div>\n\t\t<\/div>\n\t\t\t\t\t\t<\/div>\n\t\t\t\t<\/div>\n\t\t\t\t\t<\/div>\n\t\t\t\t<\/div>\n\t\t<div class=\"elementor-element elementor-element-6cac202b e-flex e-con-boxed e-con e-parent\" data-id=\"6cac202b\" data-element_type=\"container\" data-e-type=\"container\">\n\t\t\t\t\t<div class=\"e-con-inner\">\n\t\t\t\t<div class=\"elementor-element elementor-element-428442b elementor-invisible elementor-widget elementor-widget-text-editor\" data-id=\"428442b\" data-element_type=\"widget\" data-e-type=\"widget\" data-settings=\"{&quot;_animation&quot;:&quot;fadeIn&quot;}\" data-widget_type=\"text-editor.default\">\n\t\t\t\t<div class=\"elementor-widget-container\">\n\t\t\t\t\t\t\t\t\t<h3>07.08.2024 &#8211; Sport am Vormittag<\/h3><h4><strong>Am Mittwoch geht`s per Rad zum G\u00e4ubodenvolksfest<\/strong><\/h4><p>Jeden Mittwoch treffen sich um 9 Uhr die Senioren aus dem Gemeindebereich zum Sport am Vormittag.<\/p><p><img loading=\"lazy\" decoding=\"async\" class=\"size-medium wp-image-4008 alignleft\" src=\"https:\/\/buerger-mengkofen.de\/wp-content\/uploads\/2024\/08\/Nach-einer-Kaffeepause-gehts-wieder-weiter-e1723232585740-300x230.jpg\" alt=\"\" width=\"300\" height=\"230\" srcset=\"https:\/\/buerger-mengkofen.de\/wp-content\/uploads\/2024\/08\/Nach-einer-Kaffeepause-gehts-wieder-weiter-e1723232585740-300x230.jpg 300w, https:\/\/buerger-mengkofen.de\/wp-content\/uploads\/2024\/08\/Nach-einer-Kaffeepause-gehts-wieder-weiter-e1723232585740-768x589.jpg 768w, https:\/\/buerger-mengkofen.de\/wp-content\/uploads\/2024\/08\/Nach-einer-Kaffeepause-gehts-wieder-weiter-e1723232585740.jpg 784w\" sizes=\"(max-width: 300px) 100vw, 300px\" \/>Beim \u00fcblichen Programm steht zun\u00e4chst eine Radtour und zum Abschluss eine Abk\u00fchlung in der Kneippanlage auf dem Programm. F\u00fcr kommenden Mittwoch haben sich die Organisatoren vorgenommen das G\u00e4ubodenvolksfest in Straubing anzusteuern. Dabei k\u00f6nnen sich auch gerne Radler anschlie\u00dfen, die ansonsten nicht bei den Mittwochsfahrten teilnehmen. Wie immer wird um 9 Uhr bei der Kneippanlage vor dem Kindergarten am Schwebach gestartet. Teilnehmen kann jeder, egal ob mit oder ohne E-Bike. Bei der Fahrt geht es nicht um Leistung, sondern um die Gesellschaftspflege. Bei der R\u00fcckfahrt ist noch eine Einkehr zu einer Kaffeepause geplant. Es ist keine Anmeldung erforderlich.<\/p>\t\t\t\t\t\t\t\t<\/div>\n\t\t\t\t<\/div>\n\t\t\t\t<div class=\"elementor-element elementor-element-9ea05dd elementor-widget elementor-widget-spacer\" data-id=\"9ea05dd\" data-element_type=\"widget\" data-e-type=\"widget\" data-widget_type=\"spacer.default\">\n\t\t\t\t<div class=\"elementor-widget-container\">\n\t\t\t\t\t\t\t<div class=\"elementor-spacer\">\n\t\t\t<div class=\"elementor-spacer-inner\"><\/div>\n\t\t<\/div>\n\t\t\t\t\t\t<\/div>\n\t\t\t\t<\/div>\n\t\t\t\t<div class=\"elementor-element elementor-element-9a228c6 elementor-invisible elementor-widget elementor-widget-text-editor\" data-id=\"9a228c6\" data-element_type=\"widget\" data-e-type=\"widget\" data-settings=\"{&quot;_animation&quot;:&quot;fadeIn&quot;}\" data-widget_type=\"text-editor.default\">\n\t\t\t\t<div class=\"elementor-widget-container\">\n\t\t\t\t\t\t\t\t\t<h3>18.07.2024 &#8211; &#8222;Ihr seid Helden des Alltags&#8220;<\/h3><h6>Der Verein \u201eB\u00fcrger f\u00fcr B\u00fcrger im Aitrachtal\u201c ist mit dem Ehrenamtspreis der Versicherungskammer-Stiftung ausgezeichnet worden und darf sich nicht nur \u00fcber ein Preisgeld von 5.000 Euro freuen, sondern auch \u00fcber eine besondere W\u00fcrdigung seiner Verdienste um das Ehrenamt. Landrat Werner Bumeder \u00fcberreichte den Preis an den Vorsitzenden Richard Baumgartner.<\/h6><p><img loading=\"lazy\" decoding=\"async\" class=\"alignnone wp-image-3988 size-large\" src=\"https:\/\/buerger-mengkofen.de\/wp-content\/uploads\/2024\/07\/PM-Ehrenamtspreis-Ehrung-scaled-e1721739447481-1024x750.jpg\" alt=\"\" width=\"1024\" height=\"750\" srcset=\"https:\/\/buerger-mengkofen.de\/wp-content\/uploads\/2024\/07\/PM-Ehrenamtspreis-Ehrung-scaled-e1721739447481-1024x750.jpg 1024w, https:\/\/buerger-mengkofen.de\/wp-content\/uploads\/2024\/07\/PM-Ehrenamtspreis-Ehrung-scaled-e1721739447481-300x220.jpg 300w, https:\/\/buerger-mengkofen.de\/wp-content\/uploads\/2024\/07\/PM-Ehrenamtspreis-Ehrung-scaled-e1721739447481-768x563.jpg 768w, https:\/\/buerger-mengkofen.de\/wp-content\/uploads\/2024\/07\/PM-Ehrenamtspreis-Ehrung-scaled-e1721739447481-1536x1125.jpg 1536w, https:\/\/buerger-mengkofen.de\/wp-content\/uploads\/2024\/07\/PM-Ehrenamtspreis-Ehrung-scaled-e1721739447481.jpg 1851w\" sizes=\"(max-width: 1024px) 100vw, 1024px\" \/><\/p><p>Als Vorstandsmitglied der Versicherungskammer-Stiftung hielt Franz Kr\u00e4nzler die Laudatio und lobte darin den wichtigen Dienst f\u00fcr das gesellschaftliche Miteinander.\u201eEure Gemeinde kann sich gl\u00fccklich und dankbar sch\u00e4tzen, dass sie so engagierte B\u00fcrger hat\u201c, so Kr\u00e4nzler. In jedem Regierungsbezirk wird eine Organisation mit dem Ehrenamtspreis dieser Stiftung ausgezeichnet. Allein in Niederbayern gab es 15 Vorschl\u00e4ge. Die Jury hat sich f\u00fcr den Mengkofener Verein entschieden, was auch B\u00fcrgermeister Thomas Hieninger freute, der ebenso gratulierte wie Dr. Martin Kreuzer, stv. Vorstandsvorsitzender der Sparkasse Niederbayern-Mitte.<br \/>\u201eIhr habt euch diesen Preis redlich verdient\u201c, sagte der Landrat. Schlie\u00dflich sei der Verein \u201eB\u00fcrger f\u00fcr B\u00fcrger im Aitrachtal\u201c ein leuchtendes Beispiel f\u00fcr gelebte N\u00e4chstenliebe. Mit viel Herzblut, unerm\u00fcdlichem Engagement und bewundernswerter Hingabe w\u00fcrden die aktiven Mitglieder das Leben ihrer Mitmenschen noch lebenswerter gestalten \u2013 sei es im Rahmen der Nachbarschaftshilfe, bei generations\u00fcbergreifenden Projekten, bei verschiedenen Gemeinschaftserlebnissen oder bei der monatlichen Sprechstunde mit wertvollen Beratungsangeboten. \u201eMan kann sagen, ihr seid stille Heldinnen und Helden des Alltags\u201c, so Werner Bumeder.<\/p><p>Der Vorsitzende des Vereins \u201eB\u00fcrger f\u00fcr B\u00fcrger im Aitrachtal\u201c, Richard Baumgartner, stellte den noch jungen Verein vor, der 2015 gegr\u00fcndet worden war und schon 300 Mitglieder z\u00e4hlt. Das Vereinslogo zeigt eine Br\u00fccke, auf der sich \u00e4ltere und junge Menschen treffen. Dies solle, so Baumgartner, das Miteinander der Generationen symbolisieren. Und genau das sei es auch, was den Verein ausmache.<\/p><p><img loading=\"lazy\" decoding=\"async\" class=\"alignleft wp-image-3989 size-large\" src=\"https:\/\/buerger-mengkofen.de\/wp-content\/uploads\/2024\/07\/PM-Ehrenamtspreis-Gruppe_quer-scaled-e1721739967216-1024x636.jpg\" alt=\"\" width=\"1024\" height=\"636\" srcset=\"https:\/\/buerger-mengkofen.de\/wp-content\/uploads\/2024\/07\/PM-Ehrenamtspreis-Gruppe_quer-scaled-e1721739967216-1024x636.jpg 1024w, https:\/\/buerger-mengkofen.de\/wp-content\/uploads\/2024\/07\/PM-Ehrenamtspreis-Gruppe_quer-scaled-e1721739967216-300x186.jpg 300w, https:\/\/buerger-mengkofen.de\/wp-content\/uploads\/2024\/07\/PM-Ehrenamtspreis-Gruppe_quer-scaled-e1721739967216-768x477.jpg 768w, https:\/\/buerger-mengkofen.de\/wp-content\/uploads\/2024\/07\/PM-Ehrenamtspreis-Gruppe_quer-scaled-e1721739967216-1536x954.jpg 1536w, https:\/\/buerger-mengkofen.de\/wp-content\/uploads\/2024\/07\/PM-Ehrenamtspreis-Gruppe_quer-scaled-e1721739967216-2048x1272.jpg 2048w\" sizes=\"(max-width: 1024px) 100vw, 1024px\" \/><\/p><p>Fotos: LRA Dingolfing-Landau<\/p>\t\t\t\t\t\t\t\t<\/div>\n\t\t\t\t<\/div>\n\t\t\t\t<div class=\"elementor-element elementor-element-76240d8 elementor-widget elementor-widget-spacer\" data-id=\"76240d8\" data-element_type=\"widget\" data-e-type=\"widget\" data-widget_type=\"spacer.default\">\n\t\t\t\t<div class=\"elementor-widget-container\">\n\t\t\t\t\t\t\t<div class=\"elementor-spacer\">\n\t\t\t<div class=\"elementor-spacer-inner\"><\/div>\n\t\t<\/div>\n\t\t\t\t\t\t<\/div>\n\t\t\t\t<\/div>\n\t\t<div class=\"elementor-element elementor-element-aaf190c e-con-full e-flex e-con e-child\" data-id=\"aaf190c\" data-element_type=\"container\" data-e-type=\"container\">\n\t\t\t\t<div class=\"elementor-element elementor-element-c23e336 elementor-invisible elementor-widget elementor-widget-text-editor\" data-id=\"c23e336\" data-element_type=\"widget\" data-e-type=\"widget\" data-settings=\"{&quot;_animation&quot;:&quot;fadeIn&quot;}\" data-widget_type=\"text-editor.default\">\n\t\t\t\t<div class=\"elementor-widget-container\">\n\t\t\t\t\t\t\t\t\t<h3>10.07.2024 &#8211; Ausflug zum Flughafen M\u00fcnchen<\/h3><p>Am 10.7.2024 fand der Jahresausflug des Vereins B\u00fcrger f\u00fcr B\u00fcrger im Aitrachtal e.V. statt. Bei herrlichem Sommerwetter startete der bis auf den letzten Platz besetzte Bus in Richtung Erdinger Moos zum Besucherpark des Flughafens von M\u00fcnchen. Dort angekommen war noch etwas Zeit f\u00fcr eine kurze Pause, bevor der Flughafen durch die Sicherheitsschleuse betreten werden konnte. Ohne Zwischenf\u00e4lle konnten alle 55 Mitfahrer in den Flughafenbus steigen. Die Fahrt startete am 78 Meter hohen Tower. Frau Monika Holing, die als G\u00e4stef\u00fchrerin im Bus mitfuhr, erkl\u00e4rte mit viel Charme den Flughafenbetrieb. So erkl\u00e4rte sie w\u00e4hrend des Passierens unz\u00e4hliger Flugzeuge einige Flugrouten der ca. 80 Fluggesellschaften, die in M\u00fcnchen starten und landen.<br \/>Symbole und Ziffern auf den Leitwerken der Flugzeuge lassen jede Maschine einer Fluggesellschaft zuordnen und sie auch eindeutig identifizieren. Allein die Lufthansa ist in M\u00fcnchen mit 260 Maschinen vertreten.<\/p><p style=\"font-size: 16px; font-style: normal; font-weight: 400;\"><img loading=\"lazy\" decoding=\"async\" class=\"alignleft wp-image-3980\" src=\"https:\/\/buerger-mengkofen.de\/wp-content\/uploads\/2024\/07\/Gruppenbild-scaled-e1721737183425-300x158.jpg\" alt=\"\" width=\"600\" height=\"317\" srcset=\"https:\/\/buerger-mengkofen.de\/wp-content\/uploads\/2024\/07\/Gruppenbild-scaled-e1721737183425-300x158.jpg 300w, https:\/\/buerger-mengkofen.de\/wp-content\/uploads\/2024\/07\/Gruppenbild-scaled-e1721737183425-1024x541.jpg 1024w, https:\/\/buerger-mengkofen.de\/wp-content\/uploads\/2024\/07\/Gruppenbild-scaled-e1721737183425-768x406.jpg 768w, https:\/\/buerger-mengkofen.de\/wp-content\/uploads\/2024\/07\/Gruppenbild-scaled-e1721737183425-1536x811.jpg 1536w, https:\/\/buerger-mengkofen.de\/wp-content\/uploads\/2024\/07\/Gruppenbild-scaled-e1721737183425-2048x1082.jpg 2048w\" sizes=\"(max-width: 600px) 100vw, 600px\" \/><\/p><p>Auch der derzeit gr\u00f6\u00dfte Flieger, der Airbus A380 mit 440 Sitzpl\u00e4tzen auf zwei Ebenen, konnte aus dem Bus begutachtet werden. Mehrmals w\u00f6chentlich erreicht dieser Airbus St\u00e4dte, wie San Francicso oder Toronto. Die Airline Emirates startet zweimal am Tag Richtung Asien und legt j\u00e4hrlich 200 Millia<span style=\"font-size: 16px;\">rden Flugkilometer zur\u00fcck. Die sehr wortgewandte Dame berichtete zudem, dass der Flughafen Franz-Josef-Strau\u00df eine Fl\u00e4che von 1.600 Hektar aufweise und <\/span><span style=\"font-size: 16px;\">zu einem Drittel aus Magerwiesen bestehe, worauf viele Wiesenbr\u00fcter ihren Nachwuchs heranziehen.<\/span><\/p><p>Nach dem Besuch der modernen Flughafenwelt ging der Ausflug weiter zum n\u00e4chsten Ziel, das die Tagestouristen zur\u00fcck in die Vergangenheit brachte: Die F\u00fchrung durch das Schloss Schlei\u00dfheim. Die Zeitreise ging in die Zeit von Kurf\u00fcrst Max Emanuel, der das Neue Schloss in Oberschlei\u00dfheim zum bestehenden Geb\u00e4udekomplex, der aus dem <span style=\"font-size: 16px;\">Alten Schloss und dem Lustschloss bestand, hinzubauen lie\u00df. Das Geb\u00e4ude wurde nach dem Vorbild vom Schloss Versailles im Barockstil errichtet. Der Schlosspark mit seiner \u00fcppigen Blumenpracht und mehreren Springbr<\/span>unnen ist f\u00fcr Besucher stets ge\u00f6ffnet, das Innere des Schlosses kann gegen Geb\u00fchr besichtigt werden. Die Schl\u00f6sserverwaltung vermittelt aber auch F\u00fchrungen durch das Schloss. Die Bayerische Staatsregierung nutzt das Schloss f\u00fcr Empf\u00e4nge und Staatsbankette, so auch die Landtagspr\u00e4sidentin f\u00fcr ihren allj\u00e4hrlichen Sommerempfang.<br \/>Der gelungene Tagesausflug, der Modernes und Vergangenes kombinierte, wurde abgerundet mit der Einkehr in der Tafernwirtschaft in Sch\u00f6nbrunn bei Landshut.<\/p>\t\t\t\t\t\t\t\t<\/div>\n\t\t\t\t<\/div>\n\t\t\t\t<\/div>\n\t\t\t\t\t<\/div>\n\t\t\t\t<\/div>\n\t\t<div class=\"elementor-element elementor-element-611bbecd e-flex e-con-boxed e-con e-parent\" data-id=\"611bbecd\" data-element_type=\"container\" data-e-type=\"container\">\n\t\t\t\t\t<div class=\"e-con-inner\">\n\t\t\t\t<div class=\"elementor-element elementor-element-684cbd97 elementor-widget elementor-widget-spacer\" data-id=\"684cbd97\" data-element_type=\"widget\" data-e-type=\"widget\" data-widget_type=\"spacer.default\">\n\t\t\t\t<div class=\"elementor-widget-container\">\n\t\t\t\t\t\t\t<div class=\"elementor-spacer\">\n\t\t\t<div class=\"elementor-spacer-inner\"><\/div>\n\t\t<\/div>\n\t\t\t\t\t\t<\/div>\n\t\t\t\t<\/div>\n\t\t\t\t<div class=\"elementor-element elementor-element-82542b8 elementor-invisible elementor-widget elementor-widget-text-editor\" data-id=\"82542b8\" data-element_type=\"widget\" data-e-type=\"widget\" data-settings=\"{&quot;_animation&quot;:&quot;fadeIn&quot;}\" data-widget_type=\"text-editor.default\">\n\t\t\t\t<div class=\"elementor-widget-container\">\n\t\t\t\t\t\t\t\t\t<h3>28.06.2024 \u2013 B\u00fcrger f\u00fcr B\u00fcrger im 10. Jahr aktiv<\/h3><h5>Entlastung f\u00fcr Pflegebed\u00fcrftige und deren Angeh\u00f6rige<\/h5><p>\u201eLebensqualit\u00e4t im Alter h\u00e4ngt wesentlich von den Gegebenheiten vor Ort ab. Der Seniorenpolitik in den Kommunen kommt daher eine gro\u00dfe Bedeutung zu. Gute Rahmenbedingungen f\u00fcr ein aktives, engagiertes und m\u00f6glichst gesundes \u00c4lterwerden sind genauso wichtig wie gute Strukturen der Sorge und Pflege\u201c, so der Focus des Jahresberichts 2023 der BAGSO (Bundesarbeitsgemeinschaft der Seniorenorganisationen).<br \/>Angebote zur gesellschaftlichen Teilhabe und zur Unterst\u00fctzung bei Hilfebed\u00fcrftigkeit sind entscheidend daf\u00fcr, dass Menschen an ihrem Wohnort gut und selbstst\u00e4ndig alt werden k\u00f6nnen. Den Kommunen kommt dabei eine wichtige Rolle zu, die im Sozialgesetzbuch (SGB) festgeschrieben ist. Rechtliche Grundlage hierf\u00fcr ist \u00a7 71 SGB XII. Die Vorgabe verpflichtet Landkreise und kreisfreie St\u00e4dte, ein Mindestma\u00df an Beratung und offenen Hilfsangeboten f\u00fcr \u00e4ltere Menschen bereitzuhalten.<\/p><p>Dass Altenarbeit in Kommunen nicht den \u201efreiwilligen Leistungen\u201c zugeordnet werden kann \u2013 wie es f\u00e4lschlicherweise h\u00e4ufig geschieht \u2013, stellte ein Rechtsgutachten 2022 klar.<\/p><h5>Ein vielf\u00e4ltiges Angebot f\u00fcr die Senioren im Aitrachtal<\/h5><p>In der Gemeinde Mengkofen leistet der Verein B\u00fcrger f\u00fcr B\u00fcrger einen sp\u00fcrbaren Beitrag zu diesen kommunalen Aufgaben. Das trifft sowohl f\u00fcr die gesellschaftliche Teilhabe \u00e4lterer Menschen, dem Miteinander der Generationen als auch f\u00fcr die Begleitung und Unterst\u00fctzung im Pflegefall zu.<br \/>Zweimal j\u00e4hrlich ver\u00f6ffentlicht der Verein ein vielf\u00e4ltiges Programm f\u00fcr Vortr\u00e4ge, Besichtigungen, Ausflugsfahrten, Spiele- und Filmnachmittage, einen gemeinsamen Mittagstisch, gesellige Feste und Musiknachmittage, regelm\u00e4\u00dfige Termine f\u00fcr sportliche Aktivit\u00e4ten wie Wassergymnastik, Jedermann-Turnen, Wandern, Radfahren, Bocciaspiel und Kegeln. Wesentliche Teile der Leistungen sind auch monatliche Sprechstunden zur Beratung bei allgemeinen Fragen zu Altersthemen und ganz besonders auch \u00fcber Angebote wie Besuchsdienste, Begleitung beim Einkaufen, zu Arztbesuchen oder Veranstaltungen.<\/p><p>Mit dem Projekt \u201eGenerationen digital in Verbindung\u201c hat die \u00e4ltere Generation mit Unterst\u00fctzung der Jugend die M\u00f6glichkeit ohne Scheu moderne Techniken wie Smartphone und Tablet spielerisch zu lernen.<\/p><h5>Beispielgebendes ehrenamtliches Engagement<\/h5><p>F\u00fcr diese Angebote kann der Verein auf vielf\u00e4ltig engagierte Ehrenamtliche bauen. Das trifft sowohl f\u00fcr die Organisation von Veranstaltungen, die Bewirtung bei Festen und gemeinsamen Nachmittagen, als auch f\u00fcr die Leitung von \u201eSport und Bewegung\u201c zu. Eine Sonderstellung f\u00fcr Seniorenorganisationen nimmt der Verein mit seinen Leistungen zur Unterst\u00fctzung im Alltag ein. F\u00fcr diese sogenannten niederschwelligen Angeboten zur Unterst\u00fctzung im Alltag stehen 27 ausgebildete Helferinnen und Helfer f\u00fcr regelm\u00e4\u00dfige Betreuung sowie f\u00fcr Alltagsbegleitung zur Verf\u00fcgung.<\/p><h5>Wertvolle Hilfe f\u00fcr Pflegebed\u00fcrftige<\/h5><p>Dabei ist besonders zu betonen, dass alle ehrenamtlichen Helfer durch eine f\u00fcnft\u00e4gige Schulung auf ihre Eins\u00e4tze vorbereitet sind und sich auch laufenden Fortbildungen unterziehen.<br \/><img loading=\"lazy\" decoding=\"async\" class=\"alignleft wp-image-3965\" src=\"https:\/\/buerger-mengkofen.de\/wp-content\/uploads\/2024\/07\/05_IMG_20240506_185153Schnitt-300x125.jpg\" alt=\"\" width=\"598\" height=\"250\" srcset=\"https:\/\/buerger-mengkofen.de\/wp-content\/uploads\/2024\/07\/05_IMG_20240506_185153Schnitt-300x125.jpg 300w, https:\/\/buerger-mengkofen.de\/wp-content\/uploads\/2024\/07\/05_IMG_20240506_185153Schnitt-1024x428.jpg 1024w, https:\/\/buerger-mengkofen.de\/wp-content\/uploads\/2024\/07\/05_IMG_20240506_185153Schnitt-768x321.jpg 768w, https:\/\/buerger-mengkofen.de\/wp-content\/uploads\/2024\/07\/05_IMG_20240506_185153Schnitt-1536x642.jpg 1536w, https:\/\/buerger-mengkofen.de\/wp-content\/uploads\/2024\/07\/05_IMG_20240506_185153Schnitt-2048x856.jpg 2048w\" sizes=\"(max-width: 598px) 100vw, 598px\" \/>Dadurch ist f\u00fcr die Helfer ihre T\u00e4tigkeit interessanter und die Hilfeempf\u00e4nger und deren Angeh\u00f6rigen gewinnbringender. Dass gerade im Bereich der Pflege f\u00fcr diese Unterst\u00fctzungsleistungen ein hoher Bedarf besteht, zeigt die Tatsache, dass seit dem Bestehen dieses Angebotes die Leistungen 2023 auf mehr als 2000 Stunden angestiegen sind und damit seit Bestehen in den vergangen vier Jahren mehr als verdreifacht wurden. Dank der zur Verf\u00fcgung stehenden 27 ausgebildeten aktiven Helfer, konnte die Nachfrage der letzten Jahre abgedeckt werden. Um das auch k\u00fcnftig gew\u00e4hrleisten zu k\u00f6nnen, bietet der Verein im Oktober und November eine weitere Schulungsreihe f\u00fcr Neueinsteiger an. Neben einer qualifizierten Betreuung durch die Helfer, haben die Leistungsempf\u00e4nger mit Pflegegrad den Vorteil, dass B\u00fcrger f\u00fcr B\u00fcrger vom Landesamt f\u00fcr Pflege als Einrichtung anerkannt und so mit den Pflegekassen im Rahmen des Entlastungsbetrages (125 \u20ac\/Mon.) abrechnen kann. Zur Steuerung der Eins\u00e4tze, Beratung und Betreuung sind als Fachkr\u00e4fte Elisabeth Bude und Regina Steubl t\u00e4tig. Sie leiten auch die regelm\u00e4\u00dfigen Austauschtreffen des Helferteams zur gegenseitigen Abstimmung und zur Gemeinschaftspflege.<\/p><h5>In knapp 10 Jahren f\u00fcr das Gemeinwohl eine Menge bewegt<\/h5><p>Inzwischen ist der Verein bereits im zehnten Jahr seines Bestehens in der Gemeinde Mengkofen aktiv und wird 2025 sein zehnj\u00e4hriges Bestehen feiern, bei dem mit Fug und Recht auf eine erfolgreiche Vergangenheit zur\u00fcckgeblickt werden kann.<\/p><p>W\u00e4hrend dieser Zeit haben alle Aktiven viel f\u00fcr das Gemeinwohl bewegen k\u00f6nnen, so dass man beim Verein B\u00fcrger f\u00fcr B\u00fcrger im Aitrachtal e.V. mit Stolz auf eine: \u201eSorgende Gemeinschaft\u201c blicken kann.<\/p>\t\t\t\t\t\t\t\t<\/div>\n\t\t\t\t<\/div>\n\t\t\t\t\t<\/div>\n\t\t\t\t<\/div>\n\t\t<div class=\"elementor-element elementor-element-22cecc7f e-flex e-con-boxed e-con e-parent\" data-id=\"22cecc7f\" data-element_type=\"container\" data-e-type=\"container\">\n\t\t\t\t\t<div class=\"e-con-inner\">\n\t\t\t\t<div class=\"elementor-element elementor-element-6b44dec4 elementor-invisible elementor-widget elementor-widget-text-editor\" data-id=\"6b44dec4\" data-element_type=\"widget\" data-e-type=\"widget\" data-settings=\"{&quot;_animation&quot;:&quot;fadeIn&quot;}\" data-widget_type=\"text-editor.default\">\n\t\t\t\t<div class=\"elementor-widget-container\">\n\t\t\t\t\t\t\t\t\t<h3>10.06.2024 &#8211; Vortr\u00e4ge, Besichtigungen, Ausfl\u00fcge und Aktivit\u00e4ten<\/h3><h5>Beim Seniorennachmittag hat BfB das Programm f\u00fcr das 2. Halbjahr vorgestellt<\/h5><p>Zum Aitrachtaler Volksfest stellte der Verein B\u00fcrger f\u00fcr B\u00fcrger das Programm f\u00fcr den Zeitraum Juli bis Dezember 2024 fertig. Am Rande des Seniorennachmittags informierten Carolin Fuchs und Richard Baumgartner B\u00fcrgermeister Thomas Hieninger \u00fcber das Angebot. Dieser zeigte sich beeindruckt von der Vielfalt und den informativen Inhalten. Er meinte: \u201eDa ist wirklich f\u00fcr jeden was dabei.\u201c<\/p><h3 style=\"font-style: normal;\"><img loading=\"lazy\" decoding=\"async\" class=\"size-medium wp-image-3872 alignleft\" src=\"https:\/\/buerger-mengkofen.de\/wp-content\/uploads\/2024\/06\/20240610_160433-scaled-e1719580497122-300x227.jpg\" alt=\"\" width=\"300\" height=\"227\" srcset=\"https:\/\/buerger-mengkofen.de\/wp-content\/uploads\/2024\/06\/20240610_160433-scaled-e1719580497122-300x227.jpg 300w, https:\/\/buerger-mengkofen.de\/wp-content\/uploads\/2024\/06\/20240610_160433-scaled-e1719580497122-1024x775.jpg 1024w, https:\/\/buerger-mengkofen.de\/wp-content\/uploads\/2024\/06\/20240610_160433-scaled-e1719580497122-768x581.jpg 768w, https:\/\/buerger-mengkofen.de\/wp-content\/uploads\/2024\/06\/20240610_160433-scaled-e1719580497122-1536x1163.jpg 1536w, https:\/\/buerger-mengkofen.de\/wp-content\/uploads\/2024\/06\/20240610_160433-scaled-e1719580497122-2048x1550.jpg 2048w\" sizes=\"(max-width: 300px) 100vw, 300px\" \/><\/h3><p>So umfasst das Angebot Tagesfahrten, Besichtigungen, Gemeinsames von Jung und Alt, Festen, Vortr\u00e4gen, Gesellschaftspflege, Aktivit\u00e4ten zu Bewegung und Sport, Spiele- und Filmnachmittage bis hin zu Schulungsangeboten f\u00fcr Hilfe im Alltag und Grundlagen zu digitalen Medien. Zur kostenlosen Mitnahme liegen die Hefte in den \u00f6rtlichen Banken, im Rathaus, in der Apotheke \u201eZur Post\u201c, den Wartezimmern der \u00c4rzte und im Getr\u00e4nkeabholmarkt Fleischmann auf.<br \/>Vortr\u00e4ge, Ausfl\u00fcge, Besichtigungen und Sprechstunden<br \/>Bereits am Mittwoch 10. Juli 8 Uhr ist Start zur Tagesfahrt. Dabei geht es zum Flughafen nach M\u00fcnchen und zum Schloss Schlei\u00dfheim. Ein Ausflug mit Wanderung zur Gutsalm Harlachberg vom \u201eTreff Aktiv\u201c schlie\u00dft sich am Dienstag 3. Sept. um 8 Uhr an. Mit einer Halbtagesfahrt zu \u201eS\u00fcdzucker\u201c mit F\u00fchrung am 17. Okt. 8 Uhr werden die Ausflugsfahrten f\u00fcr dieses Jahr abgeschlossen.<\/p><p>Mit der Reihe von Vortr\u00e4gen geht es weiter am Mittwoch 25. Sept. im Gasthaus Bergwinkl in Steinbach mit dem Thema \u201eDemenz vorbeugen &#8211; wie geht das?\u201c Was online Banking ist und ob ich im Alter das auch kann, dazu informiert eine Mitarbeiterin der VR-Bank am Montag 21. Okt. um 14 Uhr im Pfarrheim.<\/p><p>Ein beschwingter Nachmittag mit Gesang und Bildern des Jahres 2024 schlie\u00dft sich am Montag 11. Nov. ebenfalls im Pfarrheim an.<\/p><p>\u201ePflegefall \u2013 was nun?\u201c lautet das Vortragsthema im Gasthaus Loichinger in Oberwackerstall am Montag 18. November.<br \/>Anl\u00e4sslich der Bayerischen Demenzwoche zeigen wir am Montag 16. Sept. 14 Uhr im Pfarrheim den Film \u201eStill Alice &#8211; Mein Leben ohne gestern\u201c. Bei der monatlichen B\u00fcrgersprechstunde werden gerne Fragen und Problemen rund ums Alter beantwortet oder bei der Ausf\u00fcllung von Antr\u00e4gen sowie zur Vorsorge unterst\u00fctzt.<\/p><p><strong>Spielenachmittage, Bewegung und Sport sowie gemeinsames Oma-Opa-Enkelprogramm<\/strong><\/p><p>F\u00fcr alle, die sich k\u00f6rperlich und geistig fit halten wollen und dabei auch Gesellschaftspflege suchen, werden vielf\u00e4ltige M\u00f6glichkeiten geboten.<br \/>Jeden Dienstag startet der \u201eTreff Aktiv\u201c zur w\u00f6chentlichen Wanderung im Gemeindegebiet. Bis Mitte September ist jeden Mittwoch um 18 Uhr auf dem Beachvolleyballplatz am Sportgel\u00e4nde Boccia angesagt. Zum Sport am Vormittag ist ebenfalls am Mittwoch bereits um 9 Uhr zu einer Radtour mit anschlie\u00dfender Abk\u00fchlung in der Kneippanlage eingeladen. Dazu ist Treffpunkt an der neuen Kneippanlag beim Kindergarten. Ab Donnerstag 19. September startet Reinhard Menauer in der Schulsporthalle um 18 Uhr wieder mit der Jedermann Turnstunde. Sobald im Herbst wieder das Hallenbad \u00f6ffnet ist ab 16:30 Uhr Schwimmen angesagt und ab 17 Uhr wird unter fachkundiger Anleitung Wassergymnastik angeboten. F\u00fcr die Freunde des Kegelsports hei\u00dft es am 27. Sept., 25. Okt. und 29. Nov. auf der Kegelbahn des SVM um 18 Uhr \u201eGut Holz.\u201c Der Spielenachmittag im Pfarrheim wird jeweils Montag 9. Sept., 7. Okt. und 4. Nov. von 14 bis 17 Uhr stattfinden. Ein <strong>Schafkopfkurs f\u00fcr Neueinsteiger<\/strong> ist dabei ein besonderes Zuckerl.<\/p><p>Zu einem Herbstspaziergang von Oma-Opa und Enkel ergeht in den Allerheiligenferien besondere Einladung. Am Montag 28. Okt. treffen wir uns um 10 Uhr in S\u00fc\u00dfkofen um von dort nach Vogelsang zu wandern. Einkehr ist dann bei Alpakas, Katzen und K\u00fchen. Auch besteht Gelegenheit zum Basteln.\u00a0<\/p><p><strong>Gemeinsamer Mittagstisch, Unterst\u00fctzung im Alltag und Besuche in der Vorweihnachtzeit<\/strong><\/p><p>Zum gemeinsamen Mittagstisch \u201eAuf R\u00e4dern zum Essen\u201c geht es zweimal im Monat jeweils von 11.30 Uhr bis 13 Uhr abwechselnd in den Landgasthof \u201eZur Post\u201c und Primavera (ehemals Bistro). Dazu wird bei Bedarf ein Fahrdienst angeboten.<\/p><p>Auch Pflegebed\u00fcrftige lieben Abwechslung und brauchen Unterst\u00fctzung im Alltag. Hierf\u00fcr bieten die Helferinnen und Helfer regelm\u00e4\u00dfig Besuche und Begleitung zu Erledigungen an. Auch bei pflegenden Angeh\u00f6rigen ist eine\u00a0 stundenweise Entlastung sehr gesch\u00e4tzt.<br \/>Wer dabei mithelfen und sich selbst auch gerne in die Dienste der Nachbarschaftshilfe einbringen will, wird dabei nicht in das kalte Wasser geworfen. Wegen steigendem Bedarf und zunehmender Nachfrage bieten wir vom 12. Okt. bis 23. Nov. an f\u00fcnf Samstagen im Pfarrheim in Mengkofen erneut eine umfassende Schulungsreihe mit erfahrenen und praxisorientierten Referenten an. In drei Modulen von insgesamt 30 Unterrichtseinheiten wird das Wissen zu den Themen: \u201eBetreuung Pflegebed\u00fcrftiger\u201c, \u201eKommunikation und Begleitung\u201c sowie \u201eUnterst\u00fctzung in der Haushaltsf\u00fchrung\u201c vermittelt. Die Inhalte richten sich nicht nur an den Kreis der Helfer\/innen, auch pflegende Angeh\u00f6rige sind willkommen.<\/p><p>Mit der Aktion \u201eZeit und Freude schenken\u201c wollen Mitglieder des Vereins B\u00fcrger f\u00fcr B\u00fcrger vorweihnachtliche Aufmerksamkeit dem Kreis der \u00e4lteren und nicht mehr mobilen Gemeindeb\u00fcrgern ins Haus bringen. Dazu ist mit der Mittelschule wieder eine gemeinsame Backaktion vorgesehen.<\/p><p><strong>Feste und Feiern zum Jahresende<\/strong><br \/>Beim Oktoberfest im Seniorenheim am Freitag 20. Sept sind Heimbewohner und G\u00e4ste aus dem Ort eingeladen, miteinander bei s\u00fcffigem Bier und bayerischer Brotzeit beschwingt zu feiern und dabei auf freudige vergangene Erlebnisse zur\u00fcckzublicken. Mit der Adventsfeier am Montag 2. Dez. 14 Uhr werden wir uns bei Gl\u00fchwein und Stollen mit besinnlichen Geschichten und dem Trio Chordia auf die \u201estaade Zeit\u201c einstimmen.<\/p><p>Alle Angebote des Vereins sind auch f\u00fcr Nichtmitglieder offen. Pers\u00f6nliche Themen werden vertrauensvoll und unter dem Siegel der Verschwiegenheit behandelt.<\/p>\t\t\t\t\t\t\t\t<\/div>\n\t\t\t\t<\/div>\n\t\t\t\t\t<\/div>\n\t\t\t\t<\/div>\n\t\t<div class=\"elementor-element elementor-element-4af850f9 e-flex e-con-boxed e-con e-parent\" data-id=\"4af850f9\" data-element_type=\"container\" data-e-type=\"container\">\n\t\t\t\t\t<div class=\"e-con-inner\">\n\t\t\t\t<div class=\"elementor-element elementor-element-7d11faee elementor-widget elementor-widget-spacer\" data-id=\"7d11faee\" data-element_type=\"widget\" data-e-type=\"widget\" data-widget_type=\"spacer.default\">\n\t\t\t\t<div class=\"elementor-widget-container\">\n\t\t\t\t\t\t\t<div class=\"elementor-spacer\">\n\t\t\t<div class=\"elementor-spacer-inner\"><\/div>\n\t\t<\/div>\n\t\t\t\t\t\t<\/div>\n\t\t\t\t<\/div>\n\t\t\t\t\t<\/div>\n\t\t\t\t<\/div>\n\t\t<div class=\"elementor-element elementor-element-574ea5f4 e-flex e-con-boxed e-con e-parent\" data-id=\"574ea5f4\" data-element_type=\"container\" data-e-type=\"container\">\n\t\t\t\t\t<div class=\"e-con-inner\">\n\t\t\t\t<div class=\"elementor-element elementor-element-2597416a elementor-invisible elementor-widget elementor-widget-text-editor\" data-id=\"2597416a\" data-element_type=\"widget\" data-e-type=\"widget\" data-settings=\"{&quot;_animation&quot;:&quot;fadeIn&quot;}\" data-widget_type=\"text-editor.default\">\n\t\t\t\t<div class=\"elementor-widget-container\">\n\t\t\t\t\t\t\t\t\t<h3 align=\"center\">08.06.2024 &#8211; Interessante Fragen und Gespr\u00e4che am Infostand<\/h3><p>Beim Aitrachtaler Floh- und Tr\u00f6delmarkt am vergangenen Samstag standen Mitglieder des Vereins B\u00fcrger f\u00fcr B\u00fcrger auch mit Informationsmaterial \u00fcber Themen des Alters und Angebote des Vereins zur Verf\u00fcgung. Dabei nutzten viele Besucher die Gelegenheit sich \u00fcber aktuelle Themen und Versorgungsm\u00f6glichkeiten zu informieren.<\/p><p>Am Gl\u00fccksrad versuchten besonders die j\u00fcngsten Besucher des Marktes ihre Gewinnchancen, wobei die bereitliegenden Gewinne sehr gut ankamen.<\/p><p style=\"font-size: 16px; font-style: normal; font-weight: 400;\"><img loading=\"lazy\" decoding=\"async\" class=\"size-medium wp-image-3862 alignleft\" src=\"https:\/\/buerger-mengkofen.de\/wp-content\/uploads\/2024\/06\/20240608_090715ko-scaled-e1718808696508-300x191.jpg\" alt=\"\" width=\"300\" height=\"191\" srcset=\"https:\/\/buerger-mengkofen.de\/wp-content\/uploads\/2024\/06\/20240608_090715ko-scaled-e1718808696508-300x191.jpg 300w, https:\/\/buerger-mengkofen.de\/wp-content\/uploads\/2024\/06\/20240608_090715ko-scaled-e1718808696508-1024x653.jpg 1024w, https:\/\/buerger-mengkofen.de\/wp-content\/uploads\/2024\/06\/20240608_090715ko-scaled-e1718808696508-768x490.jpg 768w, https:\/\/buerger-mengkofen.de\/wp-content\/uploads\/2024\/06\/20240608_090715ko-scaled-e1718808696508-1536x979.jpg 1536w, https:\/\/buerger-mengkofen.de\/wp-content\/uploads\/2024\/06\/20240608_090715ko-scaled-e1718808696508-2048x1306.jpg 2048w\" sizes=\"(max-width: 300px) 100vw, 300px\" \/><\/p><p style=\"font-size: 16px; font-style: normal; font-weight: 400;\"><span style=\"font-size: 16px;\">Neben allgemeinen Fragen zu den Leistungen des Vereins standen grundlegende Fragen zur Pflege, zum Beurteilungsverfahren zur Feststellung eines Pflegegrades und den Leistungen bei einem Pflegefall im Mittelpunkt. Dabei fanden die Unterst\u00fctzungen im Alltag und Betreuungsangebote des Vereins gro\u00dfes Interesse. Dass dabei die Pfle<\/span><span style=\"font-size: 16px;\">gekassen \u00fcber den Entlastungsbetrag finanzielle Unterst\u00fctzung f\u00fcr die Betroffenen \u00fcbernehmen und B\u00fcrger f\u00fcr B\u00fcrger vom Landesamt f\u00fcr Pflege die Anerkennung zur Leistung dieser Dienste hat, war vielen der Passanten nicht bekannt. Dienste zur Unterst\u00fctzung im Alltag tragen nicht nur zur Erhaltung der k\u00f6rperlichen und geistigen F\u00e4higkeiten der Pflegebed\u00fcrftigen bei, sondern schaffen auch f\u00fcr die pflegenden Angeh\u00f6rigen zus\u00e4tzliche pers\u00f6nliche Freir\u00e4ume.<\/span><\/p><p>Eine gro\u00dfe Nachfrage haben auch die allgemeinen Angebote des Vereins f\u00fcr die zweite Jahresh\u00e4lfte erfahren. Die kostenlosen Programmhefte hier\u00fcber liegen zwischenzeitlich im Rathaus, den \u00f6rtlichen Banken und der Apotheke \u201eZur Post\u201c auf.<\/p><p>Der Verein bietet im Rahmen einer monatlichen B\u00fcrgersprechstunde in der Regel am dritten Mittwoch im Monat von 15 bis 16 Uhr die Gelegenheit sich \u00fcber Themen des Alters oder zur Ausf\u00fcllung von Antr\u00e4gen kundig zu machen. Hierzu ist jedoch eine Anmeldung unter Tel. 08733\/1095 n\u00f6tig.<\/p>\t\t\t\t\t\t\t\t<\/div>\n\t\t\t\t<\/div>\n\t\t\t\t\t<\/div>\n\t\t\t\t<\/div>\n\t\t<div class=\"elementor-element elementor-element-25b3860f e-flex e-con-boxed e-con e-parent\" data-id=\"25b3860f\" data-element_type=\"container\" data-e-type=\"container\">\n\t\t\t\t\t<div class=\"e-con-inner\">\n\t\t\t\t<div class=\"elementor-element elementor-element-39d3b4bc elementor-widget elementor-widget-spacer\" data-id=\"39d3b4bc\" data-element_type=\"widget\" data-e-type=\"widget\" data-widget_type=\"spacer.default\">\n\t\t\t\t<div class=\"elementor-widget-container\">\n\t\t\t\t\t\t\t<div class=\"elementor-spacer\">\n\t\t\t<div class=\"elementor-spacer-inner\"><\/div>\n\t\t<\/div>\n\t\t\t\t\t\t<\/div>\n\t\t\t\t<\/div>\n\t\t\t\t\t<\/div>\n\t\t\t\t<\/div>\n\t\t<div class=\"elementor-element elementor-element-ed80904 e-flex e-con-boxed e-con e-parent\" data-id=\"ed80904\" data-element_type=\"container\" data-e-type=\"container\">\n\t\t\t\t\t<div class=\"e-con-inner\">\n\t\t\t\t<div class=\"elementor-element elementor-element-81b630b elementor-invisible elementor-widget elementor-widget-text-editor\" data-id=\"81b630b\" data-element_type=\"widget\" data-e-type=\"widget\" data-settings=\"{&quot;_animation&quot;:&quot;fadeIn&quot;}\" data-widget_type=\"text-editor.default\">\n\t\t\t\t<div class=\"elementor-widget-container\">\n\t\t\t\t\t\t\t\t\t<h3>13.05.2024 &#8211; Besichtigung Betreutes Wohnen &#8222;Mengkofen Mitte&#8220;<\/h3><p class=\"western\" align=\"justify\"><span style=\"font-size: medium;\"><span style=\"color: #2a2a2a;\"><span style=\"font-family: Calibri, serif;\">Bei der Informationsveranstaltung von B\u00fcrger f\u00fcr B\u00fcrger in Kooperation mit dem Bautr\u00e4ger Konrad Meindl sen. konnten sich die Besucher einen Eindruck von den 23 Wohneinheiten bilden. Treffpunkt war im Gemeinschaftsraum von Haus 1. Da das Interesse von Seiten der Bev\u00f6lkerung sehr gro\u00df war, mussten zwei Gruppen gebildet werden. W\u00e4hrend Gruppe 1 von Konrad Meindl durch das ehemalige Grafwallner-Areal gef\u00fchrt wurde, stellte Richard Baumgartner den Verein B\u00fcrger f\u00fcr B\u00fcrger mit einer Powerpoint-Pr\u00e4sentation im Gemeinschaftsraum vor.<\/span><\/span><\/span><\/p><p class=\"western\" align=\"justify\"><span style=\"font-size: medium;\"><span style=\"color: #2a2a2a;\"><span style=\"font-family: Calibri, serif;\">B<\/span><\/span><\/span><span style=\"font-size: medium;\"><span style=\"color: #2a2a2a;\"><span style=\"font-family: Calibri, serif;\">eide H\u00e4user liegen ideal im Zentrum von Mengkofen und bieten damit f\u00fcr die Bewohner kurze Wege zur Decku<\/span><\/span><\/span><span style=\"font-family: Calibri, serif; font-size: 16px; color: #2a2a2a;\">ng des Tagesbedarfes.<\/span><\/p><p class=\"western\" align=\"justify\"><span style=\"font-size: medium;\"><span style=\"color: #2a2a2a;\"><span style=\"font-family: Calibri, serif;\">Die Besucher konnte<\/span><\/span><\/span><span style=\"font-family: Calibri, serif; font-size: 16px; color: #2a2a2a;\">n sich vielf\u00e4ltig informieren. Die beiden ann\u00e4hernd baugleichen H\u00e4user bieten Wohneinheiten zwischen 57m\u00b2 und 91m\u00b2. In der Tiefgarage stehen Stellpl\u00e4tze unterschiedlicher Breite und jeweils ein Lagerkeller je Wohnung zur Verf\u00fcgung. Die Geb\u00e4udeh\u00fclle erf\u00fcllt die Anforderungen von KfW40 und entspricht d<\/span><span style=\"font-family: Calibri, serif; font-size: 16px; color: #2a2a2a;\">amit dem Standard eines Effizienzhauses. Die Anlage ist an eine Hackschnitzel Fernw\u00e4rmeheizung angeschlossen. Die Wohnr\u00e4ume sind mit Einzell\u00fcftern und Energier\u00fcckgewinnung ausgestattet. Alle Geschosse sind bequem \u00fcber einen Fahrstuhl zu erreichen. Die kleinen Wohnungen, die aber sehr ger\u00e4umig wirken, sind neben dem Bad und freundlichem Wohnraum mit nur einem Schlafzimmer ausgestattet, w\u00e4hrend die gro\u00dfen \u00fcber ein zus\u00e4tzliches Zimmer z.B. f\u00fcr eine eventuelle P<\/span><span style=\"color: #2a2a2a; font-family: Calibri, serif; font-size: 16px;\">flegekraft verf\u00fcgen. Alle Wohnungen sind barrierefrei, verf\u00fcgen \u00fcber breite T\u00fcren und rollstuhlgerechte Funktionswege. Z.Zt. stehen noch acht Wohneinheiten f\u00fcr den Verkauf zur Verf\u00fcgung. Der Ausbau dieser R\u00e4ume ist bewusst zur\u00fcckgehalten, damit die Erwerber \u00fcber die Ausstattung z.B. Fliesen, B\u00f6den und Sanit\u00e4reinrichtung individuell w\u00e4hlen k\u00f6nnen.<\/span><\/p><p class=\"western\" align=\"justify\"><span style=\"font-size: medium;\"><span style=\"color: #2a2a2a;\"><span style=\"font-family: Calibri, serif;\">In dem Areal ist auch e<\/span><\/span><\/span><span style=\"font-family: Calibri, serif; font-size: 16px; color: #2a2a2a;\">in Haus 3 geplant, in dem eine Tagespflege, ein kleines Restaurant, ein Tagescafe und ein St\u00fctzpunktb\u00fcro des \u00f6rtlichen ambulanten Pflegedienstes im Erdgeschoss realisiert werden sollen. Die oberen Etagen werden f\u00fcr Eigentumswohnung<\/span><span style=\"font-size: 16px; font-family: Calibri, serif; color: #2a2a2a;\">en ausgebaut. Mit den beiden Lokalen wird die Anlage auch den Ortskern Mengkofens<\/span><span style=\"font-size: 16px; font-family: Calibri, serif; color: #2a2a2a;\">\u00a0beleben.<\/span><span style=\"font-size: medium;\"><span style=\"color: #2a2a2a;\"><span style=\"font-family: Calibri, serif;\">\u00a0<\/span><\/span><\/span><\/p><p style=\"font-size: 16px; font-style: normal; font-weight: 400;\"><img loading=\"lazy\" decoding=\"async\" class=\"alignleft wp-image-3835\" style=\"color: #2a2a2a; font-family: Calibri, serif; text-align: justify;\" src=\"https:\/\/buerger-mengkofen.de\/wp-content\/uploads\/2024\/05\/Besichtigung-betreutes-Wohnen-13.05.2024-e1715768655502-300x161.jpg\" alt=\"\" width=\"402\" height=\"216\" srcset=\"https:\/\/buerger-mengkofen.de\/wp-content\/uploads\/2024\/05\/Besichtigung-betreutes-Wohnen-13.05.2024-e1715768655502-300x161.jpg 300w, https:\/\/buerger-mengkofen.de\/wp-content\/uploads\/2024\/05\/Besichtigung-betreutes-Wohnen-13.05.2024-e1715768655502-768x412.jpg 768w, https:\/\/buerger-mengkofen.de\/wp-content\/uploads\/2024\/05\/Besichtigung-betreutes-Wohnen-13.05.2024-e1715768655502.jpg 946w\" sizes=\"(max-width: 402px) 100vw, 402px\" \/><span style=\"font-size: medium;\"><span style=\"color: #2a2a2a;\"><span style=\"font-family: Calibri, serif;\">F\u00fcr die Gruppe 2 stellte zwischenzeitlich der Vorsitzende des Vereins B\u00fcrger f\u00fcr B\u00fcrger, Richard Baumgartner, im Gemeinschaftsraum von Haus 1 den Verein vor. Baumgartner ging dabei besonders auf die Leistungen im Rahmen der Nachbarschaftshilfe ein. Hier leisten die ehrenamtlichen Helfer nicht nur wertvolle Dienst f\u00fcr Pflegebed\u00fcrftige zur Unterst\u00fctzung im Alltag, sondern sorgen auch f\u00fcr stundenweise Entlastung pflegender Angeh\u00f6riger. <\/span><span style=\"font-size: medium;\"><span style=\"color: #2a2a2a;\"><span style=\"font-family: Calibri, serif;\">Nach rund 45 Minuten wechselten die beiden Gruppen durch, bevor abschlie\u00dfend die Referenten f\u00fcr eine Fragerunde und auch Einzelgespr\u00e4che\u00a0zur Verf\u00fcgung standen. <\/span><\/span><\/span><\/span><\/span><\/p>\t\t\t\t\t\t\t\t<\/div>\n\t\t\t\t<\/div>\n\t\t\t\t\t<\/div>\n\t\t\t\t<\/div>\n\t\t<div class=\"elementor-element elementor-element-5e10bf69 e-flex e-con-boxed e-con e-parent\" data-id=\"5e10bf69\" data-element_type=\"container\" data-e-type=\"container\">\n\t\t\t\t\t<div class=\"e-con-inner\">\n\t\t\t\t<div class=\"elementor-element elementor-element-4ff3a0ed elementor-widget elementor-widget-spacer\" data-id=\"4ff3a0ed\" data-element_type=\"widget\" data-e-type=\"widget\" data-widget_type=\"spacer.default\">\n\t\t\t\t<div class=\"elementor-widget-container\">\n\t\t\t\t\t\t\t<div class=\"elementor-spacer\">\n\t\t\t<div class=\"elementor-spacer-inner\"><\/div>\n\t\t<\/div>\n\t\t\t\t\t\t<\/div>\n\t\t\t\t<\/div>\n\t\t\t\t\t<\/div>\n\t\t\t\t<\/div>\n\t\t<div class=\"elementor-element elementor-element-2c76101e e-flex e-con-boxed e-con e-parent\" data-id=\"2c76101e\" data-element_type=\"container\" data-e-type=\"container\">\n\t\t\t\t\t<div class=\"e-con-inner\">\n\t\t\t\t<div class=\"elementor-element elementor-element-5fd8e8d6 elementor-invisible elementor-widget elementor-widget-text-editor\" data-id=\"5fd8e8d6\" data-element_type=\"widget\" data-e-type=\"widget\" data-settings=\"{&quot;_animation&quot;:&quot;fadeIn&quot;}\" data-widget_type=\"text-editor.default\">\n\t\t\t\t<div class=\"elementor-widget-container\">\n\t\t\t\t\t\t\t\t\t<h3>21.04.2024 &#8211; Jahreshauptversammlung<\/h3><p>Am Sonntag, den 21.04.20204 fand im Landgasthof zur Post um 15 Uhr die Jahreshauptversammlung des Vereins B\u00fcrger f\u00fcr B\u00fcrger im Aitrachtal statt.<br \/>Der erste Vorsitzende Richard Baumgartner begr\u00fc\u00dfte die zahlreichen G\u00e4ste sehr herzlich.<br \/>Seine besonderen Gru\u00dfworte galten den Ehreng\u00e4sten, B\u00fcrgermeister Thomas Hieninger und Pfarrer Markus Schwarzer.<\/p><p>Die stellvertretende Vorsitzende Carolin Fuchs brachte im Anschluss ihre Freude \u00fcber die sehr gut besuchte Veranstaltung zum Ausdruck und fasste das abgelaufene Vereinsjahr zusammen, welches wieder den Jahreszeiten angepasst viele Highlights, besonders im gesellschaftlichen Bereich aufwies.<\/p><p><img loading=\"lazy\" decoding=\"async\" class=\"wp-image-3718 alignleft\" src=\"https:\/\/buerger-mengkofen.de\/wp-content\/uploads\/2024\/04\/20240421_151549-scaled-e1713860230154-300x153.jpg\" alt=\"\" width=\"400\" height=\"204\" srcset=\"https:\/\/buerger-mengkofen.de\/wp-content\/uploads\/2024\/04\/20240421_151549-scaled-e1713860230154-300x153.jpg 300w, https:\/\/buerger-mengkofen.de\/wp-content\/uploads\/2024\/04\/20240421_151549-scaled-e1713860230154-1024x522.jpg 1024w, https:\/\/buerger-mengkofen.de\/wp-content\/uploads\/2024\/04\/20240421_151549-scaled-e1713860230154-768x392.jpg 768w, https:\/\/buerger-mengkofen.de\/wp-content\/uploads\/2024\/04\/20240421_151549-scaled-e1713860230154-1536x783.jpg 1536w, https:\/\/buerger-mengkofen.de\/wp-content\/uploads\/2024\/04\/20240421_151549-scaled-e1713860230154-2048x1044.jpg 2048w\" sizes=\"(max-width: 400px) 100vw, 400px\" \/><\/p><p>Die Vorstellung der Leistungen der Nachbarschaftshilfe \u00fcbernahmen Elisabeth Bude und Regina Steubl.<\/p><p>Im weiteren Verlauf wurde die Neuausrichtung der Vorstandschaft vorgestellt. Seit fast 10 Jahren lag die gesamte Organisation in den H\u00e4nden von Richard Baumgartner, der diese Aufgabe mit viel Zeit und Herzblut aus\u00fcbte.<br \/>Nachdem der Verein aber sicher in die Zukunft gef\u00fchrt werden soll und dazu in den letzten Jahren auch sehr gewachsen ist, war es an der Zeit, die Vereinsf\u00fchrung auf mehrere Schultern zu verteilen. Dies gelang dank der hervorragenden Zusammenarbeit in der Vorstandschaft, was auch zur Entlastung des ersten Vorsitzenden beitrug.<\/p><figure id=\"attachment_3719\" aria-describedby=\"caption-attachment-3719\" style=\"width: 326px\" class=\"wp-caption alignleft\"><img loading=\"lazy\" decoding=\"async\" class=\"wp-image-3719\" src=\"https:\/\/buerger-mengkofen.de\/wp-content\/uploads\/2024\/04\/20240421_161014-scaled-e1713860535111-271x300.jpg\" alt=\"\" width=\"326\" height=\"360\" srcset=\"https:\/\/buerger-mengkofen.de\/wp-content\/uploads\/2024\/04\/20240421_161014-scaled-e1713860535111-271x300.jpg 271w, https:\/\/buerger-mengkofen.de\/wp-content\/uploads\/2024\/04\/20240421_161014-scaled-e1713860535111-927x1024.jpg 927w, https:\/\/buerger-mengkofen.de\/wp-content\/uploads\/2024\/04\/20240421_161014-scaled-e1713860535111-768x849.jpg 768w, https:\/\/buerger-mengkofen.de\/wp-content\/uploads\/2024\/04\/20240421_161014-scaled-e1713860535111-1390x1536.jpg 1390w, https:\/\/buerger-mengkofen.de\/wp-content\/uploads\/2024\/04\/20240421_161014-scaled-e1713860535111.jpg 1702w\" sizes=\"(max-width: 326px) 100vw, 326px\" \/><figcaption id=\"caption-attachment-3719\" class=\"wp-caption-text\"><span> v.l.: Carolin Fuchs, Regina Steubl, Elisabeth Bude, Richard Baumgartner<\/span><\/figcaption><\/figure><p>Anschlie\u00dfend wurden die Neuigkeiten aus der Nachbarschaftshilfe vorgestellt. Nachdem Anke K\u00fchnert ihr Amt als verantwortliche Fachkraft der Nachbarschaftshilfe Ende letzten Jahres niedergelegt hat, darf sich die wohl gr\u00f6\u00dfte Sparte des Vereins auf Elisabeth Bude und Regina Steubl als F\u00fchrungsteam freuen. Als Willkommensgru\u00df wurden Blumen \u00fcberreicht.<\/p><p>Die neue Homepage, zu erreichen unter <span style=\"color: #0000ff;\"><a href=\"http:\/\/www.buerger-mengkofen.de\/\">www.buerger-mengkofen.de<\/a><\/span> wurde vorgestellt. Dort sind nicht nur Berichte und allgemeine Informationen zu finden. Interessierte k\u00f6nnen sich in der Rubrik \u201eTermine\u201c immer \u00fcber die bevorstehenden Highlights informieren. Auch das beliebte Halbjahresprogrammheft ist in digitaler Form direkt auf der Startseite zu finden.<\/p><p>Es folgte der Kassenbericht, vorgetragen von Rupert Haselbeck. Die Kassenpr\u00fcfung, vertreten durch Frau Elfriede Tychsen, best\u00e4tigte die hervorragende Kassenf\u00fchrung und beantragte mit Lobesworten die Entlastung der Vorstandschaft.<br \/>Im weiteren Verlauf sprach B\u00fcrgermeister Hieninger ein Gru\u00dfwort, in dem er die gute Zusammenarbeit mit dem Verein und die Dankbarkeit, diesen in der Gemeinde zu haben, betonte. Im Anschluss betonte Pfarrer Schwarzer, dass er sich besonders \u00fcber die Nachbarschaftshilfe des Vereins freue, die kranke oder \u00e4ltere Gemeindeb\u00fcrger unterst\u00fctzt, um l\u00e4nger in den eigenen vier W\u00e4nden bleiben zu k\u00f6nnen.<\/p><p>Sehr interessant war der darauffolgende Ausblick auf das weitere Programm f\u00fcr 2024, das wie gewohnt wieder sehr vielf\u00e4ltig sein wird.<br \/>Richard Baumgartner stellte abschlie\u00dfend den Rufbus LanDi, als auch dessen Buchung und Abrechnung vor.<br \/>Nachdem keine W\u00fcnsche und Antr\u00e4ge ge\u00e4u\u00dfert wurden, konnte der abwechslungsreiche Nachmittag mit einer bayrischen Brotzeit beendet werden.<\/p>\t\t\t\t\t\t\t\t<\/div>\n\t\t\t\t<\/div>\n\t\t\t\t\t<\/div>\n\t\t\t\t<\/div>\n\t\t<div class=\"elementor-element elementor-element-759811cd e-flex e-con-boxed e-con e-parent\" data-id=\"759811cd\" data-element_type=\"container\" data-e-type=\"container\">\n\t\t\t\t\t<div class=\"e-con-inner\">\n\t\t\t\t<div class=\"elementor-element elementor-element-2272b5e2 elementor-widget elementor-widget-spacer\" data-id=\"2272b5e2\" data-element_type=\"widget\" data-e-type=\"widget\" data-widget_type=\"spacer.default\">\n\t\t\t\t<div class=\"elementor-widget-container\">\n\t\t\t\t\t\t\t<div class=\"elementor-spacer\">\n\t\t\t<div class=\"elementor-spacer-inner\"><\/div>\n\t\t<\/div>\n\t\t\t\t\t\t<\/div>\n\t\t\t\t<\/div>\n\t\t\t\t\t<\/div>\n\t\t\t\t<\/div>\n\t\t<div class=\"elementor-element elementor-element-3680d16e e-flex e-con-boxed e-con e-parent\" data-id=\"3680d16e\" data-element_type=\"container\" data-e-type=\"container\">\n\t\t\t\t\t<div class=\"e-con-inner\">\n\t\t\t\t<div class=\"elementor-element elementor-element-121ab5e4 elementor-invisible elementor-widget elementor-widget-text-editor\" data-id=\"121ab5e4\" data-element_type=\"widget\" data-e-type=\"widget\" data-settings=\"{&quot;_animation&quot;:&quot;fadeIn&quot;}\" data-widget_type=\"text-editor.default\">\n\t\t\t\t<div class=\"elementor-widget-container\">\n\t\t\t\t\t\t\t\t\t<h3>03.04.2024 &#8211; Oma-Opa-Enkel-Fahrt in den Tierpark Hellabrunn<\/h3><h3><img loading=\"lazy\" decoding=\"async\" class=\" wp-image-3164 alignleft\" src=\"https:\/\/buerger-mengkofen.de\/wp-content\/uploads\/2024\/04\/Unbenannt-300x144.png\" alt=\"\" width=\"446\" height=\"214\" srcset=\"https:\/\/buerger-mengkofen.de\/wp-content\/uploads\/2024\/04\/Unbenannt-300x144.png 300w, https:\/\/buerger-mengkofen.de\/wp-content\/uploads\/2024\/04\/Unbenannt-1024x491.png 1024w, https:\/\/buerger-mengkofen.de\/wp-content\/uploads\/2024\/04\/Unbenannt-768x368.png 768w, https:\/\/buerger-mengkofen.de\/wp-content\/uploads\/2024\/04\/Unbenannt-1536x736.png 1536w, https:\/\/buerger-mengkofen.de\/wp-content\/uploads\/2024\/04\/Unbenannt.png 1937w\" sizes=\"(max-width: 446px) 100vw, 446px\" \/><\/h3><p>Langweilige Osterferien? Nicht beim Verein B\u00fcrger f\u00fcr B\u00fcrger aus Mengkofen! Der Verein plante f\u00fcr dieses Jahr wieder eine Oma-Opa-Enkel-Fahrt. Am Mittwoch, den 03.04.2024 machten sich insgesamt 25 Gro\u00dfeltern mit ihren 28 Enkelkindern im Bus auf den Weg nach M\u00fcnchen. Das Ziel der Fahrt war der Tierpark Hellabrunn mit seinen mehr als 500 Tierarten auf \u00fcber 40 Hektar Fl\u00e4che. Interaktiv und spielerisch konnten die verschiedenen Lebensr\u00e4ume der Tiere erkundet und die Tiere selbst angesehen werden. Der Besuch am Spielplatz durfte nat\u00fcrlich nicht fehlen. Mit tollen Erlebnissen im Gep\u00e4ck, gl\u00fccklichen Gesichtern und trockenen F\u00fc\u00dfen fuhr die Gruppe wieder am Abend nach Hause.<\/p>\t\t\t\t\t\t\t\t<\/div>\n\t\t\t\t<\/div>\n\t\t\t\t\t<\/div>\n\t\t\t\t<\/div>\n\t\t<div class=\"elementor-element elementor-element-6f80007d e-flex e-con-boxed e-con e-parent\" data-id=\"6f80007d\" data-element_type=\"container\" data-e-type=\"container\">\n\t\t\t\t\t<div class=\"e-con-inner\">\n\t\t\t\t<div class=\"elementor-element elementor-element-65b07703 elementor-widget elementor-widget-spacer\" data-id=\"65b07703\" data-element_type=\"widget\" data-e-type=\"widget\" data-widget_type=\"spacer.default\">\n\t\t\t\t<div class=\"elementor-widget-container\">\n\t\t\t\t\t\t\t<div class=\"elementor-spacer\">\n\t\t\t<div class=\"elementor-spacer-inner\"><\/div>\n\t\t<\/div>\n\t\t\t\t\t\t<\/div>\n\t\t\t\t<\/div>\n\t\t\t\t\t<\/div>\n\t\t\t\t<\/div>\n\t\t<div class=\"elementor-element elementor-element-2063d6c9 e-flex e-con-boxed e-con e-parent\" data-id=\"2063d6c9\" data-element_type=\"container\" data-e-type=\"container\">\n\t\t\t\t\t<div class=\"e-con-inner\">\n\t\t\t\t<div class=\"elementor-element elementor-element-31819d8d elementor-invisible elementor-widget elementor-widget-text-editor\" data-id=\"31819d8d\" data-element_type=\"widget\" data-e-type=\"widget\" data-settings=\"{&quot;_animation&quot;:&quot;fadeIn&quot;}\" data-widget_type=\"text-editor.default\">\n\t\t\t\t<div class=\"elementor-widget-container\">\n\t\t\t\t\t\t\t\t\t<h3>28.03.2024 &#8211; Unterst\u00fctzung im Alltag wird dankbar angenommen<\/h3><p style=\"text-align: left;\"><strong>Die Nachbarschaftshilfe von B\u00fcrger f\u00fcr B\u00fcrger erf\u00e4hrt hohe Wertsch\u00e4tzung<\/strong><\/p><figure id=\"attachment_3107\" aria-describedby=\"caption-attachment-3107\" style=\"width: 288px\" class=\"wp-caption alignleft\"><img loading=\"lazy\" decoding=\"async\" class=\"wp-image-3107 size-medium\" src=\"https:\/\/buerger-mengkofen.de\/wp-content\/uploads\/2024\/03\/Die-beiden-Koordinatorinnen-der-NBH-Elisabeth-Bude-li-und-Regina-Steubl-mitte-mit-der-stellvertr.-Vorsitzenden-Carolin-Fuchs--e1712334383429-288x300.jpg\" alt=\"\" width=\"288\" height=\"300\" srcset=\"https:\/\/buerger-mengkofen.de\/wp-content\/uploads\/2024\/03\/Die-beiden-Koordinatorinnen-der-NBH-Elisabeth-Bude-li-und-Regina-Steubl-mitte-mit-der-stellvertr.-Vorsitzenden-Carolin-Fuchs--e1712334383429-288x300.jpg 288w, https:\/\/buerger-mengkofen.de\/wp-content\/uploads\/2024\/03\/Die-beiden-Koordinatorinnen-der-NBH-Elisabeth-Bude-li-und-Regina-Steubl-mitte-mit-der-stellvertr.-Vorsitzenden-Carolin-Fuchs--e1712334383429.jpg 647w\" sizes=\"(max-width: 288px) 100vw, 288px\" \/><figcaption id=\"caption-attachment-3107\" class=\"wp-caption-text\">v.l. Koordinatorinnen Elisabeth Bude und Regina Steubl<\/figcaption><\/figure><p><span style=\"font-size: medium;\">\u00a0Wer pflegebed\u00fcrftig ist, kann viele Dinge des Alltags nicht mehr alleine selbst\u00e4ndig bew\u00e4ltigen. Daher ist er auf fremde Hilfe durch die eigenen Kinder, den Schwiegerkindern, des Partners und vielfach zus\u00e4tzlich durch ambulante Pflegedienste angewiesen. Solange wie m\u00f6glich im eigenen Zuhause zu wohnen, das w\u00fcnschen sich die meisten auch bei Pflegebed\u00fcrftigkeit. Sowohl f\u00fcr die Pflegebed\u00fcrftigen selbst als auch f\u00fcr deren pflegende Angeh\u00f6rige treten dabei im Alltag h\u00e4ufig Probleme und Unterst\u00fctzungsbedarf auf. Zur Abhilfe hat deshalb der Gesetzgeber im Rahmen des Pflegegesetzes den sogenannten Entlastungsbetrag eingef\u00fchrt, auf den ab Pflegegrad 1 alle Pflegebed\u00fcrftigen zugreifen k\u00f6nnen. H\u00e4ufig k\u00f6nnen Betroffene diese M\u00f6glichkeit nicht nutzen, da das n\u00f6tige Angebot fehlt. Um im Gemeindebereich Mengkofen diese L\u00fccke zu f\u00fcllen, hat der Verein B\u00fcrger f\u00fcr B\u00fcrger seit 2020 die erforderlichen Voraussetzungen umgesetzt. <\/span><\/p><p><span style=\"font-size: medium;\"><b>Helfer und Helferinnen qualifiziert<\/b><\/span><\/p><p><span style=\"font-size: medium;\">Die Helferinnen und Helfer werden bei uns nicht ins kalte Wasser geworfen und absolvieren daher eine umfassende Schulung. Sie erfahren Kenntnisse in der Betreuung Pflegebed\u00fcrftiger, trainieren Kommunikation mit \u00c4lteren, erhalten Wissen \u00fcber altersbedingte Krankheiten und sind auch \u00fcber grundlegende Kriterien der Pflegekasse informiert. Bei ihrem Dienst werden sie von den beiden Fachkr\u00e4ften Elisabeth Bude und Regina Steubl unterst\u00fctzt. Diese leiten auch die n\u00f6tigen Koordinationstreffen des gesamten Teams. Weiter bilden sich unsere Aktiven in individuellen Fortbildungen weiter. Schwerpunktm\u00e4\u00dfig sind durch die Helfer im letzten Jahr Begleitung bei Arztbesuchen, Beh\u00f6rdeng\u00e4ngen, Begleitung beim Einkaufen und zu Veranstaltungsbesuchen durchgef\u00fchrt worden. Bei Besuchen im h\u00e4uslichen Bereich konzentrierten sich die Themen auf Unterhaltung, Spazierg\u00e4nge, Beaufsichtigung oder Spiele. Kernst\u00fcck unser Arbeit ist, Betroffene aktiv in den Alltag einzubinden und damit k\u00f6rperliche und kognitive F\u00e4higkeiten zu f\u00f6rdern und dabei auch zu fordern. <\/span><\/p><p><span style=\"font-size: medium;\"><b>Mehr als 2000 Stunden Hilfeleistung <\/b><\/span><\/p><p><span style=\"font-size: medium;\">Von den im letzten Jahr aktiven Helfern wurden mehr als 2000 Stunden ehrenamtlich Unterst\u00fctzung und Hilfe geleistet und dabei mehr als 12.000 km zur\u00fcckgelegt. Bemerkenswert dabei ist, dass sich der Bedarf an Betreuung seit 2020, dem Jahr der Einf\u00fchrung mit damals gut 500 Stunden seither ann\u00e4hernd vervierfacht hat. Bisher konnten die Anfragen in den meisten F\u00e4llen bedient werden. Nachdem durch die Schulung im Herbst 2023 weitere sieben Helferinnen und Helfer zur Verf\u00fcgung stehen, kann auch weiterer Bedarf bedient werden. Die Leistungen unserer Nachbarschaftshilfe werden nicht nur sehr rege angenommen, wir erfahren auch hohe Anerkennung. Unseren Ehrenamtlichen wird von Seiten der Pflegebed\u00fcrftigen gro\u00dfe Dankbarkeit entgegengebracht. Die Hilfebed\u00fcrftigen erfahren bei unseren Eins\u00e4tzen auch mehr Lebensqualit\u00e4t. Die pflegenden Angeh\u00f6rigen sprechen uns hohe Anerkennung und Dankbarkeit zu, da unsere Unterst\u00fctzung f\u00fcr sie pers\u00f6nlich Freir\u00e4ume schafft. <\/span><\/p><p><span style=\"font-size: medium;\">Zusammenfassend k\u00f6nnen wir feststellen: Die Entscheidung des Vereins, das allgemeine Angebot um die \u201eUnterst\u00fctzung im Alltag\u201c in der Gemeinde Mengkofen zu erweitern, hat sich bestens bew\u00e4hrt. Es wurde damit ein weiterer Baustein zur Bew\u00e4ltigung der Herausforderungen des demographischen Wandels geschaffen. <\/span><\/p><p><span style=\"font-size: medium;\">Damit wir auch k\u00fcnftig die Nachfragen bedienen k\u00f6nnen, plant der Verein im Herbst dieses Jahres eine weitere Schulungsreihe f\u00fcr ehrenamtliche Helfer.<\/span><\/p>\t\t\t\t\t\t\t\t<\/div>\n\t\t\t\t<\/div>\n\t\t\t\t\t<\/div>\n\t\t\t\t<\/div>\n\t\t<div class=\"elementor-element elementor-element-5e31693 e-flex e-con-boxed e-con e-parent\" data-id=\"5e31693\" data-element_type=\"container\" data-e-type=\"container\">\n\t\t\t\t\t<div class=\"e-con-inner\">\n\t\t\t\t<div class=\"elementor-element elementor-element-9347496 elementor-widget elementor-widget-spacer\" data-id=\"9347496\" data-element_type=\"widget\" data-e-type=\"widget\" data-widget_type=\"spacer.default\">\n\t\t\t\t<div class=\"elementor-widget-container\">\n\t\t\t\t\t\t\t<div class=\"elementor-spacer\">\n\t\t\t<div class=\"elementor-spacer-inner\"><\/div>\n\t\t<\/div>\n\t\t\t\t\t\t<\/div>\n\t\t\t\t<\/div>\n\t\t\t\t\t<\/div>\n\t\t\t\t<\/div>\n\t\t<div class=\"elementor-element elementor-element-37ca4d5 e-flex e-con-boxed e-con e-parent\" data-id=\"37ca4d5\" data-element_type=\"container\" data-e-type=\"container\">\n\t\t\t\t\t<div class=\"e-con-inner\">\n\t\t\t\t<div class=\"elementor-element elementor-element-c9ccc7a elementor-invisible elementor-widget elementor-widget-text-editor\" data-id=\"c9ccc7a\" data-element_type=\"widget\" data-e-type=\"widget\" data-settings=\"{&quot;_animation&quot;:&quot;fadeIn&quot;}\" data-widget_type=\"text-editor.default\">\n\t\t\t\t<div class=\"elementor-widget-container\">\n\t\t\t\t\t\t\t\t\t<h3>18.03.2024 &#8211; Ned mit mir &#8211; Die Maschen der Gauner durchschauen<\/h3><p><strong>\u201eIch, diesen Betr\u00fcgern auf den Leim gehen, das schafft bei mir keiner!\u201c<br \/><br \/><\/strong>Doch die Akten der Polizei sprechen eine andere Sprache. Mehr als 2 Millionen Euro Betrugsschadensumme alleine in Niederbayern weist die Statistik der Schadensf\u00e4lle im Jahr 2022 aus. Hinter dieser Zahl versteckt sich noch zus\u00e4tzlich eine nicht aktenkundige Dunkelziffer. Auch der Kreisseniorenrat besch\u00e4ftigte sich seit L\u00e4ngerem mit dem Treiben falscher Telefonanrufer, vorget\u00e4uschtem Gl\u00fcck bei Gewinnspielen und Schockanrufen. Zielgruppe sind dabei h\u00e4ufig \u00e4ltere B\u00fcrger. Franz Voit hatte dabei die z\u00fcndende Idee: Die Pr\u00e4ventionsarbeit auch mal von der humoristischen Seite zus\u00e4tzlich zu beleuchten. So entwickelte sich eine runde Sache: Die Polizei kl\u00e4rt auf, Tom Bauer sorgt f\u00fcr den n\u00f6tigen heiteren Hintergrund, der Kreisseniorenrat wirbt f\u00fcr m\u00f6glichst viele Besucher und der Landkreis unterst\u00fctzt finanziell die insgesamt f\u00fcnf landkreisweiten Veranstaltungen.<br \/>So konnte Sybille Bauer von der Seniorenkontaktstelle des Landratsamtes im voll besetzten Poststadl in Mengkofen ein interessiertes Publikum, darunter B\u00fcrgermeister Thomas Hieninger, begr\u00fc\u00dfen. Richard Baumgartner vom Kreisseniorenrat riet, dem f\u00fcr alle G\u00e4ste bereitgelegten Mauspad m\u00f6glichst neben dem Telefon einen festen Platz zu geben, um im Falle eines Lockanrufes eine Ged\u00e4chtnisst\u00fctze und die erforderlichen Telefonnummern parat zu haben. Auch die Banken werden leider auch h\u00e4ufig mit unterschiedlichen Betrugsmaschen konfrontiert. Der \u00f6rtliche Zweigstellenleiter der Sparkasse, Herr Simmel, hob bei seinem Gru\u00dfwort hervor, dass Banken ihre Mitarbeiter permanent schulen, um auch \u00fcber aktuelle Betrugsmaschen aufkl\u00e4ren zu k\u00f6nnen.<\/p><figure id=\"attachment_2841\" aria-describedby=\"caption-attachment-2841\" style=\"width: 596px\" class=\"wp-caption alignleft\"><img loading=\"lazy\" decoding=\"async\" class=\"wp-image-2841\" style=\"font-style: inherit; font-weight: 600;\" src=\"https:\/\/buerger-mengkofen.de\/wp-content\/uploads\/2024\/03\/Wie-schnell-der-eigenen-Geldbeutel-verschwunden-sein-kann-merktt-Bgm-Hieninger-e1710965503115-300x191.jpg\" alt=\"\" width=\"596\" height=\"379\" srcset=\"https:\/\/buerger-mengkofen.de\/wp-content\/uploads\/2024\/03\/Wie-schnell-der-eigenen-Geldbeutel-verschwunden-sein-kann-merktt-Bgm-Hieninger-e1710965503115-300x191.jpg 300w, https:\/\/buerger-mengkofen.de\/wp-content\/uploads\/2024\/03\/Wie-schnell-der-eigenen-Geldbeutel-verschwunden-sein-kann-merktt-Bgm-Hieninger-e1710965503115-1024x651.jpg 1024w, https:\/\/buerger-mengkofen.de\/wp-content\/uploads\/2024\/03\/Wie-schnell-der-eigenen-Geldbeutel-verschwunden-sein-kann-merktt-Bgm-Hieninger-e1710965503115-768x488.jpg 768w, https:\/\/buerger-mengkofen.de\/wp-content\/uploads\/2024\/03\/Wie-schnell-der-eigenen-Geldbeutel-verschwunden-sein-kann-merktt-Bgm-Hieninger-e1710965503115.jpg 1275w\" sizes=\"(max-width: 596px) 100vw, 596px\" \/><figcaption id=\"caption-attachment-2841\" class=\"wp-caption-text\">Wie schnell der eigene Geldbeutel weg sein kann, merkt hier Bgm. Hieninger<\/figcaption><\/figure><p>Mit einer Kombination aus \u201eWarnung und saulustig\u201c f\u00fchrten Tom Bauer und der Pr\u00e4ventionsbeauftragte Rudi Schmuderer mit einem einst\u00fcndigen Programm die Besucher durch die facettenreichen Maschen der Betr\u00fcger. Ziel war dabei, dem Publikum nahe zu bringen, wie \u00fcberzeugend und real dabei von Seiten der Betr\u00fcger gearbeitet wird. Eindringlicher Rat vom Polizeihauptmeister dabei war es, m\u00f6glichst klaren Kopf zu bewahren, Kontrollanrufe zu\u00a0t\u00e4tigen oder das Telefon einfach einzuh\u00e4ngen.<\/p><p>Als eindringlichen Rat gaben die beiden Darsteller weiter, keine fremden Personen in das Haus oder die Wohnung zu lassen \u2013 egal ob sie sich als Polizeibeamte, Beauftragte vom Wasserwerk oder der Hausverwaltung vorstellen. Mit simplen Ablenkungen und schnellem Griff machen sie sich gekonnt Verm\u00f6gensgegenst\u00e4nde zu eigen.<\/p><p>Am Informationsstand der Polizei konnten sich die Teilnehmer noch mit umfassendem Material versorgen und spezielle Fragen stellen. Die Besucher waren beeindruckt von der bunten Mischung aus Aufkl\u00e4rung, n\u00fctzlichen Hinweisen, aber auch von der tiefgr\u00fcndigen humoristischen Vermittlung der doch sehr harten Materie.<\/p>\t\t\t\t\t\t\t\t<\/div>\n\t\t\t\t<\/div>\n\t\t\t\t\t<\/div>\n\t\t\t\t<\/div>\n\t\t<div class=\"elementor-element elementor-element-83d70ca e-flex e-con-boxed e-con e-parent\" data-id=\"83d70ca\" data-element_type=\"container\" data-e-type=\"container\">\n\t\t\t\t\t<div class=\"e-con-inner\">\n\t\t\t\t<div class=\"elementor-element elementor-element-4fb0e4f elementor-widget elementor-widget-spacer\" data-id=\"4fb0e4f\" data-element_type=\"widget\" data-e-type=\"widget\" data-widget_type=\"spacer.default\">\n\t\t\t\t<div class=\"elementor-widget-container\">\n\t\t\t\t\t\t\t<div class=\"elementor-spacer\">\n\t\t\t<div class=\"elementor-spacer-inner\"><\/div>\n\t\t<\/div>\n\t\t\t\t\t\t<\/div>\n\t\t\t\t<\/div>\n\t\t\t\t\t<\/div>\n\t\t\t\t<\/div>\n\t\t<div class=\"elementor-element elementor-element-768cf7f e-flex e-con-boxed e-con e-parent\" data-id=\"768cf7f\" data-element_type=\"container\" data-e-type=\"container\">\n\t\t\t\t\t<div class=\"e-con-inner\">\n\t\t\t\t<div class=\"elementor-element elementor-element-e143145 elementor-invisible elementor-widget elementor-widget-text-editor\" data-id=\"e143145\" data-element_type=\"widget\" data-e-type=\"widget\" data-settings=\"{&quot;_animation&quot;:&quot;fadeIn&quot;}\" data-widget_type=\"text-editor.default\">\n\t\t\t\t<div class=\"elementor-widget-container\">\n\t\t\t\t\t\t\t\t\t<h3 style=\"text-align: left;\">11.03.2024 &#8211; Besichtigung der alten Schmiede in Moosthenning<\/h3><p><img loading=\"lazy\" decoding=\"async\" class=\"alignleft wp-image-2654 size-medium\" src=\"https:\/\/buerger-mengkofen.de\/wp-content\/uploads\/2024\/03\/Schmid-beim-Schmieden-225x300.jpg\" alt=\"\" width=\"225\" height=\"300\" srcset=\"https:\/\/buerger-mengkofen.de\/wp-content\/uploads\/2024\/03\/Schmid-beim-Schmieden-225x300.jpg 225w, https:\/\/buerger-mengkofen.de\/wp-content\/uploads\/2024\/03\/Schmid-beim-Schmieden-768x1024.jpg 768w, https:\/\/buerger-mengkofen.de\/wp-content\/uploads\/2024\/03\/Schmid-beim-Schmieden-1152x1536.jpg 1152w, https:\/\/buerger-mengkofen.de\/wp-content\/uploads\/2024\/03\/Schmid-beim-Schmieden.jpg 1500w\" sizes=\"(max-width: 225px) 100vw, 225px\" \/>Das Interesse war sehr gro\u00df, als der Verein B\u00fcrger f\u00fcr B\u00fcrger die alte Schmiede in Moosthenning besuchte. In Fahrgemeinschaften machte sich die Gruppe auf den Weg in die Nachbargemeinde. Der Hausherr Elmar Spanner, ein Enkel des letzten Schmieds, begr\u00fc\u00dfte die Besucher sehr herzlich. Er stellte den gesamten Geb\u00e4udekomplex vor. Aus seinen Erl\u00e4uterungen war zu erfahren, dass das Anwesen nach und nach im 19. Jahrhundert errichtet wurde, den Abschluss der Bauma\u00dfnahmen bildete im Jahre 1891 die Schmiede.<\/p><p>Von 2019 bis 2022 wurde das gesamt Anwesen, das aus Stall, Wohnhaus und Schmiede besteht, innen und au\u00dfen renoviert und 2022 sogar mit dem Denkmalpreis des Bezirks Niederbayern ausgezeichnet. Das besondere Interesse galt allerdings der historischen Schmiede, die bis 1969 betrieben wurde und im Originalzustand erhalten ist.<\/p><p>In der Schmiede angekommen begr\u00fc\u00dfte Hans Benkhauser, der zwar kein Schmied ist, aber diesem Hobby mit gro\u00dfer Begeisterung nachgeht, die G\u00e4ste. Als erstes wurde in der Esse ein Feuer entfacht, mit Hilfe eines Blasebalgs wurde die Steinkohle schnell zum Gl\u00fchen gebracht. Der Hobbyschmid erkl\u00e4rte, wie man an der Farbe des zu schmiedenden Eisens den W\u00e4rmegrad erkennt. Bei 1000 bis 1200\u00b0C kann man Eisen gut bearbeiten, wird es aber hei\u00dfer, verbrennt Eisen bei ca. 1300 \u00b0C.<\/p><p>Geschickt bearbeitete er das hei\u00dfe Eisen auf dem Amboss. Es sind viele Hammerschl\u00e4ge n\u00f6tig, bis aus einer Eisenstange ein Gebrauchsgegenstand wird. Heute arbeiten die wenigen Schmiede, die es noch gibt, meistens als Kunstschmiede. Fr\u00fcher war die Arbeit des Schmieds sehr vielseitig. Im Mittelalter fertigte der Schmied Schwerter und sogar Ritterr\u00fcstungen an, auch Pferde und sogar Ochsen wurden beschlagen. Bis in die 1960ger Jahre gab es in nahezu jedem Dorf einen Schmied.<\/p><p>Dieser Besuch war eine Zeitreise in die Vergangenheit und wird den Besuchern noch lange in Erinnerung bleiben.<\/p>\t\t\t\t\t\t\t\t<\/div>\n\t\t\t\t<\/div>\n\t\t\t\t\t<\/div>\n\t\t\t\t<\/div>\n\t\t<div class=\"elementor-element elementor-element-d1f4778 e-flex e-con-boxed e-con e-parent\" data-id=\"d1f4778\" data-element_type=\"container\" data-e-type=\"container\">\n\t\t\t\t\t<div class=\"e-con-inner\">\n\t\t\t\t<div class=\"elementor-element elementor-element-e8c23c3 elementor-widget elementor-widget-spacer\" data-id=\"e8c23c3\" data-element_type=\"widget\" data-e-type=\"widget\" data-widget_type=\"spacer.default\">\n\t\t\t\t<div class=\"elementor-widget-container\">\n\t\t\t\t\t\t\t<div class=\"elementor-spacer\">\n\t\t\t<div class=\"elementor-spacer-inner\"><\/div>\n\t\t<\/div>\n\t\t\t\t\t\t<\/div>\n\t\t\t\t<\/div>\n\t\t\t\t\t<\/div>\n\t\t\t\t<\/div>\n\t\t<div class=\"elementor-element elementor-element-2faf033 e-flex e-con-boxed e-con e-parent\" data-id=\"2faf033\" data-element_type=\"container\" data-e-type=\"container\">\n\t\t\t\t\t<div class=\"e-con-inner\">\n\t\t\t\t<div class=\"elementor-element elementor-element-a11e99c elementor-invisible elementor-widget elementor-widget-text-editor\" data-id=\"a11e99c\" data-element_type=\"widget\" data-e-type=\"widget\" data-settings=\"{&quot;_animation&quot;:&quot;fadeIn&quot;}\" data-widget_type=\"text-editor.default\">\n\t\t\t\t<div class=\"elementor-widget-container\">\n\t\t\t\t\t\t\t\t\t<h3>15.01.2024 &#8211; Vortrag zur Ern\u00e4hrung ab der Lebensmitte<\/h3><p><img loading=\"lazy\" decoding=\"async\" class=\"alignleft wp-image-2645 size-medium\" src=\"https:\/\/buerger-mengkofen.de\/wp-content\/uploads\/2024\/03\/IMG_20240115_144014-225x300.jpg\" alt=\"\" width=\"225\" height=\"300\" srcset=\"https:\/\/buerger-mengkofen.de\/wp-content\/uploads\/2024\/03\/IMG_20240115_144014-225x300.jpg 225w, https:\/\/buerger-mengkofen.de\/wp-content\/uploads\/2024\/03\/IMG_20240115_144014-768x1024.jpg 768w, https:\/\/buerger-mengkofen.de\/wp-content\/uploads\/2024\/03\/IMG_20240115_144014-1152x1536.jpg 1152w, https:\/\/buerger-mengkofen.de\/wp-content\/uploads\/2024\/03\/IMG_20240115_144014-1536x2048.jpg 1536w, https:\/\/buerger-mengkofen.de\/wp-content\/uploads\/2024\/03\/IMG_20240115_144014-scaled.jpg 1920w\" sizes=\"(max-width: 225px) 100vw, 225px\" \/>Am Montag, den 15.01.2024 fand ein sehr interessanter Vortrag zum Thema \u201eErn\u00e4hrung ab der Lebensmitte\u201c im Gasthaus Bergwinkl in Steinbach statt. Hierf\u00fcr engagierte der Verein B\u00fcrger f\u00fcr B\u00fcrger im Aitrachtal e.V. die \u00d6kotrophologin Simone Heilmeier, die im Auftrag f\u00fcr das Amt f\u00fcr Ern\u00e4hrung, Landwirtschaft und Forsten t\u00e4tig ist. Da sich ab der Lebensmitte der K\u00f6rper und auch der Stoffwechsel ver\u00e4ndern, ist es notwendig, den pers\u00f6nlichen Lebensstil anzupassen. Der verminderte Kalorienbedarf, die reduzierte Muskelmasse und das verringerte Durstgef\u00fchl d\u00fcrfen kein Ausl\u00f6ser daf\u00fcr sein, weniger N\u00e4hrstoffe und Fl\u00fcssigkeit, besonders Wasser, aufzunehmen. Die Referentin gab praktische Alltagstipps, wie man den Speiseplan umstellen und trotzdem leckeres Essen mit der passenden Menge an N\u00e4hrstoffen zu sich nehmen kann, wie beispielsweise Vollkorn statt Wei\u00dfmehl, f\u00fcnf Portionen Obst und Gem\u00fcse am Tag, Beachten der Ern\u00e4hrungspyramide etc. Auch das Thema Bewegung darf dabei nat\u00fcrlich nicht zu kurz kommen, sowohl regelm\u00e4\u00dfiges Ausdauertraining, wie etwa Spazierengehen, als auch Krafttraining mit Hilfe von \u00dcbungen oder das Besuchen von Sport- oder Gymnastikgruppen. Haus- und Gartenarbeit d\u00fcrfen hierbei nicht unbeachtet bleiben und z\u00e4hlen ebenso zu den Bewegungseinheiten. Die Zuh\u00f6rer waren von Frau Heilmeiers Tipps begeistert und wurden im Anschluss mit gesunden Rezepten und Informationsmaterialien versorgt.<\/p>\t\t\t\t\t\t\t\t<\/div>\n\t\t\t\t<\/div>\n\t\t\t\t\t<\/div>\n\t\t\t\t<\/div>\n\t\t<div class=\"elementor-element elementor-element-1a5a6e6c e-flex e-con-boxed e-con e-parent\" data-id=\"1a5a6e6c\" data-element_type=\"container\" data-e-type=\"container\">\n\t\t\t\t\t<div class=\"e-con-inner\">\n\t\t\t\t<div class=\"elementor-element elementor-element-12b6fda0 elementor-widget elementor-widget-spacer\" data-id=\"12b6fda0\" data-element_type=\"widget\" data-e-type=\"widget\" data-widget_type=\"spacer.default\">\n\t\t\t\t<div class=\"elementor-widget-container\">\n\t\t\t\t\t\t\t<div class=\"elementor-spacer\">\n\t\t\t<div class=\"elementor-spacer-inner\"><\/div>\n\t\t<\/div>\n\t\t\t\t\t\t<\/div>\n\t\t\t\t<\/div>\n\t\t\t\t\t<\/div>\n\t\t\t\t<\/div>\n\t\t<div class=\"elementor-element elementor-element-4de0293d e-flex e-con-boxed e-con e-parent\" data-id=\"4de0293d\" data-element_type=\"container\" data-e-type=\"container\">\n\t\t\t\t\t<div class=\"e-con-inner\">\n\t\t\t\t\t<\/div>\n\t\t\t\t<\/div>\n\t\t<div class=\"elementor-element elementor-element-21d3019d e-flex e-con-boxed e-con e-parent\" data-id=\"21d3019d\" data-element_type=\"container\" data-e-type=\"container\">\n\t\t\t\t\t<div class=\"e-con-inner\">\n\t\t\t\t<div class=\"elementor-element elementor-element-52514672 elementor-invisible elementor-widget elementor-widget-text-editor\" data-id=\"52514672\" data-element_type=\"widget\" data-e-type=\"widget\" data-settings=\"{&quot;_animation&quot;:&quot;fadeIn&quot;}\" data-widget_type=\"text-editor.default\">\n\t\t\t\t<div class=\"elementor-widget-container\">\n\t\t\t\t\t\t\t\t\t<h3>\u00dcberschrift<\/h3><p style=\"padding-left: 40px;\">\u00a0<\/p><p>Text, ggfls. mit Bild (&#8222;Dateien einf\u00fcgen&#8220;)<\/p>\t\t\t\t\t\t\t\t<\/div>\n\t\t\t\t<\/div>\n\t\t\t\t\t<\/div>\n\t\t\t\t<\/div>\n\t\t<div class=\"elementor-element elementor-element-7a5e4e5 e-flex e-con-boxed e-con e-parent\" data-id=\"7a5e4e5\" data-element_type=\"container\" data-e-type=\"container\">\n\t\t\t\t\t<div class=\"e-con-inner\">\n\t\t\t\t<div class=\"elementor-element elementor-element-b6514b1 elementor-widget elementor-widget-spacer\" data-id=\"b6514b1\" data-element_type=\"widget\" data-e-type=\"widget\" data-widget_type=\"spacer.default\">\n\t\t\t\t<div class=\"elementor-widget-container\">\n\t\t\t\t\t\t\t<div class=\"elementor-spacer\">\n\t\t\t<div class=\"elementor-spacer-inner\"><\/div>\n\t\t<\/div>\n\t\t\t\t\t\t<\/div>\n\t\t\t\t<\/div>\n\t\t\t\t\t<\/div>\n\t\t\t\t<\/div>\n\t\t\t\t<\/div>\n\t\t","protected":false},"excerpt":{"rendered":"<p>30.12.2024 &#8211; Kolpingfamilie unterst\u00fctzt Nachbarschaftshilfe Spende an Verein B\u00fcrger f\u00fcr B\u00fcrger im Aitrachtal \u201eEine aktive Arbeit zum Wohle der Senioren und die Unterst\u00fctzung alter und pflegebed\u00fcrftiger Mitb\u00fcrger, daf\u00fcr steht auch die Kolpingfamilie in der Pfarrgemeinde. Nachdem der Verein B\u00fcrger f\u00fcr B\u00fcrger in der Gemeinde Mengkofen f\u00fcr diese Dienste wertvolle engagierte Arbeit leistet, ist es auch [&hellip;]<\/p>\n","protected":false},"author":1,"featured_media":0,"parent":0,"menu_order":0,"comment_status":"closed","ping_status":"closed","template":"","meta":{"site-sidebar-layout":"no-sidebar","site-content-layout":"","ast-site-content-layout":"full-width-container","site-content-style":"default","site-sidebar-style":"default","ast-global-header-display":"","ast-banner-title-visibility":"","ast-main-header-display":"","ast-hfb-above-header-display":"","ast-hfb-below-header-display":"","ast-hfb-mobile-header-display":"","site-post-title":"disabled","ast-breadcrumbs-content":"","ast-featured-img":"disabled","footer-sml-layout":"","ast-disable-related-posts":"","theme-transparent-header-meta":"","adv-header-id-meta":"","stick-header-meta":"","header-above-stick-meta":"","header-main-stick-meta":"","header-below-stick-meta":"","astra-migrate-meta-layouts":"default","ast-page-background-enabled":"default","ast-page-background-meta":{"desktop":{"background-color":"var(--ast-global-color-4)","background-image":"","background-repeat":"repeat","background-position":"center center","background-size":"auto","background-attachment":"scroll","background-type":"","background-media":"","overlay-type":"","overlay-color":"","overlay-opacity":"","overlay-gradient":""},"tablet":{"background-color":"","background-image":"","background-repeat":"repeat","background-position":"center center","background-size":"auto","background-attachment":"scroll","background-type":"","background-media":"","overlay-type":"","overlay-color":"","overlay-opacity":"","overlay-gradient":""},"mobile":{"background-color":"","background-image":"","background-repeat":"repeat","background-position":"center center","background-size":"auto","background-attachment":"scroll","background-type":"","background-media":"","overlay-type":"","overlay-color":"","overlay-opacity":"","overlay-gradient":""}},"ast-content-background-meta":{"desktop":{"background-color":"var(--ast-global-color-5)","background-image":"","background-repeat":"repeat","background-position":"center center","background-size":"auto","background-attachment":"scroll","background-type":"","background-media":"","overlay-type":"","overlay-color":"","overlay-opacity":"","overlay-gradient":""},"tablet":{"background-color":"var(--ast-global-color-5)","background-image":"","background-repeat":"repeat","background-position":"center center","background-size":"auto","background-attachment":"scroll","background-type":"","background-media":"","overlay-type":"","overlay-color":"","overlay-opacity":"","overlay-gradient":""},"mobile":{"background-color":"var(--ast-global-color-5)","background-image":"","background-repeat":"repeat","background-position":"center center","background-size":"auto","background-attachment":"scroll","background-type":"","background-media":"","overlay-type":"","overlay-color":"","overlay-opacity":"","overlay-gradient":""}},"footnotes":""},"class_list":["post-567","page","type-page","status-publish","hentry"],"aioseo_notices":[],"jetpack_sharing_enabled":true,"_links":{"self":[{"href":"https:\/\/buerger-mengkofen.de\/index.php\/wp-json\/wp\/v2\/pages\/567","targetHints":{"allow":["GET"]}}],"collection":[{"href":"https:\/\/buerger-mengkofen.de\/index.php\/wp-json\/wp\/v2\/pages"}],"about":[{"href":"https:\/\/buerger-mengkofen.de\/index.php\/wp-json\/wp\/v2\/types\/page"}],"author":[{"embeddable":true,"href":"https:\/\/buerger-mengkofen.de\/index.php\/wp-json\/wp\/v2\/users\/1"}],"replies":[{"embeddable":true,"href":"https:\/\/buerger-mengkofen.de\/index.php\/wp-json\/wp\/v2\/comments?post=567"}],"version-history":[{"count":404,"href":"https:\/\/buerger-mengkofen.de\/index.php\/wp-json\/wp\/v2\/pages\/567\/revisions"}],"predecessor-version":[{"id":4175,"href":"https:\/\/buerger-mengkofen.de\/index.php\/wp-json\/wp\/v2\/pages\/567\/revisions\/4175"}],"wp:attachment":[{"href":"https:\/\/buerger-mengkofen.de\/index.php\/wp-json\/wp\/v2\/media?parent=567"}],"curies":[{"name":"wp","href":"https:\/\/api.w.org\/{rel}","templated":true}]}}